{"id":995,"date":"2019-05-14T15:14:47","date_gmt":"2019-05-14T13:14:47","guid":{"rendered":"http:\/\/www.evangelisch-in-jerusalem.org\/?page_id=995"},"modified":"2025-12-17T00:36:25","modified_gmt":"2025-12-16T22:36:25","slug":"news","status":"publish","type":"page","link":"https:\/\/www.evangelisch-in-jerusalem.org\/en\/news\/","title":{"rendered":"News"},"content":{"rendered":"\t\t<div data-elementor-type=\"wp-post\" data-elementor-id=\"995\" class=\"elementor elementor-995\" data-elementor-post-type=\"page\">\n\t\t\t\t\t\t<section class=\"elementor-section elementor-top-section elementor-element elementor-element-3ba98f7e elementor-section-boxed elementor-section-height-default elementor-section-height-default\" data-id=\"3ba98f7e\" data-element_type=\"section\" data-e-type=\"section\" data-settings=\"{&quot;background_background&quot;:&quot;classic&quot;,&quot;sticky&quot;:&quot;top&quot;,&quot;sticky_on&quot;:[&quot;desktop&quot;,&quot;tablet&quot;,&quot;mobile&quot;],&quot;sticky_offset&quot;:0,&quot;sticky_effects_offset&quot;:0,&quot;sticky_anchor_link_offset&quot;:0}\">\n\t\t\t\t\t\t<div class=\"elementor-container elementor-column-gap-default\">\n\t\t\t\t\t<div class=\"elementor-column elementor-col-33 elementor-top-column elementor-element elementor-element-2f0ef9a2\" data-id=\"2f0ef9a2\" data-element_type=\"column\" data-e-type=\"column\">\n\t\t\t<div class=\"elementor-widget-wrap elementor-element-populated\">\n\t\t\t\t\t\t<div class=\"elementor-element elementor-element-24c027c3 elementor-icon-list--layout-inline elementor-mobile-align-center elementor-hidden-phone elementor-align-start elementor-list-item-link-full_width elementor-widget elementor-widget-icon-list\" data-id=\"24c027c3\" data-element_type=\"widget\" data-e-type=\"widget\" data-widget_type=\"icon-list.default\">\n\t\t\t\t<div class=\"elementor-widget-container\">\n\t\t\t\t\t\t\t<ul class=\"elementor-icon-list-items elementor-inline-items\">\n\t\t\t\t\t\t\t<li class=\"elementor-icon-list-item elementor-inline-item\">\n\t\t\t\t\t\t\t\t\t\t\t<span class=\"elementor-icon-list-icon\">\n\t\t\t\t\t\t\t<i aria-hidden=\"true\" class=\"fas fa-phone\"><\/i>\t\t\t\t\t\t<\/span>\n\t\t\t\t\t\t\t\t\t\t<span class=\"elementor-icon-list-text\">00972-(0)2-626 68 00<\/span>\n\t\t\t\t\t\t\t\t\t<\/li>\n\t\t\t\t\t\t\t\t<li class=\"elementor-icon-list-item elementor-inline-item\">\n\t\t\t\t\t\t\t\t\t\t\t<a href=\"mailto:propstei@evajerusalem.org\" target=\"_blank\">\n\n\t\t\t\t\t\t\t\t\t\t\t\t<span class=\"elementor-icon-list-icon\">\n\t\t\t\t\t\t\t<i aria-hidden=\"true\" class=\"far fa-envelope\"><\/i>\t\t\t\t\t\t<\/span>\n\t\t\t\t\t\t\t\t\t\t<span class=\"elementor-icon-list-text\">propstei@evajerusalem.org<\/span>\n\t\t\t\t\t\t\t\t\t\t\t<\/a>\n\t\t\t\t\t\t\t\t\t<\/li>\n\t\t\t\t\t\t<\/ul>\n\t\t\t\t\t\t<\/div>\n\t\t\t\t<\/div>\n\t\t\t\t\t<\/div>\n\t\t<\/div>\n\t\t\t\t<div class=\"elementor-column elementor-col-33 elementor-top-column elementor-element elementor-element-4619d2be\" data-id=\"4619d2be\" data-element_type=\"column\" data-e-type=\"column\">\n\t\t\t<div class=\"elementor-widget-wrap elementor-element-populated\">\n\t\t\t\t\t\t<div class=\"elementor-element elementor-element-1dae9856 elementor-button-info elementor-align-center elementor-widget elementor-widget-button\" data-id=\"1dae9856\" data-element_type=\"widget\" data-e-type=\"widget\" data-widget_type=\"button.default\">\n\t\t\t\t<div class=\"elementor-widget-container\">\n\t\t\t\t\t\t\t\t\t<div class=\"elementor-button-wrapper\">\n\t\t\t\t\t<a class=\"elementor-button elementor-button-link elementor-size-xs\" href=\"http:\/\/www.evangelisch-in-jerusalem.org\/spenden\/\" target=\"_blank\">\n\t\t\t\t\t\t<span class=\"elementor-button-content-wrapper\">\n\t\t\t\t\t\t\t\t\t<span class=\"elementor-button-text\">Unterst\u00fctzen Sie uns  mit einer Spende!<\/span>\n\t\t\t\t\t<\/span>\n\t\t\t\t\t<\/a>\n\t\t\t\t<\/div>\n\t\t\t\t\t\t\t\t<\/div>\n\t\t\t\t<\/div>\n\t\t\t\t\t<\/div>\n\t\t<\/div>\n\t\t\t\t<div class=\"elementor-column elementor-col-33 elementor-top-column elementor-element elementor-element-7b92dcf\" data-id=\"7b92dcf\" data-element_type=\"column\" data-e-type=\"column\">\n\t\t\t<div class=\"elementor-widget-wrap elementor-element-populated\">\n\t\t\t\t\t\t<section class=\"elementor-section elementor-inner-section elementor-element elementor-element-37148344 elementor-section-boxed elementor-section-height-default elementor-section-height-default\" data-id=\"37148344\" data-element_type=\"section\" data-e-type=\"section\">\n\t\t\t\t\t\t<div class=\"elementor-container elementor-column-gap-default\">\n\t\t\t\t\t<div class=\"elementor-column elementor-col-50 elementor-inner-column elementor-element elementor-element-57617a19\" data-id=\"57617a19\" data-element_type=\"column\" data-e-type=\"column\">\n\t\t\t<div class=\"elementor-widget-wrap elementor-element-populated\">\n\t\t\t\t\t\t<div class=\"elementor-element elementor-element-54362f67 elementor-align-start elementor-icon-list--layout-traditional elementor-list-item-link-full_width elementor-widget elementor-widget-icon-list\" data-id=\"54362f67\" data-element_type=\"widget\" data-e-type=\"widget\" data-widget_type=\"icon-list.default\">\n\t\t\t\t<div class=\"elementor-widget-container\">\n\t\t\t\t\t\t\t<ul class=\"elementor-icon-list-items\">\n\t\t\t\t\t\t\t<li class=\"elementor-icon-list-item\">\n\t\t\t\t\t\t\t\t\t\t\t<a href=\"https:\/\/www.facebook.com\/erloeserkirche.jerusalem\/\" target=\"_blank\">\n\n\t\t\t\t\t\t\t\t\t\t\t\t<span class=\"elementor-icon-list-icon\">\n\t\t\t\t\t\t\t<i aria-hidden=\"true\" class=\"fab fa-facebook\"><\/i>\t\t\t\t\t\t<\/span>\n\t\t\t\t\t\t\t\t\t\t<span class=\"elementor-icon-list-text\">Hier sind wir auf Facebook.<\/span>\n\t\t\t\t\t\t\t\t\t\t\t<\/a>\n\t\t\t\t\t\t\t\t\t<\/li>\n\t\t\t\t\t\t<\/ul>\n\t\t\t\t\t\t<\/div>\n\t\t\t\t<\/div>\n\t\t\t\t\t<\/div>\n\t\t<\/div>\n\t\t\t\t<div class=\"elementor-column elementor-col-50 elementor-inner-column elementor-element elementor-element-69e3ea5b\" data-id=\"69e3ea5b\" data-element_type=\"column\" data-e-type=\"column\">\n\t\t\t<div class=\"elementor-widget-wrap\">\n\t\t\t\t\t\t\t<\/div>\n\t\t<\/div>\n\t\t\t\t\t<\/div>\n\t\t<\/section>\n\t\t\t\t\t<\/div>\n\t\t<\/div>\n\t\t\t\t\t<\/div>\n\t\t<\/section>\n\t\t\t\t<section class=\"elementor-section elementor-top-section elementor-element elementor-element-78e3935f elementor-section-full_width elementor-section-height-default elementor-section-height-default\" data-id=\"78e3935f\" data-element_type=\"section\" data-e-type=\"section\" data-settings=\"{&quot;background_background&quot;:&quot;classic&quot;}\">\n\t\t\t\t\t\t<div class=\"elementor-container elementor-column-gap-default\">\n\t\t\t\t\t<div class=\"elementor-column elementor-col-100 elementor-top-column elementor-element elementor-element-52126eb0\" data-id=\"52126eb0\" data-element_type=\"column\" data-e-type=\"column\">\n\t\t\t<div class=\"elementor-widget-wrap elementor-element-populated\">\n\t\t\t\t\t\t<div class=\"elementor-element elementor-element-701a3c31 elementor-widget elementor-widget-image\" data-id=\"701a3c31\" data-element_type=\"widget\" data-e-type=\"widget\" data-widget_type=\"image.default\">\n\t\t\t\t<div class=\"elementor-widget-container\">\n\t\t\t\t\t\t\t\t\t\t\t\t\t\t\t\t<a href=\"https:\/\/www.evangelisch-in-jerusalem.org\/en\">\n\t\t\t\t\t\t\t<img decoding=\"async\" width=\"500\" height=\"82\" src=\"https:\/\/www.evangelisch-in-jerusalem.org\/wp-content\/uploads\/2019\/03\/EIJ_Logo_500-px.png\" class=\"attachment-full size-full wp-image-90\" alt=\"\" srcset=\"https:\/\/www.evangelisch-in-jerusalem.org\/wp-content\/uploads\/2019\/03\/EIJ_Logo_500-px.png 500w, https:\/\/www.evangelisch-in-jerusalem.org\/wp-content\/uploads\/2019\/03\/EIJ_Logo_500-px-300x49.png 300w\" sizes=\"(max-width: 34.9rem) calc(100vw - 2rem), (max-width: 53rem) calc(8 * (100vw \/ 12)), (min-width: 53rem) calc(6 * (100vw \/ 12)), 100vw\" \/>\t\t\t\t\t\t\t\t<\/a>\n\t\t\t\t\t\t\t\t\t\t\t\t\t\t\t<\/div>\n\t\t\t\t<\/div>\n\t\t\t\t<div class=\"elementor-element elementor-element-434c22ee elementor-nav-menu__align-center elementor-nav-menu--dropdown-tablet elementor-nav-menu__text-align-aside elementor-nav-menu--toggle elementor-nav-menu--burger elementor-widget elementor-widget-nav-menu\" data-id=\"434c22ee\" data-element_type=\"widget\" data-e-type=\"widget\" data-settings=\"{&quot;layout&quot;:&quot;horizontal&quot;,&quot;submenu_icon&quot;:{&quot;value&quot;:&quot;&lt;i class=\\&quot;fas fa-caret-down\\&quot; aria-hidden=\\&quot;true\\&quot;&gt;&lt;\\\/i&gt;&quot;,&quot;library&quot;:&quot;fa-solid&quot;},&quot;toggle&quot;:&quot;burger&quot;}\" data-widget_type=\"nav-menu.default\">\n\t\t\t\t<div class=\"elementor-widget-container\">\n\t\t\t\t\t\t\t\t<nav aria-label=\"Men\u00fc\" class=\"elementor-nav-menu--main elementor-nav-menu__container elementor-nav-menu--layout-horizontal e--pointer-none\">\n\t\t\t\t<ul id=\"menu-1-434c22ee\" class=\"elementor-nav-menu\"><li class=\"menu-item menu-item-type-custom menu-item-object-custom menu-item-has-children menu-item-308\"><a href=\"#\" class=\"elementor-item elementor-item-anchor\">Geschichte erleben<\/a>\n<ul class=\"sub-menu elementor-nav-menu--dropdown\">\n\t<li class=\"menu-item menu-item-type-post_type menu-item-object-page menu-item-306\"><a href=\"https:\/\/www.evangelisch-in-jerusalem.org\/en\/erloeserkirche\/\" class=\"elementor-sub-item\">Erl\u00f6serkirche<\/a><\/li>\n\t<li class=\"menu-item menu-item-type-post_type menu-item-object-page menu-item-382\"><a href=\"https:\/\/www.evangelisch-in-jerusalem.org\/en\/himmelfahrtkirche\/\" class=\"elementor-sub-item\">Himmelfahrtkirche<\/a><\/li>\n\t<li class=\"menu-item menu-item-type-post_type menu-item-object-page menu-item-1053\"><a href=\"https:\/\/www.evangelisch-in-jerusalem.org\/en\/archaeologie\/\" class=\"elementor-sub-item\">Arch\u00e4ologie<\/a><\/li>\n\t<li class=\"menu-item menu-item-type-post_type menu-item-object-page menu-item-1056\"><a href=\"https:\/\/www.evangelisch-in-jerusalem.org\/en\/zionsfriedhof-2\/\" class=\"elementor-sub-item\">Zionsfriedhof<\/a><\/li>\n\t<li class=\"menu-item menu-item-type-post_type menu-item-object-page menu-item-383\"><a href=\"https:\/\/www.evangelisch-in-jerusalem.org\/en\/historie\/\" class=\"elementor-sub-item\">Historie<\/a><\/li>\n<\/ul>\n<\/li>\n<li class=\"menu-item menu-item-type-custom menu-item-object-custom menu-item-has-children menu-item-309\"><a href=\"#\" class=\"elementor-item elementor-item-anchor\">Orientierung bekommen<\/a>\n<ul class=\"sub-menu elementor-nav-menu--dropdown\">\n\t<li class=\"menu-item menu-item-type-post_type menu-item-object-page menu-item-379\"><a href=\"https:\/\/www.evangelisch-in-jerusalem.org\/en\/gespraechsangebot\/\" class=\"elementor-sub-item\">Gespr\u00e4chsangebot<\/a><\/li>\n\t<li class=\"menu-item menu-item-type-post_type menu-item-object-page menu-item-380\"><a href=\"https:\/\/www.evangelisch-in-jerusalem.org\/en\/gruppenbesuche\/\" class=\"elementor-sub-item\">Gruppenbesuche<\/a><\/li>\n\t<li class=\"menu-item menu-item-type-post_type menu-item-object-page menu-item-1059\"><a href=\"https:\/\/www.evangelisch-in-jerusalem.org\/en\/studium-in-israel\/\" class=\"elementor-sub-item\">Studium in Israel<\/a><\/li>\n\t<li class=\"menu-item menu-item-type-post_type menu-item-object-page menu-item-375\"><a href=\"https:\/\/www.evangelisch-in-jerusalem.org\/en\/oekumene\/\" class=\"elementor-sub-item\">\u00d6kumene<\/a><\/li>\n\t<li class=\"menu-item menu-item-type-post_type menu-item-object-page menu-item-378\"><a href=\"https:\/\/www.evangelisch-in-jerusalem.org\/en\/gemeindebrief\/\" class=\"elementor-sub-item\">Gemeindebrief<\/a><\/li>\n<\/ul>\n<\/li>\n<li class=\"menu-item menu-item-type-custom menu-item-object-custom menu-item-has-children menu-item-310\"><a href=\"#\" class=\"elementor-item elementor-item-anchor\">Gemeinschaft erfahren<\/a>\n<ul class=\"sub-menu elementor-nav-menu--dropdown\">\n\t<li class=\"menu-item menu-item-type-post_type menu-item-object-page menu-item-385\"><a href=\"https:\/\/www.evangelisch-in-jerusalem.org\/en\/veranstaltungen-2\/\" class=\"elementor-sub-item\">Veranstaltungen<\/a><\/li>\n\t<li class=\"menu-item menu-item-type-post_type menu-item-object-page menu-item-373\"><a href=\"https:\/\/www.evangelisch-in-jerusalem.org\/en\/cafe-kreuzgang\/\" class=\"elementor-sub-item\">Caf\u00e9 Kreuzgang<\/a><\/li>\n\t<li class=\"menu-item menu-item-type-post_type menu-item-object-page menu-item-372\"><a href=\"https:\/\/www.evangelisch-in-jerusalem.org\/en\/cafe-auguste-victoria\/\" class=\"elementor-sub-item\">Caf\u00e9 Auguste Victoria<\/a><\/li>\n\t<li class=\"menu-item menu-item-type-post_type menu-item-object-page menu-item-1250\"><a href=\"https:\/\/www.evangelisch-in-jerusalem.org\/en\/lutheran-guesthouse\/\" class=\"elementor-sub-item\">G\u00e4stehaus des Propstes<\/a><\/li>\n\t<li class=\"menu-item menu-item-type-post_type menu-item-object-page menu-item-371\"><a href=\"https:\/\/www.evangelisch-in-jerusalem.org\/en\/gemeindemitgliedschaft\/\" class=\"elementor-sub-item\">Gemeindemitgliedschaft<\/a><\/li>\n\t<li class=\"menu-item menu-item-type-post_type menu-item-object-page menu-item-1469\"><a href=\"https:\/\/www.evangelisch-in-jerusalem.org\/en\/mitgliedschaft-im-freundeskreis\/\" class=\"elementor-sub-item\">Mitgliedschaft im Freundeskreis<\/a><\/li>\n\t<li class=\"menu-item menu-item-type-post_type menu-item-object-page menu-item-374\"><a href=\"https:\/\/www.evangelisch-in-jerusalem.org\/en\/volontariatsprogramm\/\" class=\"elementor-sub-item\">Volont\u00e4rsprogramm<\/a><\/li>\n<\/ul>\n<\/li>\n<li class=\"menu-item menu-item-type-custom menu-item-object-custom menu-item-has-children menu-item-311\"><a href=\"#\" class=\"elementor-item elementor-item-anchor\">Glauben leben<\/a>\n<ul class=\"sub-menu elementor-nav-menu--dropdown\">\n\t<li class=\"menu-item menu-item-type-post_type menu-item-object-page menu-item-12121\"><a href=\"https:\/\/www.evangelisch-in-jerusalem.org\/en\/amman\/\" class=\"elementor-sub-item\">Gemeinde in Amman<\/a><\/li>\n\t<li class=\"menu-item menu-item-type-post_type menu-item-object-page menu-item-370\"><a href=\"https:\/\/www.evangelisch-in-jerusalem.org\/en\/gottesdienste\/\" class=\"elementor-sub-item\">Gottesdienst feiern<\/a><\/li>\n\t<li class=\"menu-item menu-item-type-post_type menu-item-object-page menu-item-21112\"><a href=\"https:\/\/www.evangelisch-in-jerusalem.org\/en\/music\/\" class=\"elementor-sub-item\">Musik machen, Musik h\u00f6ren<\/a><\/li>\n\t<li class=\"menu-item menu-item-type-post_type menu-item-object-page menu-item-369\"><a href=\"https:\/\/www.evangelisch-in-jerusalem.org\/en\/taufe-konfirmation-trauung-trauerfeier\/\" class=\"elementor-sub-item\">Taufe &#8211; Konfirmation &#8211; Trauung &#8211; Trauerfeier<\/a><\/li>\n\t<li class=\"menu-item menu-item-type-post_type menu-item-object-page menu-item-367\"><a href=\"https:\/\/www.evangelisch-in-jerusalem.org\/en\/sozialarbeit\/\" class=\"elementor-sub-item\">Sozialarbeit<\/a><\/li>\n<\/ul>\n<\/li>\n<li class=\"menu-item menu-item-type-custom menu-item-object-custom menu-item-has-children menu-item-312\"><a href=\"#\" class=\"elementor-item elementor-item-anchor\">Evangelisch in Jerusalem<\/a>\n<ul class=\"sub-menu elementor-nav-menu--dropdown\">\n\t<li class=\"menu-item menu-item-type-post_type menu-item-object-page menu-item-366\"><a href=\"https:\/\/www.evangelisch-in-jerusalem.org\/en\/kontakt\/\" class=\"elementor-sub-item\">Kontakt<\/a><\/li>\n\t<li class=\"menu-item menu-item-type-post_type menu-item-object-page menu-item-364\"><a href=\"https:\/\/www.evangelisch-in-jerusalem.org\/en\/team-personen\/\" class=\"elementor-sub-item\">Team\/Personen<\/a><\/li>\n\t<li class=\"menu-item menu-item-type-post_type menu-item-object-page menu-item-363\"><a href=\"https:\/\/www.evangelisch-in-jerusalem.org\/en\/kirchengemeinderat\/\" class=\"elementor-sub-item\">Kirchengemeinderat<\/a><\/li>\n\t<li class=\"menu-item menu-item-type-post_type menu-item-object-page menu-item-365\"><a href=\"https:\/\/www.evangelisch-in-jerusalem.org\/en\/oeffnungszeiten\/\" class=\"elementor-sub-item\">\u00d6ffnungszeiten<\/a><\/li>\n\t<li class=\"menu-item menu-item-type-post_type menu-item-object-page menu-item-362\"><a href=\"https:\/\/www.evangelisch-in-jerusalem.org\/en\/dokumente-und-downloads\/\" class=\"elementor-sub-item\">Dokumente und Downloads<\/a><\/li>\n\t<li class=\"menu-item menu-item-type-post_type menu-item-object-page menu-item-999\"><a href=\"https:\/\/www.evangelisch-in-jerusalem.org\/en\/news\/\" class=\"elementor-sub-item\">News-Archiv<\/a><\/li>\n\t<li class=\"menu-item menu-item-type-post_type menu-item-object-page menu-item-361\"><a href=\"https:\/\/www.evangelisch-in-jerusalem.org\/en\/publikationen\/\" class=\"elementor-sub-item\">Publikationen<\/a><\/li>\n<\/ul>\n<\/li>\n<\/ul>\t\t\t<\/nav>\n\t\t\t\t\t<div class=\"elementor-menu-toggle\" role=\"button\" tabindex=\"0\" aria-label=\"Menu Toggle\" aria-expanded=\"false\">\n\t\t\t<i aria-hidden=\"true\" role=\"presentation\" class=\"elementor-menu-toggle__icon--open eicon-menu-bar\"><\/i><i aria-hidden=\"true\" role=\"presentation\" class=\"elementor-menu-toggle__icon--close eicon-close\"><\/i>\t\t<\/div>\n\t\t\t\t\t<nav class=\"elementor-nav-menu--dropdown elementor-nav-menu__container\" aria-hidden=\"true\">\n\t\t\t\t<ul id=\"menu-2-434c22ee\" class=\"elementor-nav-menu\"><li class=\"menu-item menu-item-type-custom menu-item-object-custom menu-item-has-children menu-item-308\"><a href=\"#\" class=\"elementor-item elementor-item-anchor\" tabindex=\"-1\">Geschichte erleben<\/a>\n<ul class=\"sub-menu elementor-nav-menu--dropdown\">\n\t<li class=\"menu-item menu-item-type-post_type menu-item-object-page menu-item-306\"><a href=\"https:\/\/www.evangelisch-in-jerusalem.org\/en\/erloeserkirche\/\" class=\"elementor-sub-item\" tabindex=\"-1\">Erl\u00f6serkirche<\/a><\/li>\n\t<li class=\"menu-item menu-item-type-post_type menu-item-object-page menu-item-382\"><a href=\"https:\/\/www.evangelisch-in-jerusalem.org\/en\/himmelfahrtkirche\/\" class=\"elementor-sub-item\" tabindex=\"-1\">Himmelfahrtkirche<\/a><\/li>\n\t<li class=\"menu-item menu-item-type-post_type menu-item-object-page menu-item-1053\"><a href=\"https:\/\/www.evangelisch-in-jerusalem.org\/en\/archaeologie\/\" class=\"elementor-sub-item\" tabindex=\"-1\">Arch\u00e4ologie<\/a><\/li>\n\t<li class=\"menu-item menu-item-type-post_type menu-item-object-page menu-item-1056\"><a href=\"https:\/\/www.evangelisch-in-jerusalem.org\/en\/zionsfriedhof-2\/\" class=\"elementor-sub-item\" tabindex=\"-1\">Zionsfriedhof<\/a><\/li>\n\t<li class=\"menu-item menu-item-type-post_type menu-item-object-page menu-item-383\"><a href=\"https:\/\/www.evangelisch-in-jerusalem.org\/en\/historie\/\" class=\"elementor-sub-item\" tabindex=\"-1\">Historie<\/a><\/li>\n<\/ul>\n<\/li>\n<li class=\"menu-item menu-item-type-custom menu-item-object-custom menu-item-has-children menu-item-309\"><a href=\"#\" class=\"elementor-item elementor-item-anchor\" tabindex=\"-1\">Orientierung bekommen<\/a>\n<ul class=\"sub-menu elementor-nav-menu--dropdown\">\n\t<li class=\"menu-item menu-item-type-post_type menu-item-object-page menu-item-379\"><a href=\"https:\/\/www.evangelisch-in-jerusalem.org\/en\/gespraechsangebot\/\" class=\"elementor-sub-item\" tabindex=\"-1\">Gespr\u00e4chsangebot<\/a><\/li>\n\t<li class=\"menu-item menu-item-type-post_type menu-item-object-page menu-item-380\"><a href=\"https:\/\/www.evangelisch-in-jerusalem.org\/en\/gruppenbesuche\/\" class=\"elementor-sub-item\" tabindex=\"-1\">Gruppenbesuche<\/a><\/li>\n\t<li class=\"menu-item menu-item-type-post_type menu-item-object-page menu-item-1059\"><a href=\"https:\/\/www.evangelisch-in-jerusalem.org\/en\/studium-in-israel\/\" class=\"elementor-sub-item\" tabindex=\"-1\">Studium in Israel<\/a><\/li>\n\t<li class=\"menu-item menu-item-type-post_type menu-item-object-page menu-item-375\"><a href=\"https:\/\/www.evangelisch-in-jerusalem.org\/en\/oekumene\/\" class=\"elementor-sub-item\" tabindex=\"-1\">\u00d6kumene<\/a><\/li>\n\t<li class=\"menu-item menu-item-type-post_type menu-item-object-page menu-item-378\"><a href=\"https:\/\/www.evangelisch-in-jerusalem.org\/en\/gemeindebrief\/\" class=\"elementor-sub-item\" tabindex=\"-1\">Gemeindebrief<\/a><\/li>\n<\/ul>\n<\/li>\n<li class=\"menu-item menu-item-type-custom menu-item-object-custom menu-item-has-children menu-item-310\"><a href=\"#\" class=\"elementor-item elementor-item-anchor\" tabindex=\"-1\">Gemeinschaft erfahren<\/a>\n<ul class=\"sub-menu elementor-nav-menu--dropdown\">\n\t<li class=\"menu-item menu-item-type-post_type menu-item-object-page menu-item-385\"><a href=\"https:\/\/www.evangelisch-in-jerusalem.org\/en\/veranstaltungen-2\/\" class=\"elementor-sub-item\" tabindex=\"-1\">Veranstaltungen<\/a><\/li>\n\t<li class=\"menu-item menu-item-type-post_type menu-item-object-page menu-item-373\"><a href=\"https:\/\/www.evangelisch-in-jerusalem.org\/en\/cafe-kreuzgang\/\" class=\"elementor-sub-item\" tabindex=\"-1\">Caf\u00e9 Kreuzgang<\/a><\/li>\n\t<li class=\"menu-item menu-item-type-post_type menu-item-object-page menu-item-372\"><a href=\"https:\/\/www.evangelisch-in-jerusalem.org\/en\/cafe-auguste-victoria\/\" class=\"elementor-sub-item\" tabindex=\"-1\">Caf\u00e9 Auguste Victoria<\/a><\/li>\n\t<li class=\"menu-item menu-item-type-post_type menu-item-object-page menu-item-1250\"><a href=\"https:\/\/www.evangelisch-in-jerusalem.org\/en\/lutheran-guesthouse\/\" class=\"elementor-sub-item\" tabindex=\"-1\">G\u00e4stehaus des Propstes<\/a><\/li>\n\t<li class=\"menu-item menu-item-type-post_type menu-item-object-page menu-item-371\"><a href=\"https:\/\/www.evangelisch-in-jerusalem.org\/en\/gemeindemitgliedschaft\/\" class=\"elementor-sub-item\" tabindex=\"-1\">Gemeindemitgliedschaft<\/a><\/li>\n\t<li class=\"menu-item menu-item-type-post_type menu-item-object-page menu-item-1469\"><a href=\"https:\/\/www.evangelisch-in-jerusalem.org\/en\/mitgliedschaft-im-freundeskreis\/\" class=\"elementor-sub-item\" tabindex=\"-1\">Mitgliedschaft im Freundeskreis<\/a><\/li>\n\t<li class=\"menu-item menu-item-type-post_type menu-item-object-page menu-item-374\"><a href=\"https:\/\/www.evangelisch-in-jerusalem.org\/en\/volontariatsprogramm\/\" class=\"elementor-sub-item\" tabindex=\"-1\">Volont\u00e4rsprogramm<\/a><\/li>\n<\/ul>\n<\/li>\n<li class=\"menu-item menu-item-type-custom menu-item-object-custom menu-item-has-children menu-item-311\"><a href=\"#\" class=\"elementor-item elementor-item-anchor\" tabindex=\"-1\">Glauben leben<\/a>\n<ul class=\"sub-menu elementor-nav-menu--dropdown\">\n\t<li class=\"menu-item menu-item-type-post_type menu-item-object-page menu-item-12121\"><a href=\"https:\/\/www.evangelisch-in-jerusalem.org\/en\/amman\/\" class=\"elementor-sub-item\" tabindex=\"-1\">Gemeinde in Amman<\/a><\/li>\n\t<li class=\"menu-item menu-item-type-post_type menu-item-object-page menu-item-370\"><a href=\"https:\/\/www.evangelisch-in-jerusalem.org\/en\/gottesdienste\/\" class=\"elementor-sub-item\" tabindex=\"-1\">Gottesdienst feiern<\/a><\/li>\n\t<li class=\"menu-item menu-item-type-post_type menu-item-object-page menu-item-21112\"><a href=\"https:\/\/www.evangelisch-in-jerusalem.org\/en\/music\/\" class=\"elementor-sub-item\" tabindex=\"-1\">Musik machen, Musik h\u00f6ren<\/a><\/li>\n\t<li class=\"menu-item menu-item-type-post_type menu-item-object-page menu-item-369\"><a href=\"https:\/\/www.evangelisch-in-jerusalem.org\/en\/taufe-konfirmation-trauung-trauerfeier\/\" class=\"elementor-sub-item\" tabindex=\"-1\">Taufe &#8211; Konfirmation &#8211; Trauung &#8211; Trauerfeier<\/a><\/li>\n\t<li class=\"menu-item menu-item-type-post_type menu-item-object-page menu-item-367\"><a href=\"https:\/\/www.evangelisch-in-jerusalem.org\/en\/sozialarbeit\/\" class=\"elementor-sub-item\" tabindex=\"-1\">Sozialarbeit<\/a><\/li>\n<\/ul>\n<\/li>\n<li class=\"menu-item menu-item-type-custom menu-item-object-custom menu-item-has-children menu-item-312\"><a href=\"#\" class=\"elementor-item elementor-item-anchor\" tabindex=\"-1\">Evangelisch in Jerusalem<\/a>\n<ul class=\"sub-menu elementor-nav-menu--dropdown\">\n\t<li class=\"menu-item menu-item-type-post_type menu-item-object-page menu-item-366\"><a href=\"https:\/\/www.evangelisch-in-jerusalem.org\/en\/kontakt\/\" class=\"elementor-sub-item\" tabindex=\"-1\">Kontakt<\/a><\/li>\n\t<li class=\"menu-item menu-item-type-post_type menu-item-object-page menu-item-364\"><a href=\"https:\/\/www.evangelisch-in-jerusalem.org\/en\/team-personen\/\" class=\"elementor-sub-item\" tabindex=\"-1\">Team\/Personen<\/a><\/li>\n\t<li class=\"menu-item menu-item-type-post_type menu-item-object-page menu-item-363\"><a href=\"https:\/\/www.evangelisch-in-jerusalem.org\/en\/kirchengemeinderat\/\" class=\"elementor-sub-item\" tabindex=\"-1\">Kirchengemeinderat<\/a><\/li>\n\t<li class=\"menu-item menu-item-type-post_type menu-item-object-page menu-item-365\"><a href=\"https:\/\/www.evangelisch-in-jerusalem.org\/en\/oeffnungszeiten\/\" class=\"elementor-sub-item\" tabindex=\"-1\">\u00d6ffnungszeiten<\/a><\/li>\n\t<li class=\"menu-item menu-item-type-post_type menu-item-object-page menu-item-362\"><a href=\"https:\/\/www.evangelisch-in-jerusalem.org\/en\/dokumente-und-downloads\/\" class=\"elementor-sub-item\" tabindex=\"-1\">Dokumente und Downloads<\/a><\/li>\n\t<li class=\"menu-item menu-item-type-post_type menu-item-object-page menu-item-999\"><a href=\"https:\/\/www.evangelisch-in-jerusalem.org\/en\/news\/\" class=\"elementor-sub-item\" tabindex=\"-1\">News-Archiv<\/a><\/li>\n\t<li class=\"menu-item menu-item-type-post_type menu-item-object-page menu-item-361\"><a href=\"https:\/\/www.evangelisch-in-jerusalem.org\/en\/publikationen\/\" class=\"elementor-sub-item\" tabindex=\"-1\">Publikationen<\/a><\/li>\n<\/ul>\n<\/li>\n<\/ul>\t\t\t<\/nav>\n\t\t\t\t\t\t<\/div>\n\t\t\t\t<\/div>\n\t\t\t\t\t<\/div>\n\t\t<\/div>\n\t\t\t\t\t<\/div>\n\t\t<\/section>\n\t\t\t\t<section class=\"elementor-section elementor-top-section elementor-element elementor-element-931548e elementor-section-full_width elementor-section-height-min-height elementor-section-height-default elementor-section-items-middle\" data-id=\"931548e\" data-element_type=\"section\" data-e-type=\"section\" data-settings=\"{&quot;background_background&quot;:&quot;classic&quot;}\">\n\t\t\t\t\t\t<div class=\"elementor-container elementor-column-gap-default\">\n\t\t\t\t\t<div class=\"elementor-column elementor-col-100 elementor-top-column elementor-element elementor-element-9f2b938\" data-id=\"9f2b938\" data-element_type=\"column\" data-e-type=\"column\">\n\t\t\t<div class=\"elementor-widget-wrap\">\n\t\t\t\t\t\t\t<\/div>\n\t\t<\/div>\n\t\t\t\t\t<\/div>\n\t\t<\/section>\n\t\t\t\t<section class=\"elementor-section elementor-top-section elementor-element elementor-element-bae29db elementor-section-boxed elementor-section-height-default elementor-section-height-default\" data-id=\"bae29db\" data-element_type=\"section\" data-e-type=\"section\">\n\t\t\t\t\t\t<div class=\"elementor-container elementor-column-gap-default\">\n\t\t\t\t\t<div class=\"elementor-column elementor-col-100 elementor-top-column elementor-element elementor-element-cb849a7\" data-id=\"cb849a7\" data-element_type=\"column\" data-e-type=\"column\">\n\t\t\t<div class=\"elementor-widget-wrap elementor-element-populated\">\n\t\t\t\t\t\t<div class=\"elementor-element elementor-element-b4a338a elementor-view-default elementor-widget elementor-widget-icon\" data-id=\"b4a338a\" data-element_type=\"widget\" data-e-type=\"widget\" data-widget_type=\"icon.default\">\n\t\t\t\t<div class=\"elementor-widget-container\">\n\t\t\t\t\t\t\t<div class=\"elementor-icon-wrapper\">\n\t\t\t<div class=\"elementor-icon\">\n\t\t\t\t\t\t\t<i class=\"fa fa-newspaper-o\" aria-hidden=\"true\"><\/i>\n\t\t\t\t\t\t<\/div>\n\t\t<\/div>\n\t\t\t\t\t\t<\/div>\n\t\t\t\t<\/div>\n\t\t\t\t<div class=\"elementor-element elementor-element-28383d2 elementor-widget elementor-widget-text-editor\" data-id=\"28383d2\" data-element_type=\"widget\" data-e-type=\"widget\" data-widget_type=\"text-editor.default\">\n\t\t\t\t<div class=\"elementor-widget-container\">\n\t\t\t\t\t\t\t\t\t<p>News<\/p>\t\t\t\t\t\t\t\t<\/div>\n\t\t\t\t<\/div>\n\t\t\t\t\t<\/div>\n\t\t<\/div>\n\t\t\t\t\t<\/div>\n\t\t<\/section>\n\t\t\t\t<section class=\"elementor-section elementor-top-section elementor-element elementor-element-ebd856e elementor-section-boxed elementor-section-height-default elementor-section-height-default\" data-id=\"ebd856e\" data-element_type=\"section\" data-e-type=\"section\">\n\t\t\t\t\t\t<div class=\"elementor-container elementor-column-gap-default\">\n\t\t\t\t\t<div class=\"elementor-column elementor-col-66 elementor-top-column elementor-element elementor-element-09b00d8\" data-id=\"09b00d8\" data-element_type=\"column\" data-e-type=\"column\">\n\t\t\t<div class=\"elementor-widget-wrap elementor-element-populated\">\n\t\t\t\t\t\t<div class=\"elementor-element elementor-element-405eb14 elementor-grid-3 elementor-grid-tablet-2 elementor-grid-mobile-1 elementor-posts--thumbnail-top elementor-card-shadow-yes elementor-posts__hover-gradient elementor-widget elementor-widget-posts\" data-id=\"405eb14\" data-element_type=\"widget\" data-e-type=\"widget\" data-settings=\"{&quot;pagination_type&quot;:&quot;numbers&quot;,&quot;cards_columns&quot;:&quot;3&quot;,&quot;cards_columns_tablet&quot;:&quot;2&quot;,&quot;cards_columns_mobile&quot;:&quot;1&quot;,&quot;cards_row_gap&quot;:{&quot;unit&quot;:&quot;px&quot;,&quot;size&quot;:35,&quot;sizes&quot;:[]},&quot;cards_row_gap_tablet&quot;:{&quot;unit&quot;:&quot;px&quot;,&quot;size&quot;:&quot;&quot;,&quot;sizes&quot;:[]},&quot;cards_row_gap_mobile&quot;:{&quot;unit&quot;:&quot;px&quot;,&quot;size&quot;:&quot;&quot;,&quot;sizes&quot;:[]}}\" data-widget_type=\"posts.cards\">\n\t\t\t\t<div class=\"elementor-widget-container\">\n\t\t\t\t\t\t\t<div class=\"elementor-posts-container elementor-posts elementor-posts--skin-cards elementor-grid\" role=\"list\">\n\t\t\t\t<article class=\"elementor-post elementor-grid-item post-22958 post type-post status-publish format-standard has-post-thumbnail hentry category-allgemein tag-abendmahlsgottesdienst tag-altstadt tag-andacht tag-erloeserkirche tag-gemeindeabend tag-gottesdienst tag-himmelfahrtkirche tag-jerusalem tag-konzert tag-newsletter tag-stummfilm entry\" role=\"listitem\">\n\t\t\t<div class=\"elementor-post__card\">\n\t\t\t\t<a class=\"elementor-post__thumbnail__link\" href=\"https:\/\/www.evangelisch-in-jerusalem.org\/en\/2026\/04\/30\/unsere-veranstaltungen-im-mai-2\/\" tabindex=\"-1\" ><div class=\"elementor-post__thumbnail\"><img fetchpriority=\"high\" decoding=\"async\" width=\"300\" height=\"169\" src=\"https:\/\/www.evangelisch-in-jerusalem.org\/wp-content\/uploads\/2026\/04\/Totale-Erloeserkirche-mit-Landschaft-300x169.jpg\" class=\"attachment-medium size-medium wp-image-22959\" alt=\"\" srcset=\"https:\/\/www.evangelisch-in-jerusalem.org\/wp-content\/uploads\/2026\/04\/Totale-Erloeserkirche-mit-Landschaft-300x169.jpg 300w, https:\/\/www.evangelisch-in-jerusalem.org\/wp-content\/uploads\/2026\/04\/Totale-Erloeserkirche-mit-Landschaft-1024x576.jpg 1024w, https:\/\/www.evangelisch-in-jerusalem.org\/wp-content\/uploads\/2026\/04\/Totale-Erloeserkirche-mit-Landschaft-768x432.jpg 768w, https:\/\/www.evangelisch-in-jerusalem.org\/wp-content\/uploads\/2026\/04\/Totale-Erloeserkirche-mit-Landschaft-1536x864.jpg 1536w, https:\/\/www.evangelisch-in-jerusalem.org\/wp-content\/uploads\/2026\/04\/Totale-Erloeserkirche-mit-Landschaft-2048x1152.jpg 2048w, https:\/\/www.evangelisch-in-jerusalem.org\/wp-content\/uploads\/2026\/04\/Totale-Erloeserkirche-mit-Landschaft-18x10.jpg 18w, https:\/\/www.evangelisch-in-jerusalem.org\/wp-content\/uploads\/2026\/04\/Totale-Erloeserkirche-mit-Landschaft-1568x882.jpg 1568w\" sizes=\"(max-width: 34.9rem) calc(100vw - 2rem), (max-width: 53rem) calc(8 * (100vw \/ 12)), (min-width: 53rem) calc(6 * (100vw \/ 12)), 100vw\" \/><\/div><\/a>\n\t\t\t\t<div class=\"elementor-post__text\">\n\t\t\t\t<h3 class=\"elementor-post__title\">\n\t\t\t<a href=\"https:\/\/www.evangelisch-in-jerusalem.org\/en\/2026\/04\/30\/unsere-veranstaltungen-im-mai-2\/\" >\n\t\t\t\tUnsere Veranstaltungen im Mai\t\t\t<\/a>\n\t\t<\/h3>\n\t\t\t\t<div class=\"elementor-post__excerpt\">\n\t\t\t<p>Sa, 02.05. \u00a0\u00a0\u00a0\u00a0\u00a0\u00a0\u00a0 19.00 Uhr (18.00 Uhr deutscher Zeit)Friedensgebet per ZoomEinwahllink direkt: https:\/\/is.gd\/y6mWZz\u00a0(oder Zoom-ID: 976 8331 9026, Code: 391044)Mit Kirchengemeinder\u00e4tin Diet Koster und Pfarrerin Ines<\/p>\n\t\t<\/div>\n\t\t\n\t\t<a class=\"elementor-post__read-more\" href=\"https:\/\/www.evangelisch-in-jerusalem.org\/en\/2026\/04\/30\/unsere-veranstaltungen-im-mai-2\/\" aria-label=\"Read more about Unsere Veranstaltungen im Mai\" tabindex=\"-1\" >\n\t\t\tWeiterlesen \u00bb\t\t<\/a>\n\n\t\t\t\t<\/div>\n\t\t\t\t<div class=\"elementor-post__meta-data\">\n\t\t\t\t\t<span class=\"elementor-post-author\">\n\t\t\tBilhan Rechtman\t\t<\/span>\n\t\t\t\t<span class=\"elementor-post-date\">\n\t\t\t30. April 2026\t\t<\/span>\n\t\t\t\t<\/div>\n\t\t\t\t\t<\/div>\n\t\t<\/article>\n\t\t\t\t<article class=\"elementor-post elementor-grid-item post-22693 post type-post status-publish format-standard has-post-thumbnail hentry category-allgemein-en category-allgemein category-amman-orte category-amman category-gemeinde category-gottesdienst category-jerusalem category-studium-in-israel category-topnachricht entry\" role=\"listitem\">\n\t\t\t<div class=\"elementor-post__card\">\n\t\t\t\t<a class=\"elementor-post__thumbnail__link\" href=\"https:\/\/www.evangelisch-in-jerusalem.org\/en\/2026\/03\/30\/karfreitag-und-ostern-gottesdienstfeiern-vor-ort\/\" tabindex=\"-1\" ><div class=\"elementor-post__thumbnail\"><img decoding=\"async\" width=\"300\" height=\"200\" src=\"https:\/\/www.evangelisch-in-jerusalem.org\/wp-content\/uploads\/2026\/03\/Karwoche_Ostern_Kachel-300x200.jpg\" class=\"attachment-medium size-medium wp-image-22696\" alt=\"\" srcset=\"https:\/\/www.evangelisch-in-jerusalem.org\/wp-content\/uploads\/2026\/03\/Karwoche_Ostern_Kachel-300x200.jpg 300w, https:\/\/www.evangelisch-in-jerusalem.org\/wp-content\/uploads\/2026\/03\/Karwoche_Ostern_Kachel-1024x683.jpg 1024w, https:\/\/www.evangelisch-in-jerusalem.org\/wp-content\/uploads\/2026\/03\/Karwoche_Ostern_Kachel-768x512.jpg 768w, https:\/\/www.evangelisch-in-jerusalem.org\/wp-content\/uploads\/2026\/03\/Karwoche_Ostern_Kachel-391x260.jpg 391w, https:\/\/www.evangelisch-in-jerusalem.org\/wp-content\/uploads\/2026\/03\/Karwoche_Ostern_Kachel-600x400.jpg 600w, https:\/\/www.evangelisch-in-jerusalem.org\/wp-content\/uploads\/2026\/03\/Karwoche_Ostern_Kachel-18x12.jpg 18w, https:\/\/www.evangelisch-in-jerusalem.org\/wp-content\/uploads\/2026\/03\/Karwoche_Ostern_Kachel.jpg 1536w\" sizes=\"(max-width: 34.9rem) calc(100vw - 2rem), (max-width: 53rem) calc(8 * (100vw \/ 12)), (min-width: 53rem) calc(6 * (100vw \/ 12)), 100vw\" \/><\/div><\/a>\n\t\t\t\t<div class=\"elementor-post__text\">\n\t\t\t\t<h3 class=\"elementor-post__title\">\n\t\t\t<a href=\"https:\/\/www.evangelisch-in-jerusalem.org\/en\/2026\/03\/30\/karfreitag-und-ostern-gottesdienstfeiern-vor-ort\/\" >\n\t\t\t\tKarfreitag und Ostern: Gottesdienstfeiern vor Ort in Jerusalem\t\t\t<\/a>\n\t\t<\/h3>\n\t\t\t\t<div class=\"elementor-post__excerpt\">\n\t\t\t<p>Wegen des Krieges sind Versammlungen (ausdr\u00fccklich auch Gottesdienste) in unseren Kirchen in der Altstadt und auf dem \u00d6lberg nicht gestattet. Die Sicherheit der Menschen kann<\/p>\n\t\t<\/div>\n\t\t\n\t\t<a class=\"elementor-post__read-more\" href=\"https:\/\/www.evangelisch-in-jerusalem.org\/en\/2026\/03\/30\/karfreitag-und-ostern-gottesdienstfeiern-vor-ort\/\" aria-label=\"Read more about Karfreitag und Ostern: Gottesdienstfeiern vor Ort in Jerusalem\" tabindex=\"-1\" >\n\t\t\tWeiterlesen \u00bb\t\t<\/a>\n\n\t\t\t\t<\/div>\n\t\t\t\t<div class=\"elementor-post__meta-data\">\n\t\t\t\t\t<span class=\"elementor-post-author\">\n\t\t\tJoachim Lenz\t\t<\/span>\n\t\t\t\t<span class=\"elementor-post-date\">\n\t\t\t30. March 2026\t\t<\/span>\n\t\t\t\t<\/div>\n\t\t\t\t\t<\/div>\n\t\t<\/article>\n\t\t\t\t<article class=\"elementor-post elementor-grid-item post-22659 post type-post status-publish format-standard has-post-thumbnail hentry category-allgemein category-allgemein-en category-oecumene category-topnachricht tag-diakonie tag-gewalt tag-hjunger tag-hunger tag-iran tag-israel entry\" role=\"listitem\">\n\t\t\t<div class=\"elementor-post__card\">\n\t\t\t\t<a class=\"elementor-post__thumbnail__link\" href=\"https:\/\/www.evangelisch-in-jerusalem.org\/en\/2026\/03\/24\/fuer-ein-ende-der-gewalt-im-nahen-osten-der-krieg-trifft-die-aermsten\/\" tabindex=\"-1\" ><div class=\"elementor-post__thumbnail\"><img loading=\"lazy\" decoding=\"async\" width=\"300\" height=\"200\" src=\"https:\/\/www.evangelisch-in-jerusalem.org\/wp-content\/uploads\/2025\/10\/AC3CB18A-252A-4304-929C-67DC88DD63B9-300x200.png\" class=\"attachment-medium size-medium wp-image-21080\" alt=\"\" srcset=\"https:\/\/www.evangelisch-in-jerusalem.org\/wp-content\/uploads\/2025\/10\/AC3CB18A-252A-4304-929C-67DC88DD63B9-300x200.png 300w, https:\/\/www.evangelisch-in-jerusalem.org\/wp-content\/uploads\/2025\/10\/AC3CB18A-252A-4304-929C-67DC88DD63B9-1024x683.png 1024w, https:\/\/www.evangelisch-in-jerusalem.org\/wp-content\/uploads\/2025\/10\/AC3CB18A-252A-4304-929C-67DC88DD63B9-768x512.png 768w, https:\/\/www.evangelisch-in-jerusalem.org\/wp-content\/uploads\/2025\/10\/AC3CB18A-252A-4304-929C-67DC88DD63B9-391x260.png 391w, https:\/\/www.evangelisch-in-jerusalem.org\/wp-content\/uploads\/2025\/10\/AC3CB18A-252A-4304-929C-67DC88DD63B9-600x400.png 600w, https:\/\/www.evangelisch-in-jerusalem.org\/wp-content\/uploads\/2025\/10\/AC3CB18A-252A-4304-929C-67DC88DD63B9-18x12.png 18w, https:\/\/www.evangelisch-in-jerusalem.org\/wp-content\/uploads\/2025\/10\/AC3CB18A-252A-4304-929C-67DC88DD63B9.png 1536w\" sizes=\"(max-width: 34.9rem) calc(100vw - 2rem), (max-width: 53rem) calc(8 * (100vw \/ 12)), (min-width: 53rem) calc(6 * (100vw \/ 12)), 100vw\" \/><\/div><\/a>\n\t\t\t\t<div class=\"elementor-post__text\">\n\t\t\t\t<h3 class=\"elementor-post__title\">\n\t\t\t<a href=\"https:\/\/www.evangelisch-in-jerusalem.org\/en\/2026\/03\/24\/fuer-ein-ende-der-gewalt-im-nahen-osten-der-krieg-trifft-die-aermsten\/\" >\n\t\t\t\tF\u00fcr ein Ende der Gewalt im Nahen Osten: Der Krieg trifft die \u00c4rmsten\t\t\t<\/a>\n\t\t<\/h3>\n\t\t\t\t<div class=\"elementor-post__excerpt\">\n\t\t\t<p>EKD, Brot f\u00fcr die Welt und Diakonie Katastrophenhilfe rufen zu humanit\u00e4rer Hilfe auf Hannover (24. M\u00e4rz 2026). Auf Initiative der Leitenden Geistlichen der Gliedkirchen der<\/p>\n\t\t<\/div>\n\t\t\n\t\t<a class=\"elementor-post__read-more\" href=\"https:\/\/www.evangelisch-in-jerusalem.org\/en\/2026\/03\/24\/fuer-ein-ende-der-gewalt-im-nahen-osten-der-krieg-trifft-die-aermsten\/\" aria-label=\"Read more about F\u00fcr ein Ende der Gewalt im Nahen Osten: Der Krieg trifft die \u00c4rmsten\" tabindex=\"-1\" >\n\t\t\tWeiterlesen \u00bb\t\t<\/a>\n\n\t\t\t\t<\/div>\n\t\t\t\t<div class=\"elementor-post__meta-data\">\n\t\t\t\t\t<span class=\"elementor-post-author\">\n\t\t\tJoachim Lenz\t\t<\/span>\n\t\t\t\t<span class=\"elementor-post-date\">\n\t\t\t24. March 2026\t\t<\/span>\n\t\t\t\t<\/div>\n\t\t\t\t\t<\/div>\n\t\t<\/article>\n\t\t\t\t<article class=\"elementor-post elementor-grid-item post-22641 post type-post status-publish format-standard has-post-thumbnail hentry category-allgemein category-allgemein-en category-erloeserkirche category-gemeinde category-himmelfahrtkirche category-person tag-jerusalemstiftung tag-olliver-zobel tag-propst tag-zobel entry\" role=\"listitem\">\n\t\t\t<div class=\"elementor-post__card\">\n\t\t\t\t<a class=\"elementor-post__thumbnail__link\" href=\"https:\/\/www.evangelisch-in-jerusalem.org\/en\/2026\/03\/23\/olliver-zobel-wird-neuer-propst-in-jerusalem\/\" tabindex=\"-1\" ><div class=\"elementor-post__thumbnail\"><img loading=\"lazy\" decoding=\"async\" width=\"300\" height=\"169\" src=\"https:\/\/www.evangelisch-in-jerusalem.org\/wp-content\/uploads\/2026\/03\/Zobel_Olliver_Essling_rdax_1890x1064s-300x169.jpg\" class=\"attachment-medium size-medium wp-image-22642\" alt=\"\" srcset=\"https:\/\/www.evangelisch-in-jerusalem.org\/wp-content\/uploads\/2026\/03\/Zobel_Olliver_Essling_rdax_1890x1064s-300x169.jpg 300w, https:\/\/www.evangelisch-in-jerusalem.org\/wp-content\/uploads\/2026\/03\/Zobel_Olliver_Essling_rdax_1890x1064s-1024x576.jpg 1024w, https:\/\/www.evangelisch-in-jerusalem.org\/wp-content\/uploads\/2026\/03\/Zobel_Olliver_Essling_rdax_1890x1064s-768x432.jpg 768w, https:\/\/www.evangelisch-in-jerusalem.org\/wp-content\/uploads\/2026\/03\/Zobel_Olliver_Essling_rdax_1890x1064s-1536x865.jpg 1536w, https:\/\/www.evangelisch-in-jerusalem.org\/wp-content\/uploads\/2026\/03\/Zobel_Olliver_Essling_rdax_1890x1064s-18x10.jpg 18w, https:\/\/www.evangelisch-in-jerusalem.org\/wp-content\/uploads\/2026\/03\/Zobel_Olliver_Essling_rdax_1890x1064s-1568x883.jpg 1568w, https:\/\/www.evangelisch-in-jerusalem.org\/wp-content\/uploads\/2026\/03\/Zobel_Olliver_Essling_rdax_1890x1064s.jpg 1890w\" sizes=\"(max-width: 34.9rem) calc(100vw - 2rem), (max-width: 53rem) calc(8 * (100vw \/ 12)), (min-width: 53rem) calc(6 * (100vw \/ 12)), 100vw\" \/><\/div><\/a>\n\t\t\t\t<div class=\"elementor-post__text\">\n\t\t\t\t<h3 class=\"elementor-post__title\">\n\t\t\t<a href=\"https:\/\/www.evangelisch-in-jerusalem.org\/en\/2026\/03\/23\/olliver-zobel-wird-neuer-propst-in-jerusalem\/\" >\n\t\t\t\tOlliver Zobel wird neuer Propst in Jerusalem\t\t\t<\/a>\n\t\t<\/h3>\n\t\t\t\t<div class=\"elementor-post__excerpt\">\n\t\t\t<p>Hannover (23. M\u00e4rz 2026). Dekan Olliver Zobel aus der Evangelischen Kirche in Hessen und Nassau wird neuer evangelischer Propst in Jerusalem. Der Rat der Evangelischen<\/p>\n\t\t<\/div>\n\t\t\n\t\t<a class=\"elementor-post__read-more\" href=\"https:\/\/www.evangelisch-in-jerusalem.org\/en\/2026\/03\/23\/olliver-zobel-wird-neuer-propst-in-jerusalem\/\" aria-label=\"Read more about Olliver Zobel wird neuer Propst in Jerusalem\" tabindex=\"-1\" >\n\t\t\tWeiterlesen \u00bb\t\t<\/a>\n\n\t\t\t\t<\/div>\n\t\t\t\t<div class=\"elementor-post__meta-data\">\n\t\t\t\t\t<span class=\"elementor-post-author\">\n\t\t\tJoachim Lenz\t\t<\/span>\n\t\t\t\t<span class=\"elementor-post-date\">\n\t\t\t23. March 2026\t\t<\/span>\n\t\t\t\t<\/div>\n\t\t\t\t\t<\/div>\n\t\t<\/article>\n\t\t\t\t<article class=\"elementor-post elementor-grid-item post-22594 post type-post status-publish format-standard has-post-thumbnail hentry category-allgemein category-allgemein-en category-gemeinde category-gemeindebrief category-publikation category-topnachricht entry\" role=\"listitem\">\n\t\t\t<div class=\"elementor-post__card\">\n\t\t\t\t<a class=\"elementor-post__thumbnail__link\" href=\"https:\/\/www.evangelisch-in-jerusalem.org\/en\/2026\/03\/11\/gemeindebrief-ist-da-und-kann-in-der-propstei-abgeholt-werden\/\" tabindex=\"-1\" ><div class=\"elementor-post__thumbnail\"><img loading=\"lazy\" decoding=\"async\" width=\"300\" height=\"200\" src=\"https:\/\/www.evangelisch-in-jerusalem.org\/wp-content\/uploads\/2026\/03\/GB2026_Titel-300x200.jpg\" class=\"attachment-medium size-medium wp-image-22595\" alt=\"\" srcset=\"https:\/\/www.evangelisch-in-jerusalem.org\/wp-content\/uploads\/2026\/03\/GB2026_Titel-300x200.jpg 300w, https:\/\/www.evangelisch-in-jerusalem.org\/wp-content\/uploads\/2026\/03\/GB2026_Titel-1024x683.jpg 1024w, https:\/\/www.evangelisch-in-jerusalem.org\/wp-content\/uploads\/2026\/03\/GB2026_Titel-768x512.jpg 768w, https:\/\/www.evangelisch-in-jerusalem.org\/wp-content\/uploads\/2026\/03\/GB2026_Titel-391x260.jpg 391w, https:\/\/www.evangelisch-in-jerusalem.org\/wp-content\/uploads\/2026\/03\/GB2026_Titel-600x400.jpg 600w, https:\/\/www.evangelisch-in-jerusalem.org\/wp-content\/uploads\/2026\/03\/GB2026_Titel-18x12.jpg 18w, https:\/\/www.evangelisch-in-jerusalem.org\/wp-content\/uploads\/2026\/03\/GB2026_Titel.jpg 1200w\" sizes=\"(max-width: 34.9rem) calc(100vw - 2rem), (max-width: 53rem) calc(8 * (100vw \/ 12)), (min-width: 53rem) calc(6 * (100vw \/ 12)), 100vw\" \/><\/div><\/a>\n\t\t\t\t<div class=\"elementor-post__text\">\n\t\t\t\t<h3 class=\"elementor-post__title\">\n\t\t\t<a href=\"https:\/\/www.evangelisch-in-jerusalem.org\/en\/2026\/03\/11\/gemeindebrief-ist-da-und-kann-in-der-propstei-abgeholt-werden\/\" >\n\t\t\t\tGemeindebrief ist da \u2013 und kann in der Propstei abgeholt werden\t\t\t<\/a>\n\t\t<\/h3>\n\t\t\t\t<div class=\"elementor-post__excerpt\">\n\t\t\t<p>Der Gemeindebrief \u201eJerusalem. Gemeindebrief \u2013 Stiftungsjournal\u201c 1\/2026 (M\u00e4rz bis Mai) ist von der Druckerei ausgeliefert worden und kann von Gemeindemitgliedern und Abonnenten in der Propstei<\/p>\n\t\t<\/div>\n\t\t\n\t\t<a class=\"elementor-post__read-more\" href=\"https:\/\/www.evangelisch-in-jerusalem.org\/en\/2026\/03\/11\/gemeindebrief-ist-da-und-kann-in-der-propstei-abgeholt-werden\/\" aria-label=\"Read more about Gemeindebrief ist da \u2013 und kann in der Propstei abgeholt werden\" tabindex=\"-1\" >\n\t\t\tWeiterlesen \u00bb\t\t<\/a>\n\n\t\t\t\t<\/div>\n\t\t\t\t<div class=\"elementor-post__meta-data\">\n\t\t\t\t\t<span class=\"elementor-post-author\">\n\t\t\tJoachim Lenz\t\t<\/span>\n\t\t\t\t<span class=\"elementor-post-date\">\n\t\t\t11. March 2026\t\t<\/span>\n\t\t\t\t<\/div>\n\t\t\t\t\t<\/div>\n\t\t<\/article>\n\t\t\t\t<article class=\"elementor-post elementor-grid-item post-22502 post type-post status-publish format-standard has-post-thumbnail hentry category-allgemein category-topnachricht entry\" role=\"listitem\">\n\t\t\t<div class=\"elementor-post__card\">\n\t\t\t\t<a class=\"elementor-post__thumbnail__link\" href=\"https:\/\/www.evangelisch-in-jerusalem.org\/en\/2026\/03\/07\/nur-in-der-kachel-derzeit-keine-veranstaltungen-vor-ort\/\" tabindex=\"-1\" ><div class=\"elementor-post__thumbnail\"><img loading=\"lazy\" decoding=\"async\" width=\"300\" height=\"200\" src=\"https:\/\/www.evangelisch-in-jerusalem.org\/wp-content\/uploads\/2026\/03\/E250AD3C-B32E-45DD-B17B-AF095630BC85-300x200.png\" class=\"attachment-medium size-medium wp-image-22505\" alt=\"\" srcset=\"https:\/\/www.evangelisch-in-jerusalem.org\/wp-content\/uploads\/2026\/03\/E250AD3C-B32E-45DD-B17B-AF095630BC85-300x200.png 300w, https:\/\/www.evangelisch-in-jerusalem.org\/wp-content\/uploads\/2026\/03\/E250AD3C-B32E-45DD-B17B-AF095630BC85-1024x683.png 1024w, https:\/\/www.evangelisch-in-jerusalem.org\/wp-content\/uploads\/2026\/03\/E250AD3C-B32E-45DD-B17B-AF095630BC85-768x512.png 768w, https:\/\/www.evangelisch-in-jerusalem.org\/wp-content\/uploads\/2026\/03\/E250AD3C-B32E-45DD-B17B-AF095630BC85-391x260.png 391w, https:\/\/www.evangelisch-in-jerusalem.org\/wp-content\/uploads\/2026\/03\/E250AD3C-B32E-45DD-B17B-AF095630BC85-600x400.png 600w, https:\/\/www.evangelisch-in-jerusalem.org\/wp-content\/uploads\/2026\/03\/E250AD3C-B32E-45DD-B17B-AF095630BC85-18x12.png 18w, https:\/\/www.evangelisch-in-jerusalem.org\/wp-content\/uploads\/2026\/03\/E250AD3C-B32E-45DD-B17B-AF095630BC85.png 1536w\" sizes=\"(max-width: 34.9rem) calc(100vw - 2rem), (max-width: 53rem) calc(8 * (100vw \/ 12)), (min-width: 53rem) calc(6 * (100vw \/ 12)), 100vw\" \/><\/div><\/a>\n\t\t\t\t<div class=\"elementor-post__text\">\n\t\t\t\t<h3 class=\"elementor-post__title\">\n\t\t\t<a href=\"https:\/\/www.evangelisch-in-jerusalem.org\/en\/2026\/03\/07\/nur-in-der-kachel-derzeit-keine-veranstaltungen-vor-ort\/\" >\n\t\t\t\tNur in der Kachel: derzeit sind keine Veranstaltungen vor Ort m\u00f6glich\t\t\t<\/a>\n\t\t<\/h3>\n\t\t\t\t<div class=\"elementor-post__excerpt\">\n\t\t\t<p>Wegen des Iran-Krieges fallen unsere Veranstaltungen vor Ort, also in der Erl\u00f6serkirche, der Himmelfahrtkirche oder der Propstei, vorerst aus \u2013 soweit wir sie nicht ins<\/p>\n\t\t<\/div>\n\t\t\n\t\t<a class=\"elementor-post__read-more\" href=\"https:\/\/www.evangelisch-in-jerusalem.org\/en\/2026\/03\/07\/nur-in-der-kachel-derzeit-keine-veranstaltungen-vor-ort\/\" aria-label=\"Read more about Nur in der Kachel: derzeit sind keine Veranstaltungen vor Ort m\u00f6glich\" tabindex=\"-1\" >\n\t\t\tWeiterlesen \u00bb\t\t<\/a>\n\n\t\t\t\t<\/div>\n\t\t\t\t<div class=\"elementor-post__meta-data\">\n\t\t\t\t\t<span class=\"elementor-post-author\">\n\t\t\tJoachim Lenz\t\t<\/span>\n\t\t\t\t<span class=\"elementor-post-date\">\n\t\t\t7. March 2026\t\t<\/span>\n\t\t\t\t<\/div>\n\t\t\t\t\t<\/div>\n\t\t<\/article>\n\t\t\t\t<article class=\"elementor-post elementor-grid-item post-22477 post type-post status-publish format-standard has-post-thumbnail hentry category-allgemein-en category-allgemein category-oecumene category-topnachricht tag-ekd tag-frieden tag-rat-der-ekd tag-stellungnahme entry\" role=\"listitem\">\n\t\t\t<div class=\"elementor-post__card\">\n\t\t\t\t<a class=\"elementor-post__thumbnail__link\" href=\"https:\/\/www.evangelisch-in-jerusalem.org\/en\/2026\/03\/04\/gewaltspirale-stiftet-keinen-frieden\/\" tabindex=\"-1\" ><div class=\"elementor-post__thumbnail\"><img loading=\"lazy\" decoding=\"async\" width=\"300\" height=\"200\" src=\"https:\/\/www.evangelisch-in-jerusalem.org\/wp-content\/uploads\/2026\/03\/Friedenstaube_ekd-300x200.png\" class=\"attachment-medium size-medium wp-image-22476\" alt=\"\" srcset=\"https:\/\/www.evangelisch-in-jerusalem.org\/wp-content\/uploads\/2026\/03\/Friedenstaube_ekd-300x200.png 300w, https:\/\/www.evangelisch-in-jerusalem.org\/wp-content\/uploads\/2026\/03\/Friedenstaube_ekd-1024x683.png 1024w, https:\/\/www.evangelisch-in-jerusalem.org\/wp-content\/uploads\/2026\/03\/Friedenstaube_ekd-768x512.png 768w, https:\/\/www.evangelisch-in-jerusalem.org\/wp-content\/uploads\/2026\/03\/Friedenstaube_ekd-391x260.png 391w, https:\/\/www.evangelisch-in-jerusalem.org\/wp-content\/uploads\/2026\/03\/Friedenstaube_ekd-600x400.png 600w, https:\/\/www.evangelisch-in-jerusalem.org\/wp-content\/uploads\/2026\/03\/Friedenstaube_ekd-18x12.png 18w, https:\/\/www.evangelisch-in-jerusalem.org\/wp-content\/uploads\/2026\/03\/Friedenstaube_ekd.png 1536w\" sizes=\"(max-width: 34.9rem) calc(100vw - 2rem), (max-width: 53rem) calc(8 * (100vw \/ 12)), (min-width: 53rem) calc(6 * (100vw \/ 12)), 100vw\" \/><\/div><\/a>\n\t\t\t\t<div class=\"elementor-post__text\">\n\t\t\t\t<h3 class=\"elementor-post__title\">\n\t\t\t<a href=\"https:\/\/www.evangelisch-in-jerusalem.org\/en\/2026\/03\/04\/gewaltspirale-stiftet-keinen-frieden\/\" >\n\t\t\t\tGewaltspirale stiftet keinen Frieden. EKD-Ratsvorsitzende, Bisch\u00f6fin Kirsten Fehrs, zum Irankrieg\t\t\t<\/a>\n\t\t<\/h3>\n\t\t\t\t<div class=\"elementor-post__excerpt\">\n\t\t\t<p>Die Ratsvorsitzende der Evangelischen Kirche in Deutschland,&nbsp;Kirsten Fehrs, hat infolge der milit\u00e4rischen Angriffe von Israel, dem Iran und den USA zu einer Deeskalation der Gewalt<\/p>\n\t\t<\/div>\n\t\t\n\t\t<a class=\"elementor-post__read-more\" href=\"https:\/\/www.evangelisch-in-jerusalem.org\/en\/2026\/03\/04\/gewaltspirale-stiftet-keinen-frieden\/\" aria-label=\"Read more about Gewaltspirale stiftet keinen Frieden. EKD-Ratsvorsitzende, Bisch\u00f6fin Kirsten Fehrs, zum Irankrieg\" tabindex=\"-1\" >\n\t\t\tWeiterlesen \u00bb\t\t<\/a>\n\n\t\t\t\t<\/div>\n\t\t\t\t<div class=\"elementor-post__meta-data\">\n\t\t\t\t\t<span class=\"elementor-post-author\">\n\t\t\tJoachim Lenz\t\t<\/span>\n\t\t\t\t<span class=\"elementor-post-date\">\n\t\t\t4. March 2026\t\t<\/span>\n\t\t\t\t<\/div>\n\t\t\t\t\t<\/div>\n\t\t<\/article>\n\t\t\t\t<article class=\"elementor-post elementor-grid-item post-22432 post type-post status-publish format-standard has-post-thumbnail hentry category-allgemein category-erloeserkirche category-gemeinde category-gottesdienst category-himmelfahrtkirche category-jerusalem category-konzert category-veranstaltung tag-altstadt tag-erloeserkirche tag-jerusalem tag-newsletter entry\" role=\"listitem\">\n\t\t\t<div class=\"elementor-post__card\">\n\t\t\t\t<a class=\"elementor-post__thumbnail__link\" href=\"https:\/\/www.evangelisch-in-jerusalem.org\/en\/2026\/02\/27\/unsere-veranstaltungen-im-maerz-2026\/\" tabindex=\"-1\" ><div class=\"elementor-post__thumbnail\"><img loading=\"lazy\" decoding=\"async\" width=\"300\" height=\"200\" src=\"https:\/\/www.evangelisch-in-jerusalem.org\/wp-content\/uploads\/2026\/02\/CE22D69F-CF0E-4626-9D75-6BF5CA70D3B9-300x200.png\" class=\"attachment-medium size-medium wp-image-22434\" alt=\"\" srcset=\"https:\/\/www.evangelisch-in-jerusalem.org\/wp-content\/uploads\/2026\/02\/CE22D69F-CF0E-4626-9D75-6BF5CA70D3B9-300x200.png 300w, https:\/\/www.evangelisch-in-jerusalem.org\/wp-content\/uploads\/2026\/02\/CE22D69F-CF0E-4626-9D75-6BF5CA70D3B9-1024x683.png 1024w, https:\/\/www.evangelisch-in-jerusalem.org\/wp-content\/uploads\/2026\/02\/CE22D69F-CF0E-4626-9D75-6BF5CA70D3B9-768x512.png 768w, https:\/\/www.evangelisch-in-jerusalem.org\/wp-content\/uploads\/2026\/02\/CE22D69F-CF0E-4626-9D75-6BF5CA70D3B9-391x260.png 391w, https:\/\/www.evangelisch-in-jerusalem.org\/wp-content\/uploads\/2026\/02\/CE22D69F-CF0E-4626-9D75-6BF5CA70D3B9-600x400.png 600w, https:\/\/www.evangelisch-in-jerusalem.org\/wp-content\/uploads\/2026\/02\/CE22D69F-CF0E-4626-9D75-6BF5CA70D3B9-18x12.png 18w, https:\/\/www.evangelisch-in-jerusalem.org\/wp-content\/uploads\/2026\/02\/CE22D69F-CF0E-4626-9D75-6BF5CA70D3B9.png 1536w\" sizes=\"(max-width: 34.9rem) calc(100vw - 2rem), (max-width: 53rem) calc(8 * (100vw \/ 12)), (min-width: 53rem) calc(6 * (100vw \/ 12)), 100vw\" \/><\/div><\/a>\n\t\t\t\t<div class=\"elementor-post__text\">\n\t\t\t\t<h3 class=\"elementor-post__title\">\n\t\t\t<a href=\"https:\/\/www.evangelisch-in-jerusalem.org\/en\/2026\/02\/27\/unsere-veranstaltungen-im-maerz-2026\/\" >\n\t\t\t\tUnsere Veranstaltungen im M\u00e4rz 2026\t\t\t<\/a>\n\t\t<\/h3>\n\t\t\t\t<div class=\"elementor-post__excerpt\">\n\t\t\t<p>Unsere Veranstaltungen im M\u00e4rz 2026 Wegen des Krieges m\u00fcssen unsere Veranstaltungen vor Ort ausfallen.\u00a0Erl\u00f6serkirche und Himmelfahrtkirche sind geschlossen, ebenso die Gemeindeb\u00fcros.\u00a0Unsere Zoom-Friedensandacht am Samstag findet<\/p>\n\t\t<\/div>\n\t\t\n\t\t<a class=\"elementor-post__read-more\" href=\"https:\/\/www.evangelisch-in-jerusalem.org\/en\/2026\/02\/27\/unsere-veranstaltungen-im-maerz-2026\/\" aria-label=\"Read more about Unsere Veranstaltungen im M\u00e4rz 2026\" tabindex=\"-1\" >\n\t\t\tWeiterlesen \u00bb\t\t<\/a>\n\n\t\t\t\t<\/div>\n\t\t\t\t<div class=\"elementor-post__meta-data\">\n\t\t\t\t\t<span class=\"elementor-post-author\">\n\t\t\tBilhan Rechtman\t\t<\/span>\n\t\t\t\t<span class=\"elementor-post-date\">\n\t\t\t27. February 2026\t\t<\/span>\n\t\t\t\t<\/div>\n\t\t\t\t\t<\/div>\n\t\t<\/article>\n\t\t\t\t<article class=\"elementor-post elementor-grid-item post-22160 post type-post status-publish format-standard has-post-thumbnail hentry category-allgemein entry\" role=\"listitem\">\n\t\t\t<div class=\"elementor-post__card\">\n\t\t\t\t<a class=\"elementor-post__thumbnail__link\" href=\"https:\/\/www.evangelisch-in-jerusalem.org\/en\/2026\/01\/29\/unsere-veranstaltungen-im-februar-2026\/\" tabindex=\"-1\" ><div class=\"elementor-post__thumbnail\"><img loading=\"lazy\" decoding=\"async\" width=\"188\" height=\"300\" src=\"https:\/\/www.evangelisch-in-jerusalem.org\/wp-content\/uploads\/2023\/05\/Auguste-Sunset-188x300.png\" class=\"attachment-medium size-medium wp-image-14327\" alt=\"\" srcset=\"https:\/\/www.evangelisch-in-jerusalem.org\/wp-content\/uploads\/2023\/05\/Auguste-Sunset-188x300.png 188w, https:\/\/www.evangelisch-in-jerusalem.org\/wp-content\/uploads\/2023\/05\/Auguste-Sunset-641x1024.png 641w, https:\/\/www.evangelisch-in-jerusalem.org\/wp-content\/uploads\/2023\/05\/Auguste-Sunset-8x12.png 8w, https:\/\/www.evangelisch-in-jerusalem.org\/wp-content\/uploads\/2023\/05\/Auguste-Sunset.png 757w\" sizes=\"(max-width: 34.9rem) calc(100vw - 2rem), (max-width: 53rem) calc(8 * (100vw \/ 12)), (min-width: 53rem) calc(6 * (100vw \/ 12)), 100vw\" \/><\/div><\/a>\n\t\t\t\t<div class=\"elementor-post__text\">\n\t\t\t\t<h3 class=\"elementor-post__title\">\n\t\t\t<a href=\"https:\/\/www.evangelisch-in-jerusalem.org\/en\/2026\/01\/29\/unsere-veranstaltungen-im-februar-2026\/\" >\n\t\t\t\tUnsere Veranstaltungen im Februar 2026\t\t\t<\/a>\n\t\t<\/h3>\n\t\t\t\t<div class=\"elementor-post__excerpt\">\n\t\t\t<p>So, 01.02. 10.30 Uhr. Evangelisch: Erl\u00f6serkirche, Muristan Road 1, AltstadtGottesdienst mit Abendmahl am Letzten Sonntag nach EpiphaniasMit Propst Joachim Lenz und Kirchenmusikdirektor Peter-Michael Seifried 17.00<\/p>\n\t\t<\/div>\n\t\t\n\t\t<a class=\"elementor-post__read-more\" href=\"https:\/\/www.evangelisch-in-jerusalem.org\/en\/2026\/01\/29\/unsere-veranstaltungen-im-februar-2026\/\" aria-label=\"Read more about Unsere Veranstaltungen im Februar 2026\" tabindex=\"-1\" >\n\t\t\tWeiterlesen \u00bb\t\t<\/a>\n\n\t\t\t\t<\/div>\n\t\t\t\t<div class=\"elementor-post__meta-data\">\n\t\t\t\t\t<span class=\"elementor-post-author\">\n\t\t\tBilhan Rechtman\t\t<\/span>\n\t\t\t\t<span class=\"elementor-post-date\">\n\t\t\t29. January 2026\t\t<\/span>\n\t\t\t\t<\/div>\n\t\t\t\t\t<\/div>\n\t\t<\/article>\n\t\t\t\t<\/div>\n\t\t\n\t\t\t\t<div class=\"e-load-more-anchor\" data-page=\"1\" data-max-page=\"32\" data-next-page=\"https:\/\/www.evangelisch-in-jerusalem.org\/en\/wp-json\/wp\/v2\/pages\/995\/page\/2\/\"><\/div>\n\t\t\t\t<nav class=\"elementor-pagination\" aria-label=\"Pagination\">\n\t\t\t<span aria-current=\"page\" class=\"page-numbers current\"><span class=\"elementor-screen-only\">Page<\/span>1<\/span>\n<a class=\"page-numbers\" href=\"https:\/\/www.evangelisch-in-jerusalem.org\/en\/wp-json\/wp\/v2\/pages\/995\/page\/2\/\"><span class=\"elementor-screen-only\">Page<\/span>2<\/a>\n<a class=\"page-numbers\" href=\"https:\/\/www.evangelisch-in-jerusalem.org\/en\/wp-json\/wp\/v2\/pages\/995\/page\/3\/\"><span class=\"elementor-screen-only\">Page<\/span>3<\/a>\n<a class=\"page-numbers\" href=\"https:\/\/www.evangelisch-in-jerusalem.org\/en\/wp-json\/wp\/v2\/pages\/995\/page\/4\/\"><span class=\"elementor-screen-only\">Page<\/span>4<\/a>\n<a class=\"page-numbers\" href=\"https:\/\/www.evangelisch-in-jerusalem.org\/en\/wp-json\/wp\/v2\/pages\/995\/page\/5\/\"><span class=\"elementor-screen-only\">Page<\/span>5<\/a>\t\t<\/nav>\n\t\t\t\t\t\t<\/div>\n\t\t\t\t<\/div>\n\t\t\t\t\t<\/div>\n\t\t<\/div>\n\t\t\t\t<div class=\"elementor-column elementor-col-33 elementor-top-column elementor-element elementor-element-3aa4e31\" data-id=\"3aa4e31\" data-element_type=\"column\" data-e-type=\"column\">\n\t\t\t<div class=\"elementor-widget-wrap elementor-element-populated\">\n\t\t\t\t\t\t<div class=\"elementor-element elementor-element-3186a1f elementor-widget elementor-widget-wp-widget-archives\" data-id=\"3186a1f\" data-element_type=\"widget\" data-e-type=\"widget\" data-widget_type=\"wp-widget-archives.default\">\n\t\t\t\t<div class=\"elementor-widget-container\">\n\t\t\t\t\t<h5>News<\/h5><nav aria-label=\"News\">\n\t\t\t<ul>\n\t\t\t\t\t<li><a href='https:\/\/www.evangelisch-in-jerusalem.org\/en\/2026\/04\/'>April 2026<\/a><\/li>\n\t<li><a href='https:\/\/www.evangelisch-in-jerusalem.org\/en\/2026\/03\/'>March 2026<\/a><\/li>\n\t<li><a href='https:\/\/www.evangelisch-in-jerusalem.org\/en\/2026\/02\/'>February 2026<\/a><\/li>\n\t<li><a href='https:\/\/www.evangelisch-in-jerusalem.org\/en\/2026\/01\/'>January 2026<\/a><\/li>\n\t<li><a href='https:\/\/www.evangelisch-in-jerusalem.org\/en\/2025\/12\/'>December 2025<\/a><\/li>\n\t<li><a href='https:\/\/www.evangelisch-in-jerusalem.org\/en\/2025\/11\/'>November 2025<\/a><\/li>\n\t<li><a href='https:\/\/www.evangelisch-in-jerusalem.org\/en\/2025\/10\/'>October 2025<\/a><\/li>\n\t<li><a href='https:\/\/www.evangelisch-in-jerusalem.org\/en\/2025\/09\/'>September 2025<\/a><\/li>\n\t<li><a href='https:\/\/www.evangelisch-in-jerusalem.org\/en\/2025\/08\/'>August 2025<\/a><\/li>\n\t<li><a href='https:\/\/www.evangelisch-in-jerusalem.org\/en\/2025\/07\/'>July 2025<\/a><\/li>\n\t<li><a href='https:\/\/www.evangelisch-in-jerusalem.org\/en\/2025\/06\/'>June 2025<\/a><\/li>\n\t<li><a href='https:\/\/www.evangelisch-in-jerusalem.org\/en\/2025\/05\/'>May 2025<\/a><\/li>\n\t<li><a href='https:\/\/www.evangelisch-in-jerusalem.org\/en\/2025\/04\/'>April 2025<\/a><\/li>\n\t<li><a href='https:\/\/www.evangelisch-in-jerusalem.org\/en\/2025\/03\/'>March 2025<\/a><\/li>\n\t<li><a href='https:\/\/www.evangelisch-in-jerusalem.org\/en\/2025\/02\/'>February 2025<\/a><\/li>\n\t<li><a href='https:\/\/www.evangelisch-in-jerusalem.org\/en\/2025\/01\/'>January 2025<\/a><\/li>\n\t<li><a href='https:\/\/www.evangelisch-in-jerusalem.org\/en\/2024\/12\/'>December 2024<\/a><\/li>\n\t<li><a href='https:\/\/www.evangelisch-in-jerusalem.org\/en\/2024\/11\/'>November 2024<\/a><\/li>\n\t<li><a href='https:\/\/www.evangelisch-in-jerusalem.org\/en\/2024\/10\/'>October 2024<\/a><\/li>\n\t<li><a href='https:\/\/www.evangelisch-in-jerusalem.org\/en\/2024\/09\/'>September 2024<\/a><\/li>\n\t<li><a href='https:\/\/www.evangelisch-in-jerusalem.org\/en\/2024\/08\/'>August 2024<\/a><\/li>\n\t<li><a href='https:\/\/www.evangelisch-in-jerusalem.org\/en\/2024\/07\/'>July 2024<\/a><\/li>\n\t<li><a href='https:\/\/www.evangelisch-in-jerusalem.org\/en\/2024\/06\/'>June 2024<\/a><\/li>\n\t<li><a href='https:\/\/www.evangelisch-in-jerusalem.org\/en\/2024\/05\/'>May 2024<\/a><\/li>\n\t<li><a href='https:\/\/www.evangelisch-in-jerusalem.org\/en\/2024\/04\/'>April 2024<\/a><\/li>\n\t<li><a href='https:\/\/www.evangelisch-in-jerusalem.org\/en\/2024\/03\/'>March 2024<\/a><\/li>\n\t<li><a href='https:\/\/www.evangelisch-in-jerusalem.org\/en\/2024\/02\/'>February 2024<\/a><\/li>\n\t<li><a href='https:\/\/www.evangelisch-in-jerusalem.org\/en\/2024\/01\/'>January 2024<\/a><\/li>\n\t<li><a href='https:\/\/www.evangelisch-in-jerusalem.org\/en\/2023\/12\/'>December 2023<\/a><\/li>\n\t<li><a href='https:\/\/www.evangelisch-in-jerusalem.org\/en\/2023\/11\/'>November 2023<\/a><\/li>\n\t<li><a href='https:\/\/www.evangelisch-in-jerusalem.org\/en\/2023\/10\/'>October 2023<\/a><\/li>\n\t<li><a href='https:\/\/www.evangelisch-in-jerusalem.org\/en\/2023\/09\/'>September 2023<\/a><\/li>\n\t<li><a href='https:\/\/www.evangelisch-in-jerusalem.org\/en\/2023\/08\/'>August 2023<\/a><\/li>\n\t<li><a href='https:\/\/www.evangelisch-in-jerusalem.org\/en\/2023\/07\/'>July 2023<\/a><\/li>\n\t<li><a href='https:\/\/www.evangelisch-in-jerusalem.org\/en\/2023\/06\/'>June 2023<\/a><\/li>\n\t<li><a href='https:\/\/www.evangelisch-in-jerusalem.org\/en\/2023\/05\/'>May 2023<\/a><\/li>\n\t<li><a href='https:\/\/www.evangelisch-in-jerusalem.org\/en\/2023\/04\/'>April 2023<\/a><\/li>\n\t<li><a href='https:\/\/www.evangelisch-in-jerusalem.org\/en\/2023\/03\/'>March 2023<\/a><\/li>\n\t<li><a href='https:\/\/www.evangelisch-in-jerusalem.org\/en\/2023\/02\/'>February 2023<\/a><\/li>\n\t<li><a href='https:\/\/www.evangelisch-in-jerusalem.org\/en\/2023\/01\/'>January 2023<\/a><\/li>\n\t<li><a href='https:\/\/www.evangelisch-in-jerusalem.org\/en\/2022\/12\/'>December 2022<\/a><\/li>\n\t<li><a href='https:\/\/www.evangelisch-in-jerusalem.org\/en\/2022\/11\/'>November 2022<\/a><\/li>\n\t<li><a href='https:\/\/www.evangelisch-in-jerusalem.org\/en\/2022\/10\/'>October 2022<\/a><\/li>\n\t<li><a href='https:\/\/www.evangelisch-in-jerusalem.org\/en\/2022\/09\/'>September 2022<\/a><\/li>\n\t<li><a href='https:\/\/www.evangelisch-in-jerusalem.org\/en\/2022\/08\/'>August 2022<\/a><\/li>\n\t<li><a href='https:\/\/www.evangelisch-in-jerusalem.org\/en\/2022\/07\/'>July 2022<\/a><\/li>\n\t<li><a href='https:\/\/www.evangelisch-in-jerusalem.org\/en\/2022\/06\/'>June 2022<\/a><\/li>\n\t<li><a href='https:\/\/www.evangelisch-in-jerusalem.org\/en\/2022\/05\/'>May 2022<\/a><\/li>\n\t<li><a href='https:\/\/www.evangelisch-in-jerusalem.org\/en\/2022\/04\/'>April 2022<\/a><\/li>\n\t<li><a href='https:\/\/www.evangelisch-in-jerusalem.org\/en\/2022\/03\/'>March 2022<\/a><\/li>\n\t<li><a href='https:\/\/www.evangelisch-in-jerusalem.org\/en\/2022\/02\/'>February 2022<\/a><\/li>\n\t<li><a href='https:\/\/www.evangelisch-in-jerusalem.org\/en\/2022\/01\/'>January 2022<\/a><\/li>\n\t<li><a href='https:\/\/www.evangelisch-in-jerusalem.org\/en\/2021\/12\/'>December 2021<\/a><\/li>\n\t<li><a href='https:\/\/www.evangelisch-in-jerusalem.org\/en\/2021\/11\/'>November 2021<\/a><\/li>\n\t<li><a href='https:\/\/www.evangelisch-in-jerusalem.org\/en\/2021\/10\/'>October 2021<\/a><\/li>\n\t<li><a href='https:\/\/www.evangelisch-in-jerusalem.org\/en\/2021\/09\/'>September 2021<\/a><\/li>\n\t<li><a href='https:\/\/www.evangelisch-in-jerusalem.org\/en\/2021\/08\/'>August 2021<\/a><\/li>\n\t<li><a href='https:\/\/www.evangelisch-in-jerusalem.org\/en\/2021\/07\/'>July 2021<\/a><\/li>\n\t<li><a href='https:\/\/www.evangelisch-in-jerusalem.org\/en\/2021\/06\/'>June 2021<\/a><\/li>\n\t<li><a href='https:\/\/www.evangelisch-in-jerusalem.org\/en\/2021\/05\/'>May 2021<\/a><\/li>\n\t<li><a href='https:\/\/www.evangelisch-in-jerusalem.org\/en\/2021\/04\/'>April 2021<\/a><\/li>\n\t<li><a href='https:\/\/www.evangelisch-in-jerusalem.org\/en\/2021\/03\/'>March 2021<\/a><\/li>\n\t<li><a href='https:\/\/www.evangelisch-in-jerusalem.org\/en\/2021\/02\/'>February 2021<\/a><\/li>\n\t<li><a href='https:\/\/www.evangelisch-in-jerusalem.org\/en\/2021\/01\/'>January 2021<\/a><\/li>\n\t<li><a href='https:\/\/www.evangelisch-in-jerusalem.org\/en\/2020\/12\/'>December 2020<\/a><\/li>\n\t<li><a href='https:\/\/www.evangelisch-in-jerusalem.org\/en\/2020\/11\/'>November 2020<\/a><\/li>\n\t<li><a href='https:\/\/www.evangelisch-in-jerusalem.org\/en\/2020\/10\/'>October 2020<\/a><\/li>\n\t<li><a href='https:\/\/www.evangelisch-in-jerusalem.org\/en\/2020\/09\/'>September 2020<\/a><\/li>\n\t<li><a href='https:\/\/www.evangelisch-in-jerusalem.org\/en\/2020\/08\/'>August 2020<\/a><\/li>\n\t<li><a href='https:\/\/www.evangelisch-in-jerusalem.org\/en\/2020\/07\/'>July 2020<\/a><\/li>\n\t<li><a href='https:\/\/www.evangelisch-in-jerusalem.org\/en\/2020\/06\/'>June 2020<\/a><\/li>\n\t<li><a href='https:\/\/www.evangelisch-in-jerusalem.org\/en\/2020\/05\/'>May 2020<\/a><\/li>\n\t<li><a href='https:\/\/www.evangelisch-in-jerusalem.org\/en\/2020\/04\/'>April 2020<\/a><\/li>\n\t<li><a href='https:\/\/www.evangelisch-in-jerusalem.org\/en\/2020\/03\/'>March 2020<\/a><\/li>\n\t<li><a href='https:\/\/www.evangelisch-in-jerusalem.org\/en\/2020\/02\/'>February 2020<\/a><\/li>\n\t<li><a href='https:\/\/www.evangelisch-in-jerusalem.org\/en\/2019\/12\/'>December 2019<\/a><\/li>\n\t<li><a href='https:\/\/www.evangelisch-in-jerusalem.org\/en\/2019\/08\/'>August 2019<\/a><\/li>\n\t<li><a href='https:\/\/www.evangelisch-in-jerusalem.org\/en\/2019\/05\/'>May 2019<\/a><\/li>\n\t<li><a href='https:\/\/www.evangelisch-in-jerusalem.org\/en\/2019\/04\/'>April 2019<\/a><\/li>\n\t\t\t<\/ul>\n\n\t\t\t<\/nav>\t\t\t\t<\/div>\n\t\t\t\t<\/div>\n\t\t\t\t\t<\/div>\n\t\t<\/div>\n\t\t\t\t\t<\/div>\n\t\t<\/section>\n\t\t\t\t<\/div>\n\t\t","protected":false},"excerpt":{"rendered":"<p>00972-(0)2-626 68 00 propstei@evajerusalem.org Unterst\u00fctzen Sie uns mit einer Spende! Hier sind wir auf Facebook. News<\/p>","protected":false},"author":1,"featured_media":0,"parent":0,"menu_order":47,"comment_status":"closed","ping_status":"closed","template":"elementor_header_footer","meta":{"footnotes":""},"class_list":["post-995","page","type-page","status-publish","hentry","entry"],"yoast_head":"<!-- This site is optimized with the Yoast SEO plugin v27.4 - https:\/\/yoast.com\/product\/yoast-seo-wordpress\/ -->\n<title>News - Evangelisch in Jerusalem<\/title>\n<meta name=\"robots\" content=\"index, follow, max-snippet:-1, max-image-preview:large, max-video-preview:-1\" \/>\n<link rel=\"canonical\" href=\"https:\/\/www.evangelisch-in-jerusalem.org\/en\/news\/\" \/>\n<meta property=\"og:locale\" content=\"en_GB\" \/>\n<meta property=\"og:type\" content=\"article\" \/>\n<meta property=\"og:title\" content=\"News - Evangelisch in Jerusalem\" \/>\n<meta property=\"og:description\" content=\"00972-(0)2-626 68 00 propstei@evajerusalem.org Unterst\u00fctzen Sie uns mit einer Spende! Hier sind wir auf Facebook. News\" \/>\n<meta property=\"og:url\" content=\"https:\/\/www.evangelisch-in-jerusalem.org\/en\/news\/\" \/>\n<meta property=\"og:site_name\" content=\"Evangelisch in Jerusalem\" \/>\n<meta property=\"article:publisher\" content=\"https:\/\/www.facebook.com\/erloeserkirche.jerusalem\" \/>\n<meta property=\"article:modified_time\" content=\"2025-12-16T22:36:25+00:00\" \/>\n<meta property=\"og:image\" content=\"https:\/\/www.evangelisch-in-jerusalem.org\/wp-content\/uploads\/2019\/03\/EIJ_Logo_500-px.png\" \/>\n\t<meta property=\"og:image:width\" content=\"500\" \/>\n\t<meta property=\"og:image:height\" content=\"82\" \/>\n\t<meta property=\"og:image:type\" content=\"image\/png\" \/>\n<meta name=\"twitter:card\" content=\"summary_large_image\" \/>\n<meta name=\"twitter:label1\" content=\"Estimated reading time\" \/>\n\t<meta name=\"twitter:data1\" content=\"9 minutes\" \/>\n<script type=\"application\/ld+json\" class=\"yoast-schema-graph\">{\"@context\":\"https:\\\/\\\/schema.org\",\"@graph\":[{\"@type\":\"WebPage\",\"@id\":\"https:\\\/\\\/www.evangelisch-in-jerusalem.org\\\/news\\\/\",\"url\":\"https:\\\/\\\/www.evangelisch-in-jerusalem.org\\\/news\\\/\",\"name\":\"News - Evangelisch in Jerusalem\",\"isPartOf\":{\"@id\":\"https:\\\/\\\/www.evangelisch-in-jerusalem.org\\\/#website\"},\"primaryImageOfPage\":{\"@id\":\"https:\\\/\\\/www.evangelisch-in-jerusalem.org\\\/news\\\/#primaryimage\"},\"image\":{\"@id\":\"https:\\\/\\\/www.evangelisch-in-jerusalem.org\\\/news\\\/#primaryimage\"},\"thumbnailUrl\":\"https:\\\/\\\/www.evangelisch-in-jerusalem.org\\\/wp-content\\\/uploads\\\/2019\\\/03\\\/EIJ_Logo_500-px.png\",\"datePublished\":\"2019-05-14T13:14:47+00:00\",\"dateModified\":\"2025-12-16T22:36:25+00:00\",\"breadcrumb\":{\"@id\":\"https:\\\/\\\/www.evangelisch-in-jerusalem.org\\\/news\\\/#breadcrumb\"},\"inLanguage\":\"en-GB\",\"potentialAction\":[{\"@type\":\"ReadAction\",\"target\":[\"https:\\\/\\\/www.evangelisch-in-jerusalem.org\\\/news\\\/\"]}]},{\"@type\":\"ImageObject\",\"inLanguage\":\"en-GB\",\"@id\":\"https:\\\/\\\/www.evangelisch-in-jerusalem.org\\\/news\\\/#primaryimage\",\"url\":\"https:\\\/\\\/www.evangelisch-in-jerusalem.org\\\/wp-content\\\/uploads\\\/2019\\\/03\\\/EIJ_Logo_500-px.png\",\"contentUrl\":\"https:\\\/\\\/www.evangelisch-in-jerusalem.org\\\/wp-content\\\/uploads\\\/2019\\\/03\\\/EIJ_Logo_500-px.png\"},{\"@type\":\"BreadcrumbList\",\"@id\":\"https:\\\/\\\/www.evangelisch-in-jerusalem.org\\\/news\\\/#breadcrumb\",\"itemListElement\":[{\"@type\":\"ListItem\",\"position\":1,\"name\":\"Startseite\",\"item\":\"https:\\\/\\\/www.evangelisch-in-jerusalem.org\\\/\"},{\"@type\":\"ListItem\",\"position\":2,\"name\":\"News\"}]},{\"@type\":\"WebSite\",\"@id\":\"https:\\\/\\\/www.evangelisch-in-jerusalem.org\\\/#website\",\"url\":\"https:\\\/\\\/www.evangelisch-in-jerusalem.org\\\/\",\"name\":\"Evangelisch in Jerusalem\",\"description\":\"Stiftungen der EKD im Heiligen Land\",\"publisher\":{\"@id\":\"https:\\\/\\\/www.evangelisch-in-jerusalem.org\\\/#organization\"},\"potentialAction\":[{\"@type\":\"SearchAction\",\"target\":{\"@type\":\"EntryPoint\",\"urlTemplate\":\"https:\\\/\\\/www.evangelisch-in-jerusalem.org\\\/?s={search_term_string}\"},\"query-input\":{\"@type\":\"PropertyValueSpecification\",\"valueRequired\":true,\"valueName\":\"search_term_string\"}}],\"inLanguage\":\"en-GB\"},{\"@type\":\"Organization\",\"@id\":\"https:\\\/\\\/www.evangelisch-in-jerusalem.org\\\/#organization\",\"name\":\"German Protestant Institutions in the Holy Land\",\"url\":\"https:\\\/\\\/www.evangelisch-in-jerusalem.org\\\/\",\"logo\":{\"@type\":\"ImageObject\",\"inLanguage\":\"en-GB\",\"@id\":\"https:\\\/\\\/www.evangelisch-in-jerusalem.org\\\/#\\\/schema\\\/logo\\\/image\\\/\",\"url\":\"https:\\\/\\\/www.evangelisch-in-jerusalem.org\\\/wp-content\\\/uploads\\\/2019\\\/03\\\/EIJ_Logo_500-px.png\",\"contentUrl\":\"https:\\\/\\\/www.evangelisch-in-jerusalem.org\\\/wp-content\\\/uploads\\\/2019\\\/03\\\/EIJ_Logo_500-px.png\",\"width\":500,\"height\":82,\"caption\":\"German Protestant Institutions in the Holy Land\"},\"image\":{\"@id\":\"https:\\\/\\\/www.evangelisch-in-jerusalem.org\\\/#\\\/schema\\\/logo\\\/image\\\/\"},\"sameAs\":[\"https:\\\/\\\/www.facebook.com\\\/erloeserkirche.jerusalem\"]}]}<\/script>\n<!-- \/ Yoast SEO plugin. -->","yoast_head_json":{"title":"News - Evangelisch in Jerusalem","robots":{"index":"index","follow":"follow","max-snippet":"max-snippet:-1","max-image-preview":"max-image-preview:large","max-video-preview":"max-video-preview:-1"},"canonical":"https:\/\/www.evangelisch-in-jerusalem.org\/en\/news\/","og_locale":"en_GB","og_type":"article","og_title":"News - Evangelisch in Jerusalem","og_description":"00972-(0)2-626 68 00 propstei@evajerusalem.org Unterst\u00fctzen Sie uns mit einer Spende! Hier sind wir auf Facebook. News","og_url":"https:\/\/www.evangelisch-in-jerusalem.org\/en\/news\/","og_site_name":"Evangelisch in Jerusalem","article_publisher":"https:\/\/www.facebook.com\/erloeserkirche.jerusalem","article_modified_time":"2025-12-16T22:36:25+00:00","og_image":[{"width":500,"height":82,"url":"https:\/\/www.evangelisch-in-jerusalem.org\/wp-content\/uploads\/2019\/03\/EIJ_Logo_500-px.png","type":"image\/png"}],"twitter_card":"summary_large_image","twitter_misc":{"Estimated reading time":"9 minutes"},"schema":{"@context":"https:\/\/schema.org","@graph":[{"@type":"WebPage","@id":"https:\/\/www.evangelisch-in-jerusalem.org\/news\/","url":"https:\/\/www.evangelisch-in-jerusalem.org\/news\/","name":"News - Evangelisch in Jerusalem","isPartOf":{"@id":"https:\/\/www.evangelisch-in-jerusalem.org\/#website"},"primaryImageOfPage":{"@id":"https:\/\/www.evangelisch-in-jerusalem.org\/news\/#primaryimage"},"image":{"@id":"https:\/\/www.evangelisch-in-jerusalem.org\/news\/#primaryimage"},"thumbnailUrl":"https:\/\/www.evangelisch-in-jerusalem.org\/wp-content\/uploads\/2019\/03\/EIJ_Logo_500-px.png","datePublished":"2019-05-14T13:14:47+00:00","dateModified":"2025-12-16T22:36:25+00:00","breadcrumb":{"@id":"https:\/\/www.evangelisch-in-jerusalem.org\/news\/#breadcrumb"},"inLanguage":"en-GB","potentialAction":[{"@type":"ReadAction","target":["https:\/\/www.evangelisch-in-jerusalem.org\/news\/"]}]},{"@type":"ImageObject","inLanguage":"en-GB","@id":"https:\/\/www.evangelisch-in-jerusalem.org\/news\/#primaryimage","url":"https:\/\/www.evangelisch-in-jerusalem.org\/wp-content\/uploads\/2019\/03\/EIJ_Logo_500-px.png","contentUrl":"https:\/\/www.evangelisch-in-jerusalem.org\/wp-content\/uploads\/2019\/03\/EIJ_Logo_500-px.png"},{"@type":"BreadcrumbList","@id":"https:\/\/www.evangelisch-in-jerusalem.org\/news\/#breadcrumb","itemListElement":[{"@type":"ListItem","position":1,"name":"Startseite","item":"https:\/\/www.evangelisch-in-jerusalem.org\/"},{"@type":"ListItem","position":2,"name":"News"}]},{"@type":"WebSite","@id":"https:\/\/www.evangelisch-in-jerusalem.org\/#website","url":"https:\/\/www.evangelisch-in-jerusalem.org\/","name":"Evangelisch in Jerusalem","description":"German Protestant Institutions in the Holy Land","publisher":{"@id":"https:\/\/www.evangelisch-in-jerusalem.org\/#organization"},"potentialAction":[{"@type":"SearchAction","target":{"@type":"EntryPoint","urlTemplate":"https:\/\/www.evangelisch-in-jerusalem.org\/?s={search_term_string}"},"query-input":{"@type":"PropertyValueSpecification","valueRequired":true,"valueName":"search_term_string"}}],"inLanguage":"en-GB"},{"@type":"Organization","@id":"https:\/\/www.evangelisch-in-jerusalem.org\/#organization","name":"German Protestant Institutions in the Holy Land","url":"https:\/\/www.evangelisch-in-jerusalem.org\/","logo":{"@type":"ImageObject","inLanguage":"en-GB","@id":"https:\/\/www.evangelisch-in-jerusalem.org\/#\/schema\/logo\/image\/","url":"https:\/\/www.evangelisch-in-jerusalem.org\/wp-content\/uploads\/2019\/03\/EIJ_Logo_500-px.png","contentUrl":"https:\/\/www.evangelisch-in-jerusalem.org\/wp-content\/uploads\/2019\/03\/EIJ_Logo_500-px.png","width":500,"height":82,"caption":"German Protestant Institutions in the Holy Land"},"image":{"@id":"https:\/\/www.evangelisch-in-jerusalem.org\/#\/schema\/logo\/image\/"},"sameAs":["https:\/\/www.facebook.com\/erloeserkirche.jerusalem"]}]}},"_links":{"self":[{"href":"https:\/\/www.evangelisch-in-jerusalem.org\/en\/wp-json\/wp\/v2\/pages\/995","targetHints":{"allow":["GET"]}}],"collection":[{"href":"https:\/\/www.evangelisch-in-jerusalem.org\/en\/wp-json\/wp\/v2\/pages"}],"about":[{"href":"https:\/\/www.evangelisch-in-jerusalem.org\/en\/wp-json\/wp\/v2\/types\/page"}],"author":[{"embeddable":true,"href":"https:\/\/www.evangelisch-in-jerusalem.org\/en\/wp-json\/wp\/v2\/users\/1"}],"replies":[{"embeddable":true,"href":"https:\/\/www.evangelisch-in-jerusalem.org\/en\/wp-json\/wp\/v2\/comments?post=995"}],"version-history":[{"count":9,"href":"https:\/\/www.evangelisch-in-jerusalem.org\/en\/wp-json\/wp\/v2\/pages\/995\/revisions"}],"predecessor-version":[{"id":21803,"href":"https:\/\/www.evangelisch-in-jerusalem.org\/en\/wp-json\/wp\/v2\/pages\/995\/revisions\/21803"}],"wp:attachment":[{"href":"https:\/\/www.evangelisch-in-jerusalem.org\/en\/wp-json\/wp\/v2\/media?parent=995"}],"curies":[{"name":"wp","href":"https:\/\/api.w.org\/{rel}","templated":true}]}}