{"id":6951,"date":"2021-08-30T07:31:57","date_gmt":"2021-08-30T05:31:57","guid":{"rendered":"https:\/\/www.evangelisch-in-jerusalem.org\/?post_type=mec-events&#038;p=6951"},"modified":"2021-08-30T07:32:54","modified_gmt":"2021-08-30T05:32:54","slug":"lektuere-reihe-pessach-und-ostern-233-164-399-348-218-825-254-849-251-210-926","status":"publish","type":"mec-events","link":"https:\/\/www.evangelisch-in-jerusalem.org\/en\/events\/lektuere-reihe-pessach-und-ostern-233-164-399-348-218-825-254-849-251-210-926\/","title":{"rendered":"Abendgottesdienst in Latrun"},"content":{"rendered":"<div data-elementor-type=\"wp-post\" data-elementor-id=\"6951\" class=\"elementor elementor-6951\" data-elementor-post-type=\"mec-events\">\n\t\t\t\t\t\t<section class=\"elementor-section elementor-top-section elementor-element elementor-element-2112cc59 elementor-section-boxed elementor-section-height-default elementor-section-height-default\" data-id=\"2112cc59\" data-element_type=\"section\" data-e-type=\"section\">\n\t\t\t\t\t\t<div class=\"elementor-container elementor-column-gap-default\">\n\t\t\t\t\t<div class=\"elementor-column elementor-col-100 elementor-top-column elementor-element elementor-element-7b12e573\" data-id=\"7b12e573\" data-element_type=\"column\" data-e-type=\"column\">\n\t\t\t<div class=\"elementor-widget-wrap elementor-element-populated\">\n\t\t\t\t\t\t<div class=\"elementor-element elementor-element-6d20688b elementor-widget elementor-widget-text-editor\" data-id=\"6d20688b\" data-element_type=\"widget\" data-e-type=\"widget\" data-widget_type=\"text-editor.default\">\n\t\t\t\t<div class=\"elementor-widget-container\">\n\t\t\t\t\t\t\t\t\t<pre><em>miteinander gehen<\/em><br><em>einkehren<\/em><br><em>das wort h\u00f6ren <\/em><br><em>gest\u00e4rkt und begeistert zur\u00fcckkehren<\/em>&nbsp;<\/pre>\n<p>Mit der Kommunit\u00e4t der Jesus-Bruderschaft laden wir ein zum Gottesdienst am Samstag um 17 Uhr in Latrun. Zeitgleich zum Gottesdienst f\u00fcr Erwachsene feiern wir Kindergottesdienst. Wir bleiben im Freien und trotzen der Pandemie open air. Herzliche Einladung!<\/p>\n<p>Im Gottesdienst am 4. Dezember<br>&#8211; predigt <strong>Vikarin <i>Katinka Billau<\/i><\/strong>.<br>&#8211; Wir laden ein zum <strong>Kindergottesdienst<\/strong>, der nach gemeinsamem Anfang zeitgleich mit der Predigt beginnt.<\/p>\n<h5><strong>Mitfahrgelegenheiten<\/strong><\/h5>\n<p>von Jerusalem aus gibt es nur in privaten Fahrzeugen. Wenn Sie jemanden nach Latrun mitnehmen k\u00f6nnen oder wenn Sie mitfahren wollen, melden Sie sich bitte bis Donnerstag vor dem Gottesdiensttermin im Gemeindeb\u00fcro:<br>propstei@redeemer-jerusalem.com.<\/p>\n<h5><span data-offset-key=\"82grs-0-0\"><strong><span style=\"color: #ff0000;\">Anmeldung<\/span><\/strong><span style=\"color: #ff0000;\">:<\/span><\/span><\/h5>\n<div data-contents=\"true\">\n<div data-offset-key=\"82grs-0-0\">\n<p>Tel. 0972-(0)8-9255163, Fax: 0972-(0)8-9214156, community@latrun.de<\/p>\n<\/div>\n<\/div>\t\t\t\t\t\t\t\t<\/div>\n\t\t\t\t<\/div>\n\t\t\t\t\t<\/div>\n\t\t<\/div>\n\t\t\t\t\t<\/div>\n\t\t<\/section>\n\t\t\t\t<section class=\"elementor-section elementor-top-section elementor-element elementor-element-27f9e1b elementor-section-boxed elementor-section-height-default elementor-section-height-default\" data-id=\"27f9e1b\" data-element_type=\"section\" data-e-type=\"section\">\n\t\t\t\t\t\t<div class=\"elementor-container elementor-column-gap-default\">\n\t\t\t\t\t<div class=\"elementor-column elementor-col-100 elementor-top-column elementor-element elementor-element-3cb29f5\" data-id=\"3cb29f5\" data-element_type=\"column\" data-e-type=\"column\">\n\t\t\t<div class=\"elementor-widget-wrap elementor-element-populated\">\n\t\t\t\t\t\t<div class=\"elementor-element elementor-element-ea16943 elementor-widget elementor-widget-google_maps\" data-id=\"ea16943\" data-element_type=\"widget\" data-e-type=\"widget\" data-widget_type=\"google_maps.default\">\n\t\t\t\t<div class=\"elementor-widget-container\">\n\t\t\t\t\t\t\t<div class=\"elementor-custom-embed\">\n\t\t\t <div class=\"brlbs-cmpnt-container brlbs-cmpnt-content-blocker brlbs-cmpnt-with-individual-styles\" data-borlabs-cookie-content-blocker-id=\"google-maps\" data-borlabs-cookie-content=\"PGlmcmFtZSBsb2FkaW5nPSJsYXp5IgoJCQkJCXNyYz0iaHR0cHM6Ly9tYXBzLmdvb2dsZS5jb20vbWFwcz9xPUxhdHJ1biUyQyUyMElzcmFlbCYjMDM4O3Q9bSYjMDM4O3o9MTYmIzAzODtvdXRwdXQ9ZW1iZWQmIzAzODtpd2xvYz1uZWFyIgoJCQkJCXRpdGxlPSJMYXRydW4sIElzcmFlbCIKCQkJCQlhcmlhLWxhYmVsPSJMYXRydW4sIElzcmFlbCIKCQkJPjwvaWZyYW1lPg==\"><div class=\"brlbs-cmpnt-cb-preset-b brlbs-cmpnt-cb-google-maps\"> <div class=\"brlbs-cmpnt-cb-thumbnail\" style=\"background-image: url('https:\/\/www.evangelisch-in-jerusalem.org\/wp-content\/uploads\/borlabs-cookie\/1\/brlbs-cb-google-maps-main.png')\"><\/div> <div class=\"brlbs-cmpnt-cb-main\"> <div class=\"brlbs-cmpnt-cb-content\"> <p class=\"brlbs-cmpnt-cb-description\">Sie sehen gerade einen Platzhalterinhalt von <strong>Google Maps<\/strong>. Um auf den eigentlichen Inhalt zuzugreifen, klicken Sie auf die Schaltfl\u00e4che unten. Bitte beachten Sie, dass dabei Daten an Drittanbieter weitergegeben werden.<\/p> <a class=\"brlbs-cmpnt-cb-provider-toggle\" href=\"#\" data-borlabs-cookie-show-provider-information role=\"button\">More<\/a> <\/div> <div class=\"brlbs-cmpnt-cb-buttons\"> <a class=\"brlbs-cmpnt-cb-btn\" href=\"#\" data-borlabs-cookie-unblock role=\"button\">Inhalt entsperren<\/a> <a class=\"brlbs-cmpnt-cb-btn\" href=\"#\" data-borlabs-cookie-accept-service role=\"button\" style=\"display: inherit\">Erforderlichen Service akzeptieren und Inhalte entsperren<\/a> <\/div> <\/div> <\/div><\/div>\n\t\t<\/div>\n\t\t\t\t\t\t<\/div>\n\t\t\t\t<\/div>\n\t\t\t\t\t<\/div>\n\t\t<\/div>\n\t\t\t\t\t<\/div>\n\t\t<\/section>\n\t\t\t\t<\/div>","protected":false},"excerpt":{"rendered":"<p>miteinander geheneinkehrendas wort h\u00f6ren gest\u00e4rkt und begeistert zur\u00fcckkehren&nbsp; Mit der Kommunit\u00e4t der Jesus-Bruderschaft laden wir ein zum Gottesdienst am Samstag um 17 Uhr in Latrun. Zeitgleich zum Gottesdienst f\u00fcr Erwachsene feiern wir Kindergottesdienst. Wir bleiben im Freien und trotzen der Pandemie open air. Herzliche Einladung! Im Gottesdienst am 4. Dezember&#8211; predigt Vikarin Katinka Billau.&#8211; Wir &hellip; <\/p>\n<p class=\"link-more\"><a href=\"https:\/\/www.evangelisch-in-jerusalem.org\/en\/events\/lektuere-reihe-pessach-und-ostern-233-164-399-348-218-825-254-849-251-210-926\/\" class=\"more-link\">Continue reading<span class=\"screen-reader-text\"> &#8220;Abendgottesdienst in Latrun&#8221;<\/span><\/a><\/p>","protected":false},"author":6,"featured_media":0,"comment_status":"closed","ping_status":"closed","template":"","tags":[],"mec_category":[120,237,192,12],"class_list":["post-6951","mec-events","type-mec-events","status-publish","hentry","mec_category-abendgottesdienst","mec_category-familien","mec_category-gemeindeveranst","mec_category-gottesdienst","entry"],"yoast_head":"<!-- This site is optimized with the Yoast SEO plugin v27.4 - https:\/\/yoast.com\/product\/yoast-seo-wordpress\/ -->\n<title>Abendgottesdienst in Latrun - Evangelisch in Jerusalem<\/title>\n<meta name=\"robots\" content=\"index, follow, max-snippet:-1, max-image-preview:large, max-video-preview:-1\" \/>\n<link rel=\"canonical\" href=\"https:\/\/www.evangelisch-in-jerusalem.org\/en\/events\/lektuere-reihe-pessach-und-ostern-233-164-399-348-218-825-254-849-251-210-926\/\" \/>\n<meta property=\"og:locale\" content=\"en_GB\" \/>\n<meta property=\"og:type\" content=\"article\" \/>\n<meta property=\"og:title\" content=\"Abendgottesdienst in Latrun - Evangelisch in Jerusalem\" \/>\n<meta property=\"og:description\" content=\"miteinander geheneinkehrendas wort h\u00f6ren gest\u00e4rkt und begeistert zur\u00fcckkehren&nbsp; Mit der Kommunit\u00e4t der Jesus-Bruderschaft laden wir ein zum Gottesdienst am Samstag um 17 Uhr in Latrun. Zeitgleich zum Gottesdienst f\u00fcr Erwachsene feiern wir Kindergottesdienst. Wir bleiben im Freien und trotzen der Pandemie open air. Herzliche Einladung! Im Gottesdienst am 4. Dezember&#8211; predigt Vikarin Katinka Billau.&#8211; Wir &hellip; Continue reading &quot;Abendgottesdienst in Latrun&quot;\" \/>\n<meta property=\"og:url\" content=\"https:\/\/www.evangelisch-in-jerusalem.org\/en\/events\/lektuere-reihe-pessach-und-ostern-233-164-399-348-218-825-254-849-251-210-926\/\" \/>\n<meta property=\"og:site_name\" content=\"Evangelisch in Jerusalem\" \/>\n<meta property=\"article:publisher\" content=\"https:\/\/www.facebook.com\/erloeserkirche.jerusalem\" \/>\n<meta property=\"article:modified_time\" content=\"2021-08-30T05:32:54+00:00\" \/>\n<meta name=\"twitter:card\" content=\"summary_large_image\" \/>\n<meta name=\"twitter:label1\" content=\"Estimated reading time\" \/>\n\t<meta name=\"twitter:data1\" content=\"1 minute\" \/>\n<script type=\"application\/ld+json\" class=\"yoast-schema-graph\">{\"@context\":\"https:\\\/\\\/schema.org\",\"@graph\":[{\"@type\":\"WebPage\",\"@id\":\"https:\\\/\\\/www.evangelisch-in-jerusalem.org\\\/events\\\/lektuere-reihe-pessach-und-ostern-233-164-399-348-218-825-254-849-251-210-926\\\/\",\"url\":\"https:\\\/\\\/www.evangelisch-in-jerusalem.org\\\/events\\\/lektuere-reihe-pessach-und-ostern-233-164-399-348-218-825-254-849-251-210-926\\\/\",\"name\":\"Abendgottesdienst in Latrun - Evangelisch in Jerusalem\",\"isPartOf\":{\"@id\":\"https:\\\/\\\/www.evangelisch-in-jerusalem.org\\\/#website\"},\"datePublished\":\"2021-08-30T05:31:57+00:00\",\"dateModified\":\"2021-08-30T05:32:54+00:00\",\"breadcrumb\":{\"@id\":\"https:\\\/\\\/www.evangelisch-in-jerusalem.org\\\/events\\\/lektuere-reihe-pessach-und-ostern-233-164-399-348-218-825-254-849-251-210-926\\\/#breadcrumb\"},\"inLanguage\":\"en-GB\",\"potentialAction\":[{\"@type\":\"ReadAction\",\"target\":[\"https:\\\/\\\/www.evangelisch-in-jerusalem.org\\\/events\\\/lektuere-reihe-pessach-und-ostern-233-164-399-348-218-825-254-849-251-210-926\\\/\"]}]},{\"@type\":\"BreadcrumbList\",\"@id\":\"https:\\\/\\\/www.evangelisch-in-jerusalem.org\\\/events\\\/lektuere-reihe-pessach-und-ostern-233-164-399-348-218-825-254-849-251-210-926\\\/#breadcrumb\",\"itemListElement\":[{\"@type\":\"ListItem\",\"position\":1,\"name\":\"Startseite\",\"item\":\"https:\\\/\\\/www.evangelisch-in-jerusalem.org\\\/\"},{\"@type\":\"ListItem\",\"position\":2,\"name\":\"Veranstaltungen\",\"item\":\"https:\\\/\\\/www.evangelisch-in-jerusalem.org\\\/events\\\/\"},{\"@type\":\"ListItem\",\"position\":3,\"name\":\"Abendgottesdienst in Latrun\"}]},{\"@type\":\"WebSite\",\"@id\":\"https:\\\/\\\/www.evangelisch-in-jerusalem.org\\\/#website\",\"url\":\"https:\\\/\\\/www.evangelisch-in-jerusalem.org\\\/\",\"name\":\"Evangelisch in Jerusalem\",\"description\":\"Stiftungen der EKD im Heiligen Land\",\"publisher\":{\"@id\":\"https:\\\/\\\/www.evangelisch-in-jerusalem.org\\\/#organization\"},\"potentialAction\":[{\"@type\":\"SearchAction\",\"target\":{\"@type\":\"EntryPoint\",\"urlTemplate\":\"https:\\\/\\\/www.evangelisch-in-jerusalem.org\\\/?s={search_term_string}\"},\"query-input\":{\"@type\":\"PropertyValueSpecification\",\"valueRequired\":true,\"valueName\":\"search_term_string\"}}],\"inLanguage\":\"en-GB\"},{\"@type\":\"Organization\",\"@id\":\"https:\\\/\\\/www.evangelisch-in-jerusalem.org\\\/#organization\",\"name\":\"German Protestant Institutions in the Holy Land\",\"url\":\"https:\\\/\\\/www.evangelisch-in-jerusalem.org\\\/\",\"logo\":{\"@type\":\"ImageObject\",\"inLanguage\":\"en-GB\",\"@id\":\"https:\\\/\\\/www.evangelisch-in-jerusalem.org\\\/#\\\/schema\\\/logo\\\/image\\\/\",\"url\":\"https:\\\/\\\/www.evangelisch-in-jerusalem.org\\\/wp-content\\\/uploads\\\/2019\\\/03\\\/EIJ_Logo_500-px.png\",\"contentUrl\":\"https:\\\/\\\/www.evangelisch-in-jerusalem.org\\\/wp-content\\\/uploads\\\/2019\\\/03\\\/EIJ_Logo_500-px.png\",\"width\":500,\"height\":82,\"caption\":\"German Protestant Institutions in the Holy Land\"},\"image\":{\"@id\":\"https:\\\/\\\/www.evangelisch-in-jerusalem.org\\\/#\\\/schema\\\/logo\\\/image\\\/\"},\"sameAs\":[\"https:\\\/\\\/www.facebook.com\\\/erloeserkirche.jerusalem\"]}]}<\/script>\n<!-- \/ Yoast SEO plugin. -->","yoast_head_json":{"title":"Abendgottesdienst in Latrun - Evangelisch in Jerusalem","robots":{"index":"index","follow":"follow","max-snippet":"max-snippet:-1","max-image-preview":"max-image-preview:large","max-video-preview":"max-video-preview:-1"},"canonical":"https:\/\/www.evangelisch-in-jerusalem.org\/en\/events\/lektuere-reihe-pessach-und-ostern-233-164-399-348-218-825-254-849-251-210-926\/","og_locale":"en_GB","og_type":"article","og_title":"Abendgottesdienst in Latrun - Evangelisch in Jerusalem","og_description":"miteinander geheneinkehrendas wort h\u00f6ren gest\u00e4rkt und begeistert zur\u00fcckkehren&nbsp; Mit der Kommunit\u00e4t der Jesus-Bruderschaft laden wir ein zum Gottesdienst am Samstag um 17 Uhr in Latrun. Zeitgleich zum Gottesdienst f\u00fcr Erwachsene feiern wir Kindergottesdienst. Wir bleiben im Freien und trotzen der Pandemie open air. Herzliche Einladung! Im Gottesdienst am 4. Dezember&#8211; predigt Vikarin Katinka Billau.&#8211; Wir &hellip; Continue reading \"Abendgottesdienst in Latrun\"","og_url":"https:\/\/www.evangelisch-in-jerusalem.org\/en\/events\/lektuere-reihe-pessach-und-ostern-233-164-399-348-218-825-254-849-251-210-926\/","og_site_name":"Evangelisch in Jerusalem","article_publisher":"https:\/\/www.facebook.com\/erloeserkirche.jerusalem","article_modified_time":"2021-08-30T05:32:54+00:00","twitter_card":"summary_large_image","twitter_misc":{"Estimated reading time":"1 minute"},"schema":{"@context":"https:\/\/schema.org","@graph":[{"@type":"WebPage","@id":"https:\/\/www.evangelisch-in-jerusalem.org\/events\/lektuere-reihe-pessach-und-ostern-233-164-399-348-218-825-254-849-251-210-926\/","url":"https:\/\/www.evangelisch-in-jerusalem.org\/events\/lektuere-reihe-pessach-und-ostern-233-164-399-348-218-825-254-849-251-210-926\/","name":"Abendgottesdienst in Latrun - Evangelisch in Jerusalem","isPartOf":{"@id":"https:\/\/www.evangelisch-in-jerusalem.org\/#website"},"datePublished":"2021-08-30T05:31:57+00:00","dateModified":"2021-08-30T05:32:54+00:00","breadcrumb":{"@id":"https:\/\/www.evangelisch-in-jerusalem.org\/events\/lektuere-reihe-pessach-und-ostern-233-164-399-348-218-825-254-849-251-210-926\/#breadcrumb"},"inLanguage":"en-GB","potentialAction":[{"@type":"ReadAction","target":["https:\/\/www.evangelisch-in-jerusalem.org\/events\/lektuere-reihe-pessach-und-ostern-233-164-399-348-218-825-254-849-251-210-926\/"]}]},{"@type":"BreadcrumbList","@id":"https:\/\/www.evangelisch-in-jerusalem.org\/events\/lektuere-reihe-pessach-und-ostern-233-164-399-348-218-825-254-849-251-210-926\/#breadcrumb","itemListElement":[{"@type":"ListItem","position":1,"name":"Startseite","item":"https:\/\/www.evangelisch-in-jerusalem.org\/"},{"@type":"ListItem","position":2,"name":"Veranstaltungen","item":"https:\/\/www.evangelisch-in-jerusalem.org\/events\/"},{"@type":"ListItem","position":3,"name":"Abendgottesdienst in Latrun"}]},{"@type":"WebSite","@id":"https:\/\/www.evangelisch-in-jerusalem.org\/#website","url":"https:\/\/www.evangelisch-in-jerusalem.org\/","name":"Evangelisch in Jerusalem","description":"German Protestant Institutions in the Holy Land","publisher":{"@id":"https:\/\/www.evangelisch-in-jerusalem.org\/#organization"},"potentialAction":[{"@type":"SearchAction","target":{"@type":"EntryPoint","urlTemplate":"https:\/\/www.evangelisch-in-jerusalem.org\/?s={search_term_string}"},"query-input":{"@type":"PropertyValueSpecification","valueRequired":true,"valueName":"search_term_string"}}],"inLanguage":"en-GB"},{"@type":"Organization","@id":"https:\/\/www.evangelisch-in-jerusalem.org\/#organization","name":"German Protestant Institutions in the Holy Land","url":"https:\/\/www.evangelisch-in-jerusalem.org\/","logo":{"@type":"ImageObject","inLanguage":"en-GB","@id":"https:\/\/www.evangelisch-in-jerusalem.org\/#\/schema\/logo\/image\/","url":"https:\/\/www.evangelisch-in-jerusalem.org\/wp-content\/uploads\/2019\/03\/EIJ_Logo_500-px.png","contentUrl":"https:\/\/www.evangelisch-in-jerusalem.org\/wp-content\/uploads\/2019\/03\/EIJ_Logo_500-px.png","width":500,"height":82,"caption":"German Protestant Institutions in the Holy Land"},"image":{"@id":"https:\/\/www.evangelisch-in-jerusalem.org\/#\/schema\/logo\/image\/"},"sameAs":["https:\/\/www.facebook.com\/erloeserkirche.jerusalem"]}]}},"_links":{"self":[{"href":"https:\/\/www.evangelisch-in-jerusalem.org\/en\/wp-json\/wp\/v2\/mec-events\/6951","targetHints":{"allow":["GET"]}}],"collection":[{"href":"https:\/\/www.evangelisch-in-jerusalem.org\/en\/wp-json\/wp\/v2\/mec-events"}],"about":[{"href":"https:\/\/www.evangelisch-in-jerusalem.org\/en\/wp-json\/wp\/v2\/types\/mec-events"}],"author":[{"embeddable":true,"href":"https:\/\/www.evangelisch-in-jerusalem.org\/en\/wp-json\/wp\/v2\/users\/6"}],"replies":[{"embeddable":true,"href":"https:\/\/www.evangelisch-in-jerusalem.org\/en\/wp-json\/wp\/v2\/comments?post=6951"}],"version-history":[{"count":2,"href":"https:\/\/www.evangelisch-in-jerusalem.org\/en\/wp-json\/wp\/v2\/mec-events\/6951\/revisions"}],"predecessor-version":[{"id":6955,"href":"https:\/\/www.evangelisch-in-jerusalem.org\/en\/wp-json\/wp\/v2\/mec-events\/6951\/revisions\/6955"}],"wp:attachment":[{"href":"https:\/\/www.evangelisch-in-jerusalem.org\/en\/wp-json\/wp\/v2\/media?parent=6951"}],"wp:term":[{"taxonomy":"post_tag","embeddable":true,"href":"https:\/\/www.evangelisch-in-jerusalem.org\/en\/wp-json\/wp\/v2\/tags?post=6951"},{"taxonomy":"mec_category","embeddable":true,"href":"https:\/\/www.evangelisch-in-jerusalem.org\/en\/wp-json\/wp\/v2\/mec_category?post=6951"}],"curies":[{"name":"wp","href":"https:\/\/api.w.org\/{rel}","templated":true}]}}