{"id":17365,"date":"2024-02-02T11:51:47","date_gmt":"2024-02-02T09:51:47","guid":{"rendered":"https:\/\/www.evangelisch-in-jerusalem.org\/?post_type=mec-events&#038;p=17365"},"modified":"2024-02-09T15:31:22","modified_gmt":"2024-02-09T13:31:22","slug":"stummfilm-mit-live-musik-%f0%9f%93%bd%ef%b8%8f-nosferatu","status":"publish","type":"mec-events","link":"https:\/\/www.evangelisch-in-jerusalem.org\/en\/events\/stummfilm-mit-live-musik-%f0%9f%93%bd%ef%b8%8f-nosferatu\/","title":{"rendered":"Stummfilm mit Live-Musik: <br>\ud83d\udcfd\ufe0f Murnaus \u201eNosferatu\u201c (D 1922)"},"content":{"rendered":"<p><strong>Musik am Steinway-Fl\u00fcgel:\u00a0 KMD Peter-Michael Seifried <\/strong><br>Film und Musik: Eintritt frei<\/p>\n\n\n\n<p>Der Vampir-Mythos lebt \u2013 irgendwie, und das seit fast 300 Jahren. Zu den Bildern des 20. Jahrhunderts, die sich unausl\u00f6schlich in unser kulturelles Ged\u00e4chtnis eingegraben haben, z\u00e4hlt zweifelsohne die expressive Gestalt Nosferatus an Deck des Schiffes, das ihn nach Wisborg bringen wird, wo der Vampir Verderben s\u00e4en und Erl\u00f6sung finden wird. Auch wer den Film nie gesehen hat, kennt dieses Bild. <\/p>\n\n\n\n<p>Friedrich Wilhelm Murnaus Film \u201eNosferatu \u2212 Eine Symphonie des Grauens\u201c, nach dem Roman \u201aDracula\u2019 von Bram Stoker (geschrieben um 1890), geh\u00f6rt zu den herausragenden Stummfilmproduktionen der zwanziger Jahre.<\/p>\n\n\n\n<figure class=\"wp-block-image size-full\"><img decoding=\"async\" src=\"https:\/\/www.evangelisch-in-jerusalem.org\/wp-content\/uploads\/2024\/02\/Nosferatu.png\" alt=\"\" class=\"wp-image-17366\"\/><\/figure>","protected":false},"excerpt":{"rendered":"<p>Musik am Steinway-Fl\u00fcgel:\u00a0 KMD Peter-Michael Seifried Film und Musik: Eintritt frei Der Vampir-Mythos lebt \u2013 irgendwie, und das seit fast 300 Jahren. Zu den Bildern des 20. Jahrhunderts, die sich unausl\u00f6schlich in unser kulturelles Ged\u00e4chtnis eingegraben haben, z\u00e4hlt zweifelsohne die expressive Gestalt Nosferatus an Deck des Schiffes, das ihn nach Wisborg bringen wird, wo der &hellip; <\/p>\n<p class=\"link-more\"><a href=\"https:\/\/www.evangelisch-in-jerusalem.org\/en\/events\/stummfilm-mit-live-musik-%f0%9f%93%bd%ef%b8%8f-nosferatu\/\" class=\"more-link\">Continue reading<span class=\"screen-reader-text\"> &#8220;Stummfilm mit Live-Musik: <br \/>\ud83d\udcfd\ufe0f Murnaus \u201eNosferatu\u201c (D 1922)&#8221;<\/span><\/a><\/p>","protected":false},"author":8,"featured_media":14518,"comment_status":"closed","ping_status":"closed","template":"","tags":[256,124,101,125,5,421],"mec_category":[392,109,96,192,11,191,514],"class_list":["post-17365","mec-events","type-mec-events","status-publish","has-post-thumbnail","hentry","tag-altstadt","tag-erloeserkirche","tag-gemeindeabend","tag-jerusalem","tag-konzert","tag-stummfilm","mec_category-top-veranstaltung","mec_category-filmabend","mec_category-gemeindeabend","mec_category-gemeindeveranst","mec_category-konzert","mec_category-musik","mec_category-stummfilm","entry"],"yoast_head":"<!-- This site is optimized with the Yoast SEO plugin v27.4 - https:\/\/yoast.com\/product\/yoast-seo-wordpress\/ -->\n<title>Stummfilm mit Live-Musik: \ud83d\udcfd\ufe0f Murnaus \u201eNosferatu\u201c (D 1922) - Evangelisch in Jerusalem<\/title>\n<meta name=\"robots\" content=\"index, follow, max-snippet:-1, max-image-preview:large, max-video-preview:-1\" \/>\n<link rel=\"canonical\" href=\"https:\/\/www.evangelisch-in-jerusalem.org\/en\/events\/stummfilm-mit-live-musik-\ud83d\udcfd\ufe0f-nosferatu\/\" \/>\n<meta property=\"og:locale\" content=\"en_GB\" \/>\n<meta property=\"og:type\" content=\"article\" \/>\n<meta property=\"og:title\" content=\"Stummfilm mit Live-Musik: \ud83d\udcfd\ufe0f Murnaus \u201eNosferatu\u201c (D 1922) - Evangelisch in Jerusalem\" \/>\n<meta property=\"og:description\" content=\"Musik am Steinway-Fl\u00fcgel:\u00a0 KMD Peter-Michael Seifried Film und Musik: Eintritt frei Der Vampir-Mythos lebt \u2013 irgendwie, und das seit fast 300 Jahren. Zu den Bildern des 20. Jahrhunderts, die sich unausl\u00f6schlich in unser kulturelles Ged\u00e4chtnis eingegraben haben, z\u00e4hlt zweifelsohne die expressive Gestalt Nosferatus an Deck des Schiffes, das ihn nach Wisborg bringen wird, wo der &hellip; Continue reading &quot;Stummfilm mit Live-Musik: \ud83d\udcfd\ufe0f Murnaus \u201eNosferatu\u201c (D 1922)&quot;\" \/>\n<meta property=\"og:url\" content=\"https:\/\/www.evangelisch-in-jerusalem.org\/en\/events\/stummfilm-mit-live-musik-\ud83d\udcfd\ufe0f-nosferatu\/\" \/>\n<meta property=\"og:site_name\" content=\"Evangelisch in Jerusalem\" \/>\n<meta property=\"article:publisher\" content=\"https:\/\/www.facebook.com\/erloeserkirche.jerusalem\" \/>\n<meta property=\"article:modified_time\" content=\"2024-02-09T13:31:22+00:00\" \/>\n<meta property=\"og:image\" content=\"https:\/\/www.evangelisch-in-jerusalem.org\/wp-content\/uploads\/2023\/06\/Stummfilmsteinway.jpg\" \/>\n\t<meta property=\"og:image:width\" content=\"1200\" \/>\n\t<meta property=\"og:image:height\" content=\"900\" \/>\n\t<meta property=\"og:image:type\" content=\"image\/jpeg\" \/>\n<meta name=\"twitter:card\" content=\"summary_large_image\" \/>\n<meta name=\"twitter:label1\" content=\"Estimated reading time\" \/>\n\t<meta name=\"twitter:data1\" content=\"1 minute\" \/>\n<script type=\"application\/ld+json\" class=\"yoast-schema-graph\">{\"@context\":\"https:\\\/\\\/schema.org\",\"@graph\":[{\"@type\":\"WebPage\",\"@id\":\"https:\\\/\\\/www.evangelisch-in-jerusalem.org\\\/events\\\/stummfilm-mit-live-musik-%f0%9f%93%bd%ef%b8%8f-nosferatu\\\/\",\"url\":\"https:\\\/\\\/www.evangelisch-in-jerusalem.org\\\/events\\\/stummfilm-mit-live-musik-%f0%9f%93%bd%ef%b8%8f-nosferatu\\\/\",\"name\":\"Stummfilm mit Live-Musik: \ud83d\udcfd\ufe0f Murnaus \u201eNosferatu\u201c (D 1922) - Evangelisch in Jerusalem\",\"isPartOf\":{\"@id\":\"https:\\\/\\\/www.evangelisch-in-jerusalem.org\\\/#website\"},\"primaryImageOfPage\":{\"@id\":\"https:\\\/\\\/www.evangelisch-in-jerusalem.org\\\/events\\\/stummfilm-mit-live-musik-%f0%9f%93%bd%ef%b8%8f-nosferatu\\\/#primaryimage\"},\"image\":{\"@id\":\"https:\\\/\\\/www.evangelisch-in-jerusalem.org\\\/events\\\/stummfilm-mit-live-musik-%f0%9f%93%bd%ef%b8%8f-nosferatu\\\/#primaryimage\"},\"thumbnailUrl\":\"https:\\\/\\\/www.evangelisch-in-jerusalem.org\\\/wp-content\\\/uploads\\\/2023\\\/06\\\/Stummfilmsteinway.jpg\",\"datePublished\":\"2024-02-02T09:51:47+00:00\",\"dateModified\":\"2024-02-09T13:31:22+00:00\",\"breadcrumb\":{\"@id\":\"https:\\\/\\\/www.evangelisch-in-jerusalem.org\\\/events\\\/stummfilm-mit-live-musik-%f0%9f%93%bd%ef%b8%8f-nosferatu\\\/#breadcrumb\"},\"inLanguage\":\"en-GB\",\"potentialAction\":[{\"@type\":\"ReadAction\",\"target\":[\"https:\\\/\\\/www.evangelisch-in-jerusalem.org\\\/events\\\/stummfilm-mit-live-musik-%f0%9f%93%bd%ef%b8%8f-nosferatu\\\/\"]}]},{\"@type\":\"ImageObject\",\"inLanguage\":\"en-GB\",\"@id\":\"https:\\\/\\\/www.evangelisch-in-jerusalem.org\\\/events\\\/stummfilm-mit-live-musik-%f0%9f%93%bd%ef%b8%8f-nosferatu\\\/#primaryimage\",\"url\":\"https:\\\/\\\/www.evangelisch-in-jerusalem.org\\\/wp-content\\\/uploads\\\/2023\\\/06\\\/Stummfilmsteinway.jpg\",\"contentUrl\":\"https:\\\/\\\/www.evangelisch-in-jerusalem.org\\\/wp-content\\\/uploads\\\/2023\\\/06\\\/Stummfilmsteinway.jpg\",\"width\":1200,\"height\":900},{\"@type\":\"BreadcrumbList\",\"@id\":\"https:\\\/\\\/www.evangelisch-in-jerusalem.org\\\/events\\\/stummfilm-mit-live-musik-%f0%9f%93%bd%ef%b8%8f-nosferatu\\\/#breadcrumb\",\"itemListElement\":[{\"@type\":\"ListItem\",\"position\":1,\"name\":\"Startseite\",\"item\":\"https:\\\/\\\/www.evangelisch-in-jerusalem.org\\\/\"},{\"@type\":\"ListItem\",\"position\":2,\"name\":\"Veranstaltungen\",\"item\":\"https:\\\/\\\/www.evangelisch-in-jerusalem.org\\\/events\\\/\"},{\"@type\":\"ListItem\",\"position\":3,\"name\":\"Stummfilm mit Live-Musik: \ud83d\udcfd\ufe0f Murnaus \u201eNosferatu\u201c (D 1922)\"}]},{\"@type\":\"WebSite\",\"@id\":\"https:\\\/\\\/www.evangelisch-in-jerusalem.org\\\/#website\",\"url\":\"https:\\\/\\\/www.evangelisch-in-jerusalem.org\\\/\",\"name\":\"Evangelisch in Jerusalem\",\"description\":\"Stiftungen der EKD im Heiligen Land\",\"publisher\":{\"@id\":\"https:\\\/\\\/www.evangelisch-in-jerusalem.org\\\/#organization\"},\"potentialAction\":[{\"@type\":\"SearchAction\",\"target\":{\"@type\":\"EntryPoint\",\"urlTemplate\":\"https:\\\/\\\/www.evangelisch-in-jerusalem.org\\\/?s={search_term_string}\"},\"query-input\":{\"@type\":\"PropertyValueSpecification\",\"valueRequired\":true,\"valueName\":\"search_term_string\"}}],\"inLanguage\":\"en-GB\"},{\"@type\":\"Organization\",\"@id\":\"https:\\\/\\\/www.evangelisch-in-jerusalem.org\\\/#organization\",\"name\":\"German Protestant Institutions in the Holy Land\",\"url\":\"https:\\\/\\\/www.evangelisch-in-jerusalem.org\\\/\",\"logo\":{\"@type\":\"ImageObject\",\"inLanguage\":\"en-GB\",\"@id\":\"https:\\\/\\\/www.evangelisch-in-jerusalem.org\\\/#\\\/schema\\\/logo\\\/image\\\/\",\"url\":\"https:\\\/\\\/www.evangelisch-in-jerusalem.org\\\/wp-content\\\/uploads\\\/2019\\\/03\\\/EIJ_Logo_500-px.png\",\"contentUrl\":\"https:\\\/\\\/www.evangelisch-in-jerusalem.org\\\/wp-content\\\/uploads\\\/2019\\\/03\\\/EIJ_Logo_500-px.png\",\"width\":500,\"height\":82,\"caption\":\"German Protestant Institutions in the Holy Land\"},\"image\":{\"@id\":\"https:\\\/\\\/www.evangelisch-in-jerusalem.org\\\/#\\\/schema\\\/logo\\\/image\\\/\"},\"sameAs\":[\"https:\\\/\\\/www.facebook.com\\\/erloeserkirche.jerusalem\"]}]}<\/script>\n<!-- \/ Yoast SEO plugin. -->","yoast_head_json":{"title":"Stummfilm mit Live-Musik: \ud83d\udcfd\ufe0f Murnaus \u201eNosferatu\u201c (D 1922) - Evangelisch in Jerusalem","robots":{"index":"index","follow":"follow","max-snippet":"max-snippet:-1","max-image-preview":"max-image-preview:large","max-video-preview":"max-video-preview:-1"},"canonical":"https:\/\/www.evangelisch-in-jerusalem.org\/en\/events\/stummfilm-mit-live-musik-\ud83d\udcfd\ufe0f-nosferatu\/","og_locale":"en_GB","og_type":"article","og_title":"Stummfilm mit Live-Musik: \ud83d\udcfd\ufe0f Murnaus \u201eNosferatu\u201c (D 1922) - Evangelisch in Jerusalem","og_description":"Musik am Steinway-Fl\u00fcgel:\u00a0 KMD Peter-Michael Seifried Film und Musik: Eintritt frei Der Vampir-Mythos lebt \u2013 irgendwie, und das seit fast 300 Jahren. Zu den Bildern des 20. Jahrhunderts, die sich unausl\u00f6schlich in unser kulturelles Ged\u00e4chtnis eingegraben haben, z\u00e4hlt zweifelsohne die expressive Gestalt Nosferatus an Deck des Schiffes, das ihn nach Wisborg bringen wird, wo der &hellip; Continue reading \"Stummfilm mit Live-Musik: \ud83d\udcfd\ufe0f Murnaus \u201eNosferatu\u201c (D 1922)\"","og_url":"https:\/\/www.evangelisch-in-jerusalem.org\/en\/events\/stummfilm-mit-live-musik-\ud83d\udcfd\ufe0f-nosferatu\/","og_site_name":"Evangelisch in Jerusalem","article_publisher":"https:\/\/www.facebook.com\/erloeserkirche.jerusalem","article_modified_time":"2024-02-09T13:31:22+00:00","og_image":[{"width":1200,"height":900,"url":"https:\/\/www.evangelisch-in-jerusalem.org\/wp-content\/uploads\/2023\/06\/Stummfilmsteinway.jpg","type":"image\/jpeg"}],"twitter_card":"summary_large_image","twitter_misc":{"Estimated reading time":"1 minute"},"schema":{"@context":"https:\/\/schema.org","@graph":[{"@type":"WebPage","@id":"https:\/\/www.evangelisch-in-jerusalem.org\/events\/stummfilm-mit-live-musik-%f0%9f%93%bd%ef%b8%8f-nosferatu\/","url":"https:\/\/www.evangelisch-in-jerusalem.org\/events\/stummfilm-mit-live-musik-%f0%9f%93%bd%ef%b8%8f-nosferatu\/","name":"Stummfilm mit Live-Musik: \ud83d\udcfd\ufe0f Murnaus \u201eNosferatu\u201c (D 1922) - Evangelisch in Jerusalem","isPartOf":{"@id":"https:\/\/www.evangelisch-in-jerusalem.org\/#website"},"primaryImageOfPage":{"@id":"https:\/\/www.evangelisch-in-jerusalem.org\/events\/stummfilm-mit-live-musik-%f0%9f%93%bd%ef%b8%8f-nosferatu\/#primaryimage"},"image":{"@id":"https:\/\/www.evangelisch-in-jerusalem.org\/events\/stummfilm-mit-live-musik-%f0%9f%93%bd%ef%b8%8f-nosferatu\/#primaryimage"},"thumbnailUrl":"https:\/\/www.evangelisch-in-jerusalem.org\/wp-content\/uploads\/2023\/06\/Stummfilmsteinway.jpg","datePublished":"2024-02-02T09:51:47+00:00","dateModified":"2024-02-09T13:31:22+00:00","breadcrumb":{"@id":"https:\/\/www.evangelisch-in-jerusalem.org\/events\/stummfilm-mit-live-musik-%f0%9f%93%bd%ef%b8%8f-nosferatu\/#breadcrumb"},"inLanguage":"en-GB","potentialAction":[{"@type":"ReadAction","target":["https:\/\/www.evangelisch-in-jerusalem.org\/events\/stummfilm-mit-live-musik-%f0%9f%93%bd%ef%b8%8f-nosferatu\/"]}]},{"@type":"ImageObject","inLanguage":"en-GB","@id":"https:\/\/www.evangelisch-in-jerusalem.org\/events\/stummfilm-mit-live-musik-%f0%9f%93%bd%ef%b8%8f-nosferatu\/#primaryimage","url":"https:\/\/www.evangelisch-in-jerusalem.org\/wp-content\/uploads\/2023\/06\/Stummfilmsteinway.jpg","contentUrl":"https:\/\/www.evangelisch-in-jerusalem.org\/wp-content\/uploads\/2023\/06\/Stummfilmsteinway.jpg","width":1200,"height":900},{"@type":"BreadcrumbList","@id":"https:\/\/www.evangelisch-in-jerusalem.org\/events\/stummfilm-mit-live-musik-%f0%9f%93%bd%ef%b8%8f-nosferatu\/#breadcrumb","itemListElement":[{"@type":"ListItem","position":1,"name":"Startseite","item":"https:\/\/www.evangelisch-in-jerusalem.org\/"},{"@type":"ListItem","position":2,"name":"Veranstaltungen","item":"https:\/\/www.evangelisch-in-jerusalem.org\/events\/"},{"@type":"ListItem","position":3,"name":"Stummfilm mit Live-Musik: \ud83d\udcfd\ufe0f Murnaus \u201eNosferatu\u201c (D 1922)"}]},{"@type":"WebSite","@id":"https:\/\/www.evangelisch-in-jerusalem.org\/#website","url":"https:\/\/www.evangelisch-in-jerusalem.org\/","name":"Evangelisch in Jerusalem","description":"German Protestant Institutions in the Holy Land","publisher":{"@id":"https:\/\/www.evangelisch-in-jerusalem.org\/#organization"},"potentialAction":[{"@type":"SearchAction","target":{"@type":"EntryPoint","urlTemplate":"https:\/\/www.evangelisch-in-jerusalem.org\/?s={search_term_string}"},"query-input":{"@type":"PropertyValueSpecification","valueRequired":true,"valueName":"search_term_string"}}],"inLanguage":"en-GB"},{"@type":"Organization","@id":"https:\/\/www.evangelisch-in-jerusalem.org\/#organization","name":"German Protestant Institutions in the Holy Land","url":"https:\/\/www.evangelisch-in-jerusalem.org\/","logo":{"@type":"ImageObject","inLanguage":"en-GB","@id":"https:\/\/www.evangelisch-in-jerusalem.org\/#\/schema\/logo\/image\/","url":"https:\/\/www.evangelisch-in-jerusalem.org\/wp-content\/uploads\/2019\/03\/EIJ_Logo_500-px.png","contentUrl":"https:\/\/www.evangelisch-in-jerusalem.org\/wp-content\/uploads\/2019\/03\/EIJ_Logo_500-px.png","width":500,"height":82,"caption":"German Protestant Institutions in the Holy Land"},"image":{"@id":"https:\/\/www.evangelisch-in-jerusalem.org\/#\/schema\/logo\/image\/"},"sameAs":["https:\/\/www.facebook.com\/erloeserkirche.jerusalem"]}]}},"_links":{"self":[{"href":"https:\/\/www.evangelisch-in-jerusalem.org\/en\/wp-json\/wp\/v2\/mec-events\/17365","targetHints":{"allow":["GET"]}}],"collection":[{"href":"https:\/\/www.evangelisch-in-jerusalem.org\/en\/wp-json\/wp\/v2\/mec-events"}],"about":[{"href":"https:\/\/www.evangelisch-in-jerusalem.org\/en\/wp-json\/wp\/v2\/types\/mec-events"}],"author":[{"embeddable":true,"href":"https:\/\/www.evangelisch-in-jerusalem.org\/en\/wp-json\/wp\/v2\/users\/8"}],"replies":[{"embeddable":true,"href":"https:\/\/www.evangelisch-in-jerusalem.org\/en\/wp-json\/wp\/v2\/comments?post=17365"}],"version-history":[{"count":3,"href":"https:\/\/www.evangelisch-in-jerusalem.org\/en\/wp-json\/wp\/v2\/mec-events\/17365\/revisions"}],"predecessor-version":[{"id":17411,"href":"https:\/\/www.evangelisch-in-jerusalem.org\/en\/wp-json\/wp\/v2\/mec-events\/17365\/revisions\/17411"}],"wp:featuredmedia":[{"embeddable":true,"href":"https:\/\/www.evangelisch-in-jerusalem.org\/en\/wp-json\/wp\/v2\/media\/14518"}],"wp:attachment":[{"href":"https:\/\/www.evangelisch-in-jerusalem.org\/en\/wp-json\/wp\/v2\/media?parent=17365"}],"wp:term":[{"taxonomy":"post_tag","embeddable":true,"href":"https:\/\/www.evangelisch-in-jerusalem.org\/en\/wp-json\/wp\/v2\/tags?post=17365"},{"taxonomy":"mec_category","embeddable":true,"href":"https:\/\/www.evangelisch-in-jerusalem.org\/en\/wp-json\/wp\/v2\/mec_category?post=17365"}],"curies":[{"name":"wp","href":"https:\/\/api.w.org\/{rel}","templated":true}]}}