{"id":14686,"date":"2023-06-27T11:44:22","date_gmt":"2023-06-27T08:44:22","guid":{"rendered":"https:\/\/www.evangelisch-in-jerusalem.org\/?post_type=mec-events&#038;p=14686"},"modified":"2023-07-02T07:20:45","modified_gmt":"2023-07-02T04:20:45","slug":"filmabend-im-cafe-auguste-victoria","status":"publish","type":"mec-events","link":"https:\/\/www.evangelisch-in-jerusalem.org\/en\/events\/filmabend-im-cafe-auguste-victoria\/","title":{"rendered":"Filmabend im Caf\u00e9 Auguste Victoria"},"content":{"rendered":"<p>The Chosen<\/p>\n\n\n\n<p>Juli &#8211; Filmabende im Caf\u00e9 Auguste<\/p>\n\n\n\n<p><br>Nun gibt es das Leben Jesu und die Evangelien auch seriell. Die 2019 erschienene erste Staffel von \u201eThe Chosen\u201c hat die Balance zwischen Intensit\u00e4t und religi\u00f6sen Kitsch bravour\u00f6s gehalten und erz\u00e4hlt die Ge-schichte eines zun\u00e4chst unscheinbaren Zimmermannes, der mehr und mehr mit seiner Botschaft von einem anderen und neuen Leben in Er-scheinung tritt. Der Film erz\u00e4hlt aus der Perspektive von Personen, die Jesus begegnen, wie dieser Mann das Leben seiner J\u00fcnger wunderbar wandeln konnte: Der aufmerksame und sensible Nikodemus, der verein-samte und verkrampfte Z\u00f6llner Matth\u00e4us oder der aufbrausende Petrus. Sie alle erliegen dem Zauber des humorvollen und geselligen Predigers, der ihnen ihr Leben und das Leben aller in einem neuen Licht erscheinen l\u00e4sst.<br>Der Filmkritiker Andreas Brauns vom NDR sagt \u00fcber den Film: \u201eIn der amerikanischen Serie, &#8220;The Chosen&#8221;, &#8220;Der Auserw\u00e4hlte&#8221;, haben Millio-nen von Zuschauern einen Jesus kennengelernt, der einfach menschlich und nahbar ist. In dem aber zugleich etwas aufscheint, was nicht von die-ser Welt ist. Die Kameras haben das wunderbar eingefangen, ohne dass etwas mit Worten erkl\u00e4rt werden muss.\u201c<br>Derzeit ist die vierte Staffel in Arbeit.<br>Wir wollen die erste Staffel dieses neuartigen und aufregenden Jesusfilms \u2013 als Sommerprogramm f\u00fcr Volont\u00e4re &#8211; gemeinsam anschauen und im Anschluss \u00fcber die Filme sprechen.<\/p>\n\n\n\n<p><br>Beginn um 18.30 Uhr, T\u00fcr\u00f6ffnung 18.00 Uhr<br>Die Termine sind wie folgt geplant:<\/p>\n\n\n\n<p><br>Do 6.Juli Staffel 1, Episoden 1+2 90 min<br>Do 13.Juli Staffel 1, Episoden 3+4 80 min<br>Do 20.Juli Staffel 1, Episoden 5+6 105 min<br>Do 27.Juli Staffel 1, Episoden 7+8 100 min<\/p>\n\n\n\n<p><br>F\u00fcr 1 Softdrink und die Knabbereien 20.\u2014NIS, f\u00fcr das Bier 20.&#8211;NIS<br>Je nach anwesendem Publikum wird der Film in Deutsch oder English mit deutschem Untertitel gezeigt. Ihr k\u00f6nnt also auch Freunde aus der ganzen Welt mitbringen.<br>Herzliche Einladung<br>Euer Auguste Victoria Team<\/p>","protected":false},"excerpt":{"rendered":"<p>The Chosen Juli &#8211; Filmabende im Caf\u00e9 Auguste Nun gibt es das Leben Jesu und die Evangelien auch seriell. Die 2019 erschienene erste Staffel von \u201eThe Chosen\u201c hat die Balance zwischen Intensit\u00e4t und religi\u00f6sen Kitsch bravour\u00f6s gehalten und erz\u00e4hlt die Ge-schichte eines zun\u00e4chst unscheinbaren Zimmermannes, der mehr und mehr mit seiner Botschaft von einem anderen &hellip; <\/p>\n<p class=\"link-more\"><a href=\"https:\/\/www.evangelisch-in-jerusalem.org\/en\/events\/filmabend-im-cafe-auguste-victoria\/\" class=\"more-link\">Continue reading<span class=\"screen-reader-text\"> &#8220;Filmabend im Caf\u00e9 Auguste Victoria&#8221;<\/span><\/a><\/p>","protected":false},"author":8,"featured_media":0,"comment_status":"closed","ping_status":"closed","template":"","tags":[286,110,104,125],"mec_category":[392,109,192],"class_list":["post-14686","mec-events","type-mec-events","status-publish","hentry","tag-cafe-auguste-victoria","tag-filmabend","tag-himmelfahrtkirche","tag-jerusalem","mec_category-top-veranstaltung","mec_category-filmabend","mec_category-gemeindeveranst","entry"],"yoast_head":"<!-- This site is optimized with the Yoast SEO plugin v27.4 - https:\/\/yoast.com\/product\/yoast-seo-wordpress\/ -->\n<title>Filmabend im Caf\u00e9 Auguste Victoria - Evangelisch in Jerusalem<\/title>\n<meta name=\"robots\" content=\"index, follow, max-snippet:-1, max-image-preview:large, max-video-preview:-1\" \/>\n<link rel=\"canonical\" href=\"https:\/\/www.evangelisch-in-jerusalem.org\/en\/events\/filmabend-im-cafe-auguste-victoria\/\" \/>\n<meta property=\"og:locale\" content=\"en_GB\" \/>\n<meta property=\"og:type\" content=\"article\" \/>\n<meta property=\"og:title\" content=\"Filmabend im Caf\u00e9 Auguste Victoria - Evangelisch in Jerusalem\" \/>\n<meta property=\"og:description\" content=\"The Chosen Juli &#8211; Filmabende im Caf\u00e9 Auguste Nun gibt es das Leben Jesu und die Evangelien auch seriell. Die 2019 erschienene erste Staffel von \u201eThe Chosen\u201c hat die Balance zwischen Intensit\u00e4t und religi\u00f6sen Kitsch bravour\u00f6s gehalten und erz\u00e4hlt die Ge-schichte eines zun\u00e4chst unscheinbaren Zimmermannes, der mehr und mehr mit seiner Botschaft von einem anderen &hellip; Continue reading &quot;Filmabend im Caf\u00e9 Auguste Victoria&quot;\" \/>\n<meta property=\"og:url\" content=\"https:\/\/www.evangelisch-in-jerusalem.org\/en\/events\/filmabend-im-cafe-auguste-victoria\/\" \/>\n<meta property=\"og:site_name\" content=\"Evangelisch in Jerusalem\" \/>\n<meta property=\"article:publisher\" content=\"https:\/\/www.facebook.com\/erloeserkirche.jerusalem\" \/>\n<meta property=\"article:modified_time\" content=\"2023-07-02T04:20:45+00:00\" \/>\n<meta property=\"og:image\" content=\"https:\/\/www.evangelisch-in-jerusalem.org\/wp-content\/uploads\/2023\/06\/The-Chosen-002-scaled.jpg\" \/>\n\t<meta property=\"og:image:width\" content=\"1810\" \/>\n\t<meta property=\"og:image:height\" content=\"2560\" \/>\n\t<meta property=\"og:image:type\" content=\"image\/jpeg\" \/>\n<meta name=\"twitter:card\" content=\"summary_large_image\" \/>\n<meta name=\"twitter:label1\" content=\"Estimated reading time\" \/>\n\t<meta name=\"twitter:data1\" content=\"2 minutes\" \/>\n<script type=\"application\/ld+json\" class=\"yoast-schema-graph\">{\"@context\":\"https:\\\/\\\/schema.org\",\"@graph\":[{\"@type\":\"WebPage\",\"@id\":\"https:\\\/\\\/www.evangelisch-in-jerusalem.org\\\/events\\\/filmabend-im-cafe-auguste-victoria\\\/\",\"url\":\"https:\\\/\\\/www.evangelisch-in-jerusalem.org\\\/events\\\/filmabend-im-cafe-auguste-victoria\\\/\",\"name\":\"Filmabend im Caf\u00e9 Auguste Victoria - Evangelisch in Jerusalem\",\"isPartOf\":{\"@id\":\"https:\\\/\\\/www.evangelisch-in-jerusalem.org\\\/#website\"},\"datePublished\":\"2023-06-27T08:44:22+00:00\",\"dateModified\":\"2023-07-02T04:20:45+00:00\",\"breadcrumb\":{\"@id\":\"https:\\\/\\\/www.evangelisch-in-jerusalem.org\\\/events\\\/filmabend-im-cafe-auguste-victoria\\\/#breadcrumb\"},\"inLanguage\":\"en-GB\",\"potentialAction\":[{\"@type\":\"ReadAction\",\"target\":[\"https:\\\/\\\/www.evangelisch-in-jerusalem.org\\\/events\\\/filmabend-im-cafe-auguste-victoria\\\/\"]}]},{\"@type\":\"BreadcrumbList\",\"@id\":\"https:\\\/\\\/www.evangelisch-in-jerusalem.org\\\/events\\\/filmabend-im-cafe-auguste-victoria\\\/#breadcrumb\",\"itemListElement\":[{\"@type\":\"ListItem\",\"position\":1,\"name\":\"Startseite\",\"item\":\"https:\\\/\\\/www.evangelisch-in-jerusalem.org\\\/\"},{\"@type\":\"ListItem\",\"position\":2,\"name\":\"Veranstaltungen\",\"item\":\"https:\\\/\\\/www.evangelisch-in-jerusalem.org\\\/events\\\/\"},{\"@type\":\"ListItem\",\"position\":3,\"name\":\"Filmabend im Caf\u00e9 Auguste Victoria\"}]},{\"@type\":\"WebSite\",\"@id\":\"https:\\\/\\\/www.evangelisch-in-jerusalem.org\\\/#website\",\"url\":\"https:\\\/\\\/www.evangelisch-in-jerusalem.org\\\/\",\"name\":\"Evangelisch in Jerusalem\",\"description\":\"Stiftungen der EKD im Heiligen Land\",\"publisher\":{\"@id\":\"https:\\\/\\\/www.evangelisch-in-jerusalem.org\\\/#organization\"},\"potentialAction\":[{\"@type\":\"SearchAction\",\"target\":{\"@type\":\"EntryPoint\",\"urlTemplate\":\"https:\\\/\\\/www.evangelisch-in-jerusalem.org\\\/?s={search_term_string}\"},\"query-input\":{\"@type\":\"PropertyValueSpecification\",\"valueRequired\":true,\"valueName\":\"search_term_string\"}}],\"inLanguage\":\"en-GB\"},{\"@type\":\"Organization\",\"@id\":\"https:\\\/\\\/www.evangelisch-in-jerusalem.org\\\/#organization\",\"name\":\"German Protestant Institutions in the Holy Land\",\"url\":\"https:\\\/\\\/www.evangelisch-in-jerusalem.org\\\/\",\"logo\":{\"@type\":\"ImageObject\",\"inLanguage\":\"en-GB\",\"@id\":\"https:\\\/\\\/www.evangelisch-in-jerusalem.org\\\/#\\\/schema\\\/logo\\\/image\\\/\",\"url\":\"https:\\\/\\\/www.evangelisch-in-jerusalem.org\\\/wp-content\\\/uploads\\\/2019\\\/03\\\/EIJ_Logo_500-px.png\",\"contentUrl\":\"https:\\\/\\\/www.evangelisch-in-jerusalem.org\\\/wp-content\\\/uploads\\\/2019\\\/03\\\/EIJ_Logo_500-px.png\",\"width\":500,\"height\":82,\"caption\":\"German Protestant Institutions in the Holy Land\"},\"image\":{\"@id\":\"https:\\\/\\\/www.evangelisch-in-jerusalem.org\\\/#\\\/schema\\\/logo\\\/image\\\/\"},\"sameAs\":[\"https:\\\/\\\/www.facebook.com\\\/erloeserkirche.jerusalem\"]}]}<\/script>\n<!-- \/ Yoast SEO plugin. -->","yoast_head_json":{"title":"Filmabend im Caf\u00e9 Auguste Victoria - Evangelisch in Jerusalem","robots":{"index":"index","follow":"follow","max-snippet":"max-snippet:-1","max-image-preview":"max-image-preview:large","max-video-preview":"max-video-preview:-1"},"canonical":"https:\/\/www.evangelisch-in-jerusalem.org\/en\/events\/filmabend-im-cafe-auguste-victoria\/","og_locale":"en_GB","og_type":"article","og_title":"Filmabend im Caf\u00e9 Auguste Victoria - Evangelisch in Jerusalem","og_description":"The Chosen Juli &#8211; Filmabende im Caf\u00e9 Auguste Nun gibt es das Leben Jesu und die Evangelien auch seriell. Die 2019 erschienene erste Staffel von \u201eThe Chosen\u201c hat die Balance zwischen Intensit\u00e4t und religi\u00f6sen Kitsch bravour\u00f6s gehalten und erz\u00e4hlt die Ge-schichte eines zun\u00e4chst unscheinbaren Zimmermannes, der mehr und mehr mit seiner Botschaft von einem anderen &hellip; Continue reading \"Filmabend im Caf\u00e9 Auguste Victoria\"","og_url":"https:\/\/www.evangelisch-in-jerusalem.org\/en\/events\/filmabend-im-cafe-auguste-victoria\/","og_site_name":"Evangelisch in Jerusalem","article_publisher":"https:\/\/www.facebook.com\/erloeserkirche.jerusalem","article_modified_time":"2023-07-02T04:20:45+00:00","og_image":[{"width":1810,"height":2560,"url":"https:\/\/www.evangelisch-in-jerusalem.org\/wp-content\/uploads\/2023\/06\/The-Chosen-002-scaled.jpg","type":"image\/jpeg"}],"twitter_card":"summary_large_image","twitter_misc":{"Estimated reading time":"2 minutes"},"schema":{"@context":"https:\/\/schema.org","@graph":[{"@type":"WebPage","@id":"https:\/\/www.evangelisch-in-jerusalem.org\/events\/filmabend-im-cafe-auguste-victoria\/","url":"https:\/\/www.evangelisch-in-jerusalem.org\/events\/filmabend-im-cafe-auguste-victoria\/","name":"Filmabend im Caf\u00e9 Auguste Victoria - Evangelisch in Jerusalem","isPartOf":{"@id":"https:\/\/www.evangelisch-in-jerusalem.org\/#website"},"datePublished":"2023-06-27T08:44:22+00:00","dateModified":"2023-07-02T04:20:45+00:00","breadcrumb":{"@id":"https:\/\/www.evangelisch-in-jerusalem.org\/events\/filmabend-im-cafe-auguste-victoria\/#breadcrumb"},"inLanguage":"en-GB","potentialAction":[{"@type":"ReadAction","target":["https:\/\/www.evangelisch-in-jerusalem.org\/events\/filmabend-im-cafe-auguste-victoria\/"]}]},{"@type":"BreadcrumbList","@id":"https:\/\/www.evangelisch-in-jerusalem.org\/events\/filmabend-im-cafe-auguste-victoria\/#breadcrumb","itemListElement":[{"@type":"ListItem","position":1,"name":"Startseite","item":"https:\/\/www.evangelisch-in-jerusalem.org\/"},{"@type":"ListItem","position":2,"name":"Veranstaltungen","item":"https:\/\/www.evangelisch-in-jerusalem.org\/events\/"},{"@type":"ListItem","position":3,"name":"Filmabend im Caf\u00e9 Auguste Victoria"}]},{"@type":"WebSite","@id":"https:\/\/www.evangelisch-in-jerusalem.org\/#website","url":"https:\/\/www.evangelisch-in-jerusalem.org\/","name":"Evangelisch in Jerusalem","description":"German Protestant Institutions in the Holy Land","publisher":{"@id":"https:\/\/www.evangelisch-in-jerusalem.org\/#organization"},"potentialAction":[{"@type":"SearchAction","target":{"@type":"EntryPoint","urlTemplate":"https:\/\/www.evangelisch-in-jerusalem.org\/?s={search_term_string}"},"query-input":{"@type":"PropertyValueSpecification","valueRequired":true,"valueName":"search_term_string"}}],"inLanguage":"en-GB"},{"@type":"Organization","@id":"https:\/\/www.evangelisch-in-jerusalem.org\/#organization","name":"German Protestant Institutions in the Holy Land","url":"https:\/\/www.evangelisch-in-jerusalem.org\/","logo":{"@type":"ImageObject","inLanguage":"en-GB","@id":"https:\/\/www.evangelisch-in-jerusalem.org\/#\/schema\/logo\/image\/","url":"https:\/\/www.evangelisch-in-jerusalem.org\/wp-content\/uploads\/2019\/03\/EIJ_Logo_500-px.png","contentUrl":"https:\/\/www.evangelisch-in-jerusalem.org\/wp-content\/uploads\/2019\/03\/EIJ_Logo_500-px.png","width":500,"height":82,"caption":"German Protestant Institutions in the Holy Land"},"image":{"@id":"https:\/\/www.evangelisch-in-jerusalem.org\/#\/schema\/logo\/image\/"},"sameAs":["https:\/\/www.facebook.com\/erloeserkirche.jerusalem"]}]}},"_links":{"self":[{"href":"https:\/\/www.evangelisch-in-jerusalem.org\/en\/wp-json\/wp\/v2\/mec-events\/14686","targetHints":{"allow":["GET"]}}],"collection":[{"href":"https:\/\/www.evangelisch-in-jerusalem.org\/en\/wp-json\/wp\/v2\/mec-events"}],"about":[{"href":"https:\/\/www.evangelisch-in-jerusalem.org\/en\/wp-json\/wp\/v2\/types\/mec-events"}],"author":[{"embeddable":true,"href":"https:\/\/www.evangelisch-in-jerusalem.org\/en\/wp-json\/wp\/v2\/users\/8"}],"replies":[{"embeddable":true,"href":"https:\/\/www.evangelisch-in-jerusalem.org\/en\/wp-json\/wp\/v2\/comments?post=14686"}],"version-history":[{"count":1,"href":"https:\/\/www.evangelisch-in-jerusalem.org\/en\/wp-json\/wp\/v2\/mec-events\/14686\/revisions"}],"predecessor-version":[{"id":14690,"href":"https:\/\/www.evangelisch-in-jerusalem.org\/en\/wp-json\/wp\/v2\/mec-events\/14686\/revisions\/14690"}],"wp:attachment":[{"href":"https:\/\/www.evangelisch-in-jerusalem.org\/en\/wp-json\/wp\/v2\/media?parent=14686"}],"wp:term":[{"taxonomy":"post_tag","embeddable":true,"href":"https:\/\/www.evangelisch-in-jerusalem.org\/en\/wp-json\/wp\/v2\/tags?post=14686"},{"taxonomy":"mec_category","embeddable":true,"href":"https:\/\/www.evangelisch-in-jerusalem.org\/en\/wp-json\/wp\/v2\/mec_category?post=14686"}],"curies":[{"name":"wp","href":"https:\/\/api.w.org\/{rel}","templated":true}]}}