{"id":13828,"date":"2023-03-20T18:18:52","date_gmt":"2023-03-20T16:18:52","guid":{"rendered":"https:\/\/www.evangelisch-in-jerusalem.org\/?post_type=mec-events&#038;p=13828"},"modified":"2023-04-03T17:21:54","modified_gmt":"2023-04-03T14:21:54","slug":"die-sieben-letzten-worte-unseres-erloesers-am-kreuz-fuer-streichquartett","status":"publish","type":"mec-events","link":"https:\/\/www.evangelisch-in-jerusalem.org\/en\/events\/die-sieben-letzten-worte-unseres-erloesers-am-kreuz-fuer-streichquartett\/","title":{"rendered":"\u201eDie sieben letzten Worte unseres Erl\u00f6sers am Kreuz\u201c f\u00fcr Streichquartett. Joseph Haydn, Hob. XX:1"},"content":{"rendered":"<p><strong>String Quartett Moti Schmitt<\/strong><br>Lesungen: KMD <strong>Peter-Michael Seifried<\/strong><\/p>\n\n\n\n<p>\u201eHaydns Passionszyklus f\u00fcr Orchester bzw. Streichquartett \u00fcberw\u00e4ltigte die Zeitgenossen und l\u00f6st noch beim heutigen Publikum den Eindruck aus, die sieben in den Evangelien verb\u00fcrgten Worte Jesu am Kreuz seien hier &#8216;wahr und feierlich&#8217; wiedergegeben.\u201c<\/p>\n\n\n\n<p>Instrumentalmusik \u00fcber die sieben letzten Worte unseres Erl\u00f6sers am Kreuz, bestehend aus sieben Sonaten mit einer Einleitung und einem Erdbeben am Ende lautet \u00fcbersetzt der italienische Originaltitel der Wiener Erstausgabe.&nbsp;<\/p>\n\n\n\n<p>Die Spiritualit\u00e4t eines auf Passionsbedenken&nbsp;ausgerichteten Raumes ist f\u00fcr das Verst\u00e4ndnis dieser Musik im Grunde unabdingbar, will man sie nicht als absolute Musik, sondern als \u201eMusica instrumentale sopra\u2026\u201c begreifen.<\/p>","protected":false},"excerpt":{"rendered":"<p>String Quartett Moti SchmittLesungen: KMD Peter-Michael Seifried \u201eHaydns Passionszyklus f\u00fcr Orchester bzw. Streichquartett \u00fcberw\u00e4ltigte die Zeitgenossen und l\u00f6st noch beim heutigen Publikum den Eindruck aus, die sieben in den Evangelien verb\u00fcrgten Worte Jesu am Kreuz seien hier &#8216;wahr und feierlich&#8217; wiedergegeben.\u201c Instrumentalmusik \u00fcber die sieben letzten Worte unseres Erl\u00f6sers am Kreuz, bestehend aus sieben Sonaten &hellip; <\/p>\n<p class=\"link-more\"><a href=\"https:\/\/www.evangelisch-in-jerusalem.org\/en\/events\/die-sieben-letzten-worte-unseres-erloesers-am-kreuz-fuer-streichquartett\/\" class=\"more-link\">Continue reading<span class=\"screen-reader-text\"> &#8220;\u201eDie sieben letzten Worte unseres Erl\u00f6sers am Kreuz\u201c f\u00fcr Streichquartett. Joseph Haydn, Hob. XX:1&#8221;<\/span><\/a><\/p>","protected":false},"author":6,"featured_media":13998,"comment_status":"closed","ping_status":"closed","template":"","tags":[442,452,451],"mec_category":[392,203,11],"class_list":["post-13828","mec-events","type-mec-events","status-publish","has-post-thumbnail","hentry","tag-karfreitag","tag-kreuz","tag-passion","mec_category-top-veranstaltung","mec_category-andacht","mec_category-konzert","entry"],"yoast_head":"<!-- This site is optimized with the Yoast SEO plugin v27.4 - https:\/\/yoast.com\/product\/yoast-seo-wordpress\/ -->\n<title>\u201eDie sieben letzten Worte unseres Erl\u00f6sers am Kreuz\u201c f\u00fcr Streichquartett. Joseph Haydn, Hob. XX:1 - Evangelisch in Jerusalem<\/title>\n<meta name=\"robots\" content=\"index, follow, max-snippet:-1, max-image-preview:large, max-video-preview:-1\" \/>\n<link rel=\"canonical\" href=\"https:\/\/www.evangelisch-in-jerusalem.org\/en\/events\/die-sieben-letzten-worte-unseres-erloesers-am-kreuz-fuer-streichquartett\/\" \/>\n<meta property=\"og:locale\" content=\"en_GB\" \/>\n<meta property=\"og:type\" content=\"article\" \/>\n<meta property=\"og:title\" content=\"\u201eDie sieben letzten Worte unseres Erl\u00f6sers am Kreuz\u201c f\u00fcr Streichquartett. Joseph Haydn, Hob. XX:1 - Evangelisch in Jerusalem\" \/>\n<meta property=\"og:description\" content=\"String Quartett Moti SchmittLesungen: KMD Peter-Michael Seifried \u201eHaydns Passionszyklus f\u00fcr Orchester bzw. Streichquartett \u00fcberw\u00e4ltigte die Zeitgenossen und l\u00f6st noch beim heutigen Publikum den Eindruck aus, die sieben in den Evangelien verb\u00fcrgten Worte Jesu am Kreuz seien hier &#8216;wahr und feierlich&#8217; wiedergegeben.\u201c Instrumentalmusik \u00fcber die sieben letzten Worte unseres Erl\u00f6sers am Kreuz, bestehend aus sieben Sonaten &hellip; Continue reading &quot;\u201eDie sieben letzten Worte unseres Erl\u00f6sers am Kreuz\u201c f\u00fcr Streichquartett. Joseph Haydn, Hob. XX:1&quot;\" \/>\n<meta property=\"og:url\" content=\"https:\/\/www.evangelisch-in-jerusalem.org\/en\/events\/die-sieben-letzten-worte-unseres-erloesers-am-kreuz-fuer-streichquartett\/\" \/>\n<meta property=\"og:site_name\" content=\"Evangelisch in Jerusalem\" \/>\n<meta property=\"article:publisher\" content=\"https:\/\/www.facebook.com\/erloeserkirche.jerusalem\" \/>\n<meta property=\"article:modified_time\" content=\"2023-04-03T14:21:54+00:00\" \/>\n<meta property=\"og:image\" content=\"https:\/\/www.evangelisch-in-jerusalem.org\/wp-content\/uploads\/2023\/03\/Streichquartett_Larisa_Birta_unsplash-1280.jpg\" \/>\n\t<meta property=\"og:image:width\" content=\"1280\" \/>\n\t<meta property=\"og:image:height\" content=\"720\" \/>\n\t<meta property=\"og:image:type\" content=\"image\/jpeg\" \/>\n<meta name=\"twitter:card\" content=\"summary_large_image\" \/>\n<meta name=\"twitter:label1\" content=\"Estimated reading time\" \/>\n\t<meta name=\"twitter:data1\" content=\"1 minute\" \/>\n<script type=\"application\/ld+json\" class=\"yoast-schema-graph\">{\"@context\":\"https:\\\/\\\/schema.org\",\"@graph\":[{\"@type\":\"WebPage\",\"@id\":\"https:\\\/\\\/www.evangelisch-in-jerusalem.org\\\/events\\\/die-sieben-letzten-worte-unseres-erloesers-am-kreuz-fuer-streichquartett\\\/\",\"url\":\"https:\\\/\\\/www.evangelisch-in-jerusalem.org\\\/events\\\/die-sieben-letzten-worte-unseres-erloesers-am-kreuz-fuer-streichquartett\\\/\",\"name\":\"\u201eDie sieben letzten Worte unseres Erl\u00f6sers am Kreuz\u201c f\u00fcr Streichquartett. Joseph Haydn, Hob. XX:1 - Evangelisch in Jerusalem\",\"isPartOf\":{\"@id\":\"https:\\\/\\\/www.evangelisch-in-jerusalem.org\\\/#website\"},\"primaryImageOfPage\":{\"@id\":\"https:\\\/\\\/www.evangelisch-in-jerusalem.org\\\/events\\\/die-sieben-letzten-worte-unseres-erloesers-am-kreuz-fuer-streichquartett\\\/#primaryimage\"},\"image\":{\"@id\":\"https:\\\/\\\/www.evangelisch-in-jerusalem.org\\\/events\\\/die-sieben-letzten-worte-unseres-erloesers-am-kreuz-fuer-streichquartett\\\/#primaryimage\"},\"thumbnailUrl\":\"https:\\\/\\\/www.evangelisch-in-jerusalem.org\\\/wp-content\\\/uploads\\\/2023\\\/03\\\/Streichquartett_Larisa_Birta_unsplash-1280.jpg\",\"datePublished\":\"2023-03-20T16:18:52+00:00\",\"dateModified\":\"2023-04-03T14:21:54+00:00\",\"breadcrumb\":{\"@id\":\"https:\\\/\\\/www.evangelisch-in-jerusalem.org\\\/events\\\/die-sieben-letzten-worte-unseres-erloesers-am-kreuz-fuer-streichquartett\\\/#breadcrumb\"},\"inLanguage\":\"en-GB\",\"potentialAction\":[{\"@type\":\"ReadAction\",\"target\":[\"https:\\\/\\\/www.evangelisch-in-jerusalem.org\\\/events\\\/die-sieben-letzten-worte-unseres-erloesers-am-kreuz-fuer-streichquartett\\\/\"]}]},{\"@type\":\"ImageObject\",\"inLanguage\":\"en-GB\",\"@id\":\"https:\\\/\\\/www.evangelisch-in-jerusalem.org\\\/events\\\/die-sieben-letzten-worte-unseres-erloesers-am-kreuz-fuer-streichquartett\\\/#primaryimage\",\"url\":\"https:\\\/\\\/www.evangelisch-in-jerusalem.org\\\/wp-content\\\/uploads\\\/2023\\\/03\\\/Streichquartett_Larisa_Birta_unsplash-1280.jpg\",\"contentUrl\":\"https:\\\/\\\/www.evangelisch-in-jerusalem.org\\\/wp-content\\\/uploads\\\/2023\\\/03\\\/Streichquartett_Larisa_Birta_unsplash-1280.jpg\",\"width\":1280,\"height\":720,\"caption\":\"Die sieben letzte Worte unseres Erl\u00f6sers am Kreuz.\"},{\"@type\":\"BreadcrumbList\",\"@id\":\"https:\\\/\\\/www.evangelisch-in-jerusalem.org\\\/events\\\/die-sieben-letzten-worte-unseres-erloesers-am-kreuz-fuer-streichquartett\\\/#breadcrumb\",\"itemListElement\":[{\"@type\":\"ListItem\",\"position\":1,\"name\":\"Startseite\",\"item\":\"https:\\\/\\\/www.evangelisch-in-jerusalem.org\\\/\"},{\"@type\":\"ListItem\",\"position\":2,\"name\":\"Veranstaltungen\",\"item\":\"https:\\\/\\\/www.evangelisch-in-jerusalem.org\\\/events\\\/\"},{\"@type\":\"ListItem\",\"position\":3,\"name\":\"\u201eDie sieben letzten Worte unseres Erl\u00f6sers am Kreuz\u201c f\u00fcr Streichquartett. Joseph Haydn, Hob. XX:1\"}]},{\"@type\":\"WebSite\",\"@id\":\"https:\\\/\\\/www.evangelisch-in-jerusalem.org\\\/#website\",\"url\":\"https:\\\/\\\/www.evangelisch-in-jerusalem.org\\\/\",\"name\":\"Evangelisch in Jerusalem\",\"description\":\"Stiftungen der EKD im Heiligen Land\",\"publisher\":{\"@id\":\"https:\\\/\\\/www.evangelisch-in-jerusalem.org\\\/#organization\"},\"potentialAction\":[{\"@type\":\"SearchAction\",\"target\":{\"@type\":\"EntryPoint\",\"urlTemplate\":\"https:\\\/\\\/www.evangelisch-in-jerusalem.org\\\/?s={search_term_string}\"},\"query-input\":{\"@type\":\"PropertyValueSpecification\",\"valueRequired\":true,\"valueName\":\"search_term_string\"}}],\"inLanguage\":\"en-GB\"},{\"@type\":\"Organization\",\"@id\":\"https:\\\/\\\/www.evangelisch-in-jerusalem.org\\\/#organization\",\"name\":\"German Protestant Institutions in the Holy Land\",\"url\":\"https:\\\/\\\/www.evangelisch-in-jerusalem.org\\\/\",\"logo\":{\"@type\":\"ImageObject\",\"inLanguage\":\"en-GB\",\"@id\":\"https:\\\/\\\/www.evangelisch-in-jerusalem.org\\\/#\\\/schema\\\/logo\\\/image\\\/\",\"url\":\"https:\\\/\\\/www.evangelisch-in-jerusalem.org\\\/wp-content\\\/uploads\\\/2019\\\/03\\\/EIJ_Logo_500-px.png\",\"contentUrl\":\"https:\\\/\\\/www.evangelisch-in-jerusalem.org\\\/wp-content\\\/uploads\\\/2019\\\/03\\\/EIJ_Logo_500-px.png\",\"width\":500,\"height\":82,\"caption\":\"German Protestant Institutions in the Holy Land\"},\"image\":{\"@id\":\"https:\\\/\\\/www.evangelisch-in-jerusalem.org\\\/#\\\/schema\\\/logo\\\/image\\\/\"},\"sameAs\":[\"https:\\\/\\\/www.facebook.com\\\/erloeserkirche.jerusalem\"]}]}<\/script>\n<!-- \/ Yoast SEO plugin. -->","yoast_head_json":{"title":"\u201eDie sieben letzten Worte unseres Erl\u00f6sers am Kreuz\u201c f\u00fcr Streichquartett. Joseph Haydn, Hob. XX:1 - Evangelisch in Jerusalem","robots":{"index":"index","follow":"follow","max-snippet":"max-snippet:-1","max-image-preview":"max-image-preview:large","max-video-preview":"max-video-preview:-1"},"canonical":"https:\/\/www.evangelisch-in-jerusalem.org\/en\/events\/die-sieben-letzten-worte-unseres-erloesers-am-kreuz-fuer-streichquartett\/","og_locale":"en_GB","og_type":"article","og_title":"\u201eDie sieben letzten Worte unseres Erl\u00f6sers am Kreuz\u201c f\u00fcr Streichquartett. Joseph Haydn, Hob. XX:1 - Evangelisch in Jerusalem","og_description":"String Quartett Moti SchmittLesungen: KMD Peter-Michael Seifried \u201eHaydns Passionszyklus f\u00fcr Orchester bzw. Streichquartett \u00fcberw\u00e4ltigte die Zeitgenossen und l\u00f6st noch beim heutigen Publikum den Eindruck aus, die sieben in den Evangelien verb\u00fcrgten Worte Jesu am Kreuz seien hier &#8216;wahr und feierlich&#8217; wiedergegeben.\u201c Instrumentalmusik \u00fcber die sieben letzten Worte unseres Erl\u00f6sers am Kreuz, bestehend aus sieben Sonaten &hellip; Continue reading \"\u201eDie sieben letzten Worte unseres Erl\u00f6sers am Kreuz\u201c f\u00fcr Streichquartett. Joseph Haydn, Hob. XX:1\"","og_url":"https:\/\/www.evangelisch-in-jerusalem.org\/en\/events\/die-sieben-letzten-worte-unseres-erloesers-am-kreuz-fuer-streichquartett\/","og_site_name":"Evangelisch in Jerusalem","article_publisher":"https:\/\/www.facebook.com\/erloeserkirche.jerusalem","article_modified_time":"2023-04-03T14:21:54+00:00","og_image":[{"width":1280,"height":720,"url":"https:\/\/www.evangelisch-in-jerusalem.org\/wp-content\/uploads\/2023\/03\/Streichquartett_Larisa_Birta_unsplash-1280.jpg","type":"image\/jpeg"}],"twitter_card":"summary_large_image","twitter_misc":{"Estimated reading time":"1 minute"},"schema":{"@context":"https:\/\/schema.org","@graph":[{"@type":"WebPage","@id":"https:\/\/www.evangelisch-in-jerusalem.org\/events\/die-sieben-letzten-worte-unseres-erloesers-am-kreuz-fuer-streichquartett\/","url":"https:\/\/www.evangelisch-in-jerusalem.org\/events\/die-sieben-letzten-worte-unseres-erloesers-am-kreuz-fuer-streichquartett\/","name":"\u201eDie sieben letzten Worte unseres Erl\u00f6sers am Kreuz\u201c f\u00fcr Streichquartett. Joseph Haydn, Hob. XX:1 - Evangelisch in Jerusalem","isPartOf":{"@id":"https:\/\/www.evangelisch-in-jerusalem.org\/#website"},"primaryImageOfPage":{"@id":"https:\/\/www.evangelisch-in-jerusalem.org\/events\/die-sieben-letzten-worte-unseres-erloesers-am-kreuz-fuer-streichquartett\/#primaryimage"},"image":{"@id":"https:\/\/www.evangelisch-in-jerusalem.org\/events\/die-sieben-letzten-worte-unseres-erloesers-am-kreuz-fuer-streichquartett\/#primaryimage"},"thumbnailUrl":"https:\/\/www.evangelisch-in-jerusalem.org\/wp-content\/uploads\/2023\/03\/Streichquartett_Larisa_Birta_unsplash-1280.jpg","datePublished":"2023-03-20T16:18:52+00:00","dateModified":"2023-04-03T14:21:54+00:00","breadcrumb":{"@id":"https:\/\/www.evangelisch-in-jerusalem.org\/events\/die-sieben-letzten-worte-unseres-erloesers-am-kreuz-fuer-streichquartett\/#breadcrumb"},"inLanguage":"en-GB","potentialAction":[{"@type":"ReadAction","target":["https:\/\/www.evangelisch-in-jerusalem.org\/events\/die-sieben-letzten-worte-unseres-erloesers-am-kreuz-fuer-streichquartett\/"]}]},{"@type":"ImageObject","inLanguage":"en-GB","@id":"https:\/\/www.evangelisch-in-jerusalem.org\/events\/die-sieben-letzten-worte-unseres-erloesers-am-kreuz-fuer-streichquartett\/#primaryimage","url":"https:\/\/www.evangelisch-in-jerusalem.org\/wp-content\/uploads\/2023\/03\/Streichquartett_Larisa_Birta_unsplash-1280.jpg","contentUrl":"https:\/\/www.evangelisch-in-jerusalem.org\/wp-content\/uploads\/2023\/03\/Streichquartett_Larisa_Birta_unsplash-1280.jpg","width":1280,"height":720,"caption":"Die sieben letzte Worte unseres Erl\u00f6sers am Kreuz."},{"@type":"BreadcrumbList","@id":"https:\/\/www.evangelisch-in-jerusalem.org\/events\/die-sieben-letzten-worte-unseres-erloesers-am-kreuz-fuer-streichquartett\/#breadcrumb","itemListElement":[{"@type":"ListItem","position":1,"name":"Startseite","item":"https:\/\/www.evangelisch-in-jerusalem.org\/"},{"@type":"ListItem","position":2,"name":"Veranstaltungen","item":"https:\/\/www.evangelisch-in-jerusalem.org\/events\/"},{"@type":"ListItem","position":3,"name":"\u201eDie sieben letzten Worte unseres Erl\u00f6sers am Kreuz\u201c f\u00fcr Streichquartett. Joseph Haydn, Hob. XX:1"}]},{"@type":"WebSite","@id":"https:\/\/www.evangelisch-in-jerusalem.org\/#website","url":"https:\/\/www.evangelisch-in-jerusalem.org\/","name":"Evangelisch in Jerusalem","description":"German Protestant Institutions in the Holy Land","publisher":{"@id":"https:\/\/www.evangelisch-in-jerusalem.org\/#organization"},"potentialAction":[{"@type":"SearchAction","target":{"@type":"EntryPoint","urlTemplate":"https:\/\/www.evangelisch-in-jerusalem.org\/?s={search_term_string}"},"query-input":{"@type":"PropertyValueSpecification","valueRequired":true,"valueName":"search_term_string"}}],"inLanguage":"en-GB"},{"@type":"Organization","@id":"https:\/\/www.evangelisch-in-jerusalem.org\/#organization","name":"German Protestant Institutions in the Holy Land","url":"https:\/\/www.evangelisch-in-jerusalem.org\/","logo":{"@type":"ImageObject","inLanguage":"en-GB","@id":"https:\/\/www.evangelisch-in-jerusalem.org\/#\/schema\/logo\/image\/","url":"https:\/\/www.evangelisch-in-jerusalem.org\/wp-content\/uploads\/2019\/03\/EIJ_Logo_500-px.png","contentUrl":"https:\/\/www.evangelisch-in-jerusalem.org\/wp-content\/uploads\/2019\/03\/EIJ_Logo_500-px.png","width":500,"height":82,"caption":"German Protestant Institutions in the Holy Land"},"image":{"@id":"https:\/\/www.evangelisch-in-jerusalem.org\/#\/schema\/logo\/image\/"},"sameAs":["https:\/\/www.facebook.com\/erloeserkirche.jerusalem"]}]}},"_links":{"self":[{"href":"https:\/\/www.evangelisch-in-jerusalem.org\/en\/wp-json\/wp\/v2\/mec-events\/13828","targetHints":{"allow":["GET"]}}],"collection":[{"href":"https:\/\/www.evangelisch-in-jerusalem.org\/en\/wp-json\/wp\/v2\/mec-events"}],"about":[{"href":"https:\/\/www.evangelisch-in-jerusalem.org\/en\/wp-json\/wp\/v2\/types\/mec-events"}],"author":[{"embeddable":true,"href":"https:\/\/www.evangelisch-in-jerusalem.org\/en\/wp-json\/wp\/v2\/users\/6"}],"replies":[{"embeddable":true,"href":"https:\/\/www.evangelisch-in-jerusalem.org\/en\/wp-json\/wp\/v2\/comments?post=13828"}],"version-history":[{"count":5,"href":"https:\/\/www.evangelisch-in-jerusalem.org\/en\/wp-json\/wp\/v2\/mec-events\/13828\/revisions"}],"predecessor-version":[{"id":13838,"href":"https:\/\/www.evangelisch-in-jerusalem.org\/en\/wp-json\/wp\/v2\/mec-events\/13828\/revisions\/13838"}],"wp:featuredmedia":[{"embeddable":true,"href":"https:\/\/www.evangelisch-in-jerusalem.org\/en\/wp-json\/wp\/v2\/media\/13998"}],"wp:attachment":[{"href":"https:\/\/www.evangelisch-in-jerusalem.org\/en\/wp-json\/wp\/v2\/media?parent=13828"}],"wp:term":[{"taxonomy":"post_tag","embeddable":true,"href":"https:\/\/www.evangelisch-in-jerusalem.org\/en\/wp-json\/wp\/v2\/tags?post=13828"},{"taxonomy":"mec_category","embeddable":true,"href":"https:\/\/www.evangelisch-in-jerusalem.org\/en\/wp-json\/wp\/v2\/mec_category?post=13828"}],"curies":[{"name":"wp","href":"https:\/\/api.w.org\/{rel}","templated":true}]}}