{"id":12504,"date":"2022-11-02T12:59:32","date_gmt":"2022-11-02T10:59:32","guid":{"rendered":"https:\/\/www.evangelisch-in-jerusalem.org\/?post_type=mec-events&#038;p=12504"},"modified":"2022-11-03T16:41:53","modified_gmt":"2022-11-03T14:41:53","slug":"wortzauber-mit-musik-738","status":"publish","type":"mec-events","link":"https:\/\/www.evangelisch-in-jerusalem.org\/en\/events\/wortzauber-mit-musik-738\/","title":{"rendered":"Zwischen Verlust und Bewahrung:<br>\u201eMusik in Synagoge und Kirche 1869-1942\u201c"},"content":{"rendered":"<figure class=\"wp-block-image size-large\"><img fetchpriority=\"high\" decoding=\"async\" width=\"1024\" height=\"686\" src=\"https:\/\/www.evangelisch-in-jerusalem.org\/wp-content\/uploads\/2022\/11\/Orgel_auguste-1024x686.jpg\" alt=\"\" class=\"wp-image-12505\" srcset=\"https:\/\/www.evangelisch-in-jerusalem.org\/wp-content\/uploads\/2022\/11\/Orgel_auguste-1024x686.jpg 1024w, https:\/\/www.evangelisch-in-jerusalem.org\/wp-content\/uploads\/2022\/11\/Orgel_auguste-300x201.jpg 300w, https:\/\/www.evangelisch-in-jerusalem.org\/wp-content\/uploads\/2022\/11\/Orgel_auguste-768x514.jpg 768w, https:\/\/www.evangelisch-in-jerusalem.org\/wp-content\/uploads\/2022\/11\/Orgel_auguste-1536x1028.jpg 1536w, https:\/\/www.evangelisch-in-jerusalem.org\/wp-content\/uploads\/2022\/11\/Orgel_auguste-2048x1371.jpg 2048w, https:\/\/www.evangelisch-in-jerusalem.org\/wp-content\/uploads\/2022\/11\/Orgel_auguste-18x12.jpg 18w, https:\/\/www.evangelisch-in-jerusalem.org\/wp-content\/uploads\/2022\/11\/Orgel_auguste-1568x1050.jpg 1568w\" sizes=\"(max-width: 1024px) 100vw, 1024px\" \/><\/figure>\n\n\n\n<p>Dr. Jakub Stefek, Szczcecin, und KMD Peter-Michael Seifried f\u00fchren im Gespr\u00e4ch und Tondokumenten in die vergangene Welt organistisch deutsch-j\u00fcdischer Hochkultur \u2013 ein Abend auch der Information zum Konzert in der Himmelfahrtkirche am 9. November.<br><br><\/p>","protected":false},"excerpt":{"rendered":"<p>Dr. Jakub Stefek, Szczcecin, und KMD Peter-Michael Seifried f\u00fchren im Gespr\u00e4ch und Tondokumenten in die vergangene Welt organistisch deutsch-j\u00fcdischer Hochkultur \u2013 ein Abend auch der Information zum Konzert in der Himmelfahrtkirche am 9. November.<\/p>","protected":false},"author":8,"featured_media":0,"comment_status":"closed","ping_status":"closed","template":"","tags":[256,124,125],"mec_category":[392,96,192],"class_list":["post-12504","mec-events","type-mec-events","status-publish","hentry","tag-altstadt","tag-erloeserkirche","tag-jerusalem","mec_category-top-veranstaltung","mec_category-gemeindeabend","mec_category-gemeindeveranst","entry"],"yoast_head":"<!-- This site is optimized with the Yoast SEO plugin v27.4 - https:\/\/yoast.com\/product\/yoast-seo-wordpress\/ -->\n<title>Zwischen Verlust und Bewahrung:\u201eMusik in Synagoge und Kirche 1869-1942\u201c - Evangelisch in Jerusalem<\/title>\n<meta name=\"robots\" content=\"index, follow, max-snippet:-1, max-image-preview:large, max-video-preview:-1\" \/>\n<link rel=\"canonical\" href=\"https:\/\/www.evangelisch-in-jerusalem.org\/en\/events\/wortzauber-mit-musik-738\/\" \/>\n<meta property=\"og:locale\" content=\"en_GB\" \/>\n<meta property=\"og:type\" content=\"article\" \/>\n<meta property=\"og:title\" content=\"Zwischen Verlust und Bewahrung:\u201eMusik in Synagoge und Kirche 1869-1942\u201c - Evangelisch in Jerusalem\" \/>\n<meta property=\"og:description\" content=\"Dr. Jakub Stefek, Szczcecin, und KMD Peter-Michael Seifried f\u00fchren im Gespr\u00e4ch und Tondokumenten in die vergangene Welt organistisch deutsch-j\u00fcdischer Hochkultur \u2013 ein Abend auch der Information zum Konzert in der Himmelfahrtkirche am 9. November.\" \/>\n<meta property=\"og:url\" content=\"https:\/\/www.evangelisch-in-jerusalem.org\/en\/events\/wortzauber-mit-musik-738\/\" \/>\n<meta property=\"og:site_name\" content=\"Evangelisch in Jerusalem\" \/>\n<meta property=\"article:publisher\" content=\"https:\/\/www.facebook.com\/erloeserkirche.jerusalem\" \/>\n<meta property=\"article:modified_time\" content=\"2022-11-03T14:41:53+00:00\" \/>\n<meta property=\"og:image\" content=\"https:\/\/www.evangelisch-in-jerusalem.org\/wp-content\/uploads\/2022\/11\/Orgel_auguste-1024x686.jpg\" \/>\n<meta name=\"twitter:card\" content=\"summary_large_image\" \/>\n<meta name=\"twitter:label1\" content=\"Estimated reading time\" \/>\n\t<meta name=\"twitter:data1\" content=\"1 minute\" \/>\n<script type=\"application\/ld+json\" class=\"yoast-schema-graph\">{\"@context\":\"https:\\\/\\\/schema.org\",\"@graph\":[{\"@type\":\"WebPage\",\"@id\":\"https:\\\/\\\/www.evangelisch-in-jerusalem.org\\\/events\\\/wortzauber-mit-musik-738\\\/\",\"url\":\"https:\\\/\\\/www.evangelisch-in-jerusalem.org\\\/events\\\/wortzauber-mit-musik-738\\\/\",\"name\":\"Zwischen Verlust und Bewahrung: \u201eMusik in Synagoge und Kirche 1869-1942\u201c - Evangelisch in Jerusalem\",\"isPartOf\":{\"@id\":\"https:\\\/\\\/www.evangelisch-in-jerusalem.org\\\/#website\"},\"primaryImageOfPage\":{\"@id\":\"https:\\\/\\\/www.evangelisch-in-jerusalem.org\\\/events\\\/wortzauber-mit-musik-738\\\/#primaryimage\"},\"image\":{\"@id\":\"https:\\\/\\\/www.evangelisch-in-jerusalem.org\\\/events\\\/wortzauber-mit-musik-738\\\/#primaryimage\"},\"thumbnailUrl\":\"https:\\\/\\\/www.evangelisch-in-jerusalem.org\\\/wp-content\\\/uploads\\\/2022\\\/11\\\/Orgel_auguste-1024x686.jpg\",\"datePublished\":\"2022-11-02T10:59:32+00:00\",\"dateModified\":\"2022-11-03T14:41:53+00:00\",\"breadcrumb\":{\"@id\":\"https:\\\/\\\/www.evangelisch-in-jerusalem.org\\\/events\\\/wortzauber-mit-musik-738\\\/#breadcrumb\"},\"inLanguage\":\"en-GB\",\"potentialAction\":[{\"@type\":\"ReadAction\",\"target\":[\"https:\\\/\\\/www.evangelisch-in-jerusalem.org\\\/events\\\/wortzauber-mit-musik-738\\\/\"]}]},{\"@type\":\"ImageObject\",\"inLanguage\":\"en-GB\",\"@id\":\"https:\\\/\\\/www.evangelisch-in-jerusalem.org\\\/events\\\/wortzauber-mit-musik-738\\\/#primaryimage\",\"url\":\"https:\\\/\\\/www.evangelisch-in-jerusalem.org\\\/wp-content\\\/uploads\\\/2022\\\/11\\\/Orgel_auguste-1024x686.jpg\",\"contentUrl\":\"https:\\\/\\\/www.evangelisch-in-jerusalem.org\\\/wp-content\\\/uploads\\\/2022\\\/11\\\/Orgel_auguste-1024x686.jpg\"},{\"@type\":\"BreadcrumbList\",\"@id\":\"https:\\\/\\\/www.evangelisch-in-jerusalem.org\\\/events\\\/wortzauber-mit-musik-738\\\/#breadcrumb\",\"itemListElement\":[{\"@type\":\"ListItem\",\"position\":1,\"name\":\"Startseite\",\"item\":\"https:\\\/\\\/www.evangelisch-in-jerusalem.org\\\/\"},{\"@type\":\"ListItem\",\"position\":2,\"name\":\"Veranstaltungen\",\"item\":\"https:\\\/\\\/www.evangelisch-in-jerusalem.org\\\/events\\\/\"},{\"@type\":\"ListItem\",\"position\":3,\"name\":\"Zwischen Verlust und Bewahrung:\u201eMusik in Synagoge und Kirche 1869-1942\u201c\"}]},{\"@type\":\"WebSite\",\"@id\":\"https:\\\/\\\/www.evangelisch-in-jerusalem.org\\\/#website\",\"url\":\"https:\\\/\\\/www.evangelisch-in-jerusalem.org\\\/\",\"name\":\"Evangelisch in Jerusalem\",\"description\":\"Stiftungen der EKD im Heiligen Land\",\"publisher\":{\"@id\":\"https:\\\/\\\/www.evangelisch-in-jerusalem.org\\\/#organization\"},\"potentialAction\":[{\"@type\":\"SearchAction\",\"target\":{\"@type\":\"EntryPoint\",\"urlTemplate\":\"https:\\\/\\\/www.evangelisch-in-jerusalem.org\\\/?s={search_term_string}\"},\"query-input\":{\"@type\":\"PropertyValueSpecification\",\"valueRequired\":true,\"valueName\":\"search_term_string\"}}],\"inLanguage\":\"en-GB\"},{\"@type\":\"Organization\",\"@id\":\"https:\\\/\\\/www.evangelisch-in-jerusalem.org\\\/#organization\",\"name\":\"German Protestant Institutions in the Holy Land\",\"url\":\"https:\\\/\\\/www.evangelisch-in-jerusalem.org\\\/\",\"logo\":{\"@type\":\"ImageObject\",\"inLanguage\":\"en-GB\",\"@id\":\"https:\\\/\\\/www.evangelisch-in-jerusalem.org\\\/#\\\/schema\\\/logo\\\/image\\\/\",\"url\":\"https:\\\/\\\/www.evangelisch-in-jerusalem.org\\\/wp-content\\\/uploads\\\/2019\\\/03\\\/EIJ_Logo_500-px.png\",\"contentUrl\":\"https:\\\/\\\/www.evangelisch-in-jerusalem.org\\\/wp-content\\\/uploads\\\/2019\\\/03\\\/EIJ_Logo_500-px.png\",\"width\":500,\"height\":82,\"caption\":\"German Protestant Institutions in the Holy Land\"},\"image\":{\"@id\":\"https:\\\/\\\/www.evangelisch-in-jerusalem.org\\\/#\\\/schema\\\/logo\\\/image\\\/\"},\"sameAs\":[\"https:\\\/\\\/www.facebook.com\\\/erloeserkirche.jerusalem\"]}]}<\/script>\n<!-- \/ Yoast SEO plugin. -->","yoast_head_json":{"title":"Zwischen Verlust und Bewahrung:\u201eMusik in Synagoge und Kirche 1869-1942\u201c - Evangelisch in Jerusalem","robots":{"index":"index","follow":"follow","max-snippet":"max-snippet:-1","max-image-preview":"max-image-preview:large","max-video-preview":"max-video-preview:-1"},"canonical":"https:\/\/www.evangelisch-in-jerusalem.org\/en\/events\/wortzauber-mit-musik-738\/","og_locale":"en_GB","og_type":"article","og_title":"Zwischen Verlust und Bewahrung:\u201eMusik in Synagoge und Kirche 1869-1942\u201c - Evangelisch in Jerusalem","og_description":"Dr. Jakub Stefek, Szczcecin, und KMD Peter-Michael Seifried f\u00fchren im Gespr\u00e4ch und Tondokumenten in die vergangene Welt organistisch deutsch-j\u00fcdischer Hochkultur \u2013 ein Abend auch der Information zum Konzert in der Himmelfahrtkirche am 9. November.","og_url":"https:\/\/www.evangelisch-in-jerusalem.org\/en\/events\/wortzauber-mit-musik-738\/","og_site_name":"Evangelisch in Jerusalem","article_publisher":"https:\/\/www.facebook.com\/erloeserkirche.jerusalem","article_modified_time":"2022-11-03T14:41:53+00:00","og_image":[{"url":"https:\/\/www.evangelisch-in-jerusalem.org\/wp-content\/uploads\/2022\/11\/Orgel_auguste-1024x686.jpg","type":"","width":"","height":""}],"twitter_card":"summary_large_image","twitter_misc":{"Estimated reading time":"1 minute"},"schema":{"@context":"https:\/\/schema.org","@graph":[{"@type":"WebPage","@id":"https:\/\/www.evangelisch-in-jerusalem.org\/events\/wortzauber-mit-musik-738\/","url":"https:\/\/www.evangelisch-in-jerusalem.org\/events\/wortzauber-mit-musik-738\/","name":"Zwischen Verlust und Bewahrung: \u201eMusik in Synagoge und Kirche 1869-1942\u201c - Evangelisch in Jerusalem","isPartOf":{"@id":"https:\/\/www.evangelisch-in-jerusalem.org\/#website"},"primaryImageOfPage":{"@id":"https:\/\/www.evangelisch-in-jerusalem.org\/events\/wortzauber-mit-musik-738\/#primaryimage"},"image":{"@id":"https:\/\/www.evangelisch-in-jerusalem.org\/events\/wortzauber-mit-musik-738\/#primaryimage"},"thumbnailUrl":"https:\/\/www.evangelisch-in-jerusalem.org\/wp-content\/uploads\/2022\/11\/Orgel_auguste-1024x686.jpg","datePublished":"2022-11-02T10:59:32+00:00","dateModified":"2022-11-03T14:41:53+00:00","breadcrumb":{"@id":"https:\/\/www.evangelisch-in-jerusalem.org\/events\/wortzauber-mit-musik-738\/#breadcrumb"},"inLanguage":"en-GB","potentialAction":[{"@type":"ReadAction","target":["https:\/\/www.evangelisch-in-jerusalem.org\/events\/wortzauber-mit-musik-738\/"]}]},{"@type":"ImageObject","inLanguage":"en-GB","@id":"https:\/\/www.evangelisch-in-jerusalem.org\/events\/wortzauber-mit-musik-738\/#primaryimage","url":"https:\/\/www.evangelisch-in-jerusalem.org\/wp-content\/uploads\/2022\/11\/Orgel_auguste-1024x686.jpg","contentUrl":"https:\/\/www.evangelisch-in-jerusalem.org\/wp-content\/uploads\/2022\/11\/Orgel_auguste-1024x686.jpg"},{"@type":"BreadcrumbList","@id":"https:\/\/www.evangelisch-in-jerusalem.org\/events\/wortzauber-mit-musik-738\/#breadcrumb","itemListElement":[{"@type":"ListItem","position":1,"name":"Startseite","item":"https:\/\/www.evangelisch-in-jerusalem.org\/"},{"@type":"ListItem","position":2,"name":"Veranstaltungen","item":"https:\/\/www.evangelisch-in-jerusalem.org\/events\/"},{"@type":"ListItem","position":3,"name":"Zwischen Verlust und Bewahrung:\u201eMusik in Synagoge und Kirche 1869-1942\u201c"}]},{"@type":"WebSite","@id":"https:\/\/www.evangelisch-in-jerusalem.org\/#website","url":"https:\/\/www.evangelisch-in-jerusalem.org\/","name":"Evangelisch in Jerusalem","description":"German Protestant Institutions in the Holy Land","publisher":{"@id":"https:\/\/www.evangelisch-in-jerusalem.org\/#organization"},"potentialAction":[{"@type":"SearchAction","target":{"@type":"EntryPoint","urlTemplate":"https:\/\/www.evangelisch-in-jerusalem.org\/?s={search_term_string}"},"query-input":{"@type":"PropertyValueSpecification","valueRequired":true,"valueName":"search_term_string"}}],"inLanguage":"en-GB"},{"@type":"Organization","@id":"https:\/\/www.evangelisch-in-jerusalem.org\/#organization","name":"German Protestant Institutions in the Holy Land","url":"https:\/\/www.evangelisch-in-jerusalem.org\/","logo":{"@type":"ImageObject","inLanguage":"en-GB","@id":"https:\/\/www.evangelisch-in-jerusalem.org\/#\/schema\/logo\/image\/","url":"https:\/\/www.evangelisch-in-jerusalem.org\/wp-content\/uploads\/2019\/03\/EIJ_Logo_500-px.png","contentUrl":"https:\/\/www.evangelisch-in-jerusalem.org\/wp-content\/uploads\/2019\/03\/EIJ_Logo_500-px.png","width":500,"height":82,"caption":"German Protestant Institutions in the Holy Land"},"image":{"@id":"https:\/\/www.evangelisch-in-jerusalem.org\/#\/schema\/logo\/image\/"},"sameAs":["https:\/\/www.facebook.com\/erloeserkirche.jerusalem"]}]}},"_links":{"self":[{"href":"https:\/\/www.evangelisch-in-jerusalem.org\/en\/wp-json\/wp\/v2\/mec-events\/12504","targetHints":{"allow":["GET"]}}],"collection":[{"href":"https:\/\/www.evangelisch-in-jerusalem.org\/en\/wp-json\/wp\/v2\/mec-events"}],"about":[{"href":"https:\/\/www.evangelisch-in-jerusalem.org\/en\/wp-json\/wp\/v2\/types\/mec-events"}],"author":[{"embeddable":true,"href":"https:\/\/www.evangelisch-in-jerusalem.org\/en\/wp-json\/wp\/v2\/users\/8"}],"replies":[{"embeddable":true,"href":"https:\/\/www.evangelisch-in-jerusalem.org\/en\/wp-json\/wp\/v2\/comments?post=12504"}],"version-history":[{"count":2,"href":"https:\/\/www.evangelisch-in-jerusalem.org\/en\/wp-json\/wp\/v2\/mec-events\/12504\/revisions"}],"predecessor-version":[{"id":12513,"href":"https:\/\/www.evangelisch-in-jerusalem.org\/en\/wp-json\/wp\/v2\/mec-events\/12504\/revisions\/12513"}],"wp:attachment":[{"href":"https:\/\/www.evangelisch-in-jerusalem.org\/en\/wp-json\/wp\/v2\/media?parent=12504"}],"wp:term":[{"taxonomy":"post_tag","embeddable":true,"href":"https:\/\/www.evangelisch-in-jerusalem.org\/en\/wp-json\/wp\/v2\/tags?post=12504"},{"taxonomy":"mec_category","embeddable":true,"href":"https:\/\/www.evangelisch-in-jerusalem.org\/en\/wp-json\/wp\/v2\/mec_category?post=12504"}],"curies":[{"name":"wp","href":"https:\/\/api.w.org\/{rel}","templated":true}]}}