{"id":12477,"date":"2022-10-26T11:58:26","date_gmt":"2022-10-26T08:58:26","guid":{"rendered":"https:\/\/www.evangelisch-in-jerusalem.org\/?post_type=mec-events&#038;p=12477"},"modified":"2022-11-22T08:51:53","modified_gmt":"2022-11-22T06:51:53","slug":"adventsbasar-der-evangelischen-gemeinde-jerusalem","status":"publish","type":"mec-events","link":"https:\/\/www.evangelisch-in-jerusalem.org\/en\/events\/adventsbasar-der-evangelischen-gemeinde-jerusalem\/","title":{"rendered":"Adventsbasar im Kreuzgang der Erl\u00f6serkirche"},"content":{"rendered":"<figure class=\"wp-block-image size-large\"><img decoding=\"async\" src=\"https:\/\/www.evangelisch-in-jerusalem.org\/wp-content\/uploads\/2022\/11\/Plakat_20221121-724x1024.jpg\" alt=\"\" class=\"wp-image-12715\"\/><\/figure>\n\n\n\n<p>Herzliche Einladung zu unserem Adventsbasar. Wieder einmal wird sich der Kreuzgang der Erl\u00f6serkirche und die R\u00e4ume der Propstei in einen belebten Basar verwandeln. Waffeln, Gl\u00fchwein, Kuchen und viele Verkaufsst\u00e4nde mit Weihnachtsartikeln werden Sie auf Weihnachten einstimmen. Die Kinder k\u00f6nnen sich am Bastelprogramm und Singen erfreuen. In der Kirche wird das Musikprogramm von unserem KMD Peter-Michael Seifried Sie unterhalten.<\/p>\n\n\n\n<p>Traditionsgem\u00e4\u00df werden die Einnahmen gespendet. Dieses Jahr kommen die Einnahmen der <em>Sozialarbeit unserer Gemeinde<\/em> zugute.<\/p>","protected":false},"excerpt":{"rendered":"<p>Herzliche Einladung zu unserem Adventsbasar. Wieder einmal wird sich der Kreuzgang der Erl\u00f6serkirche und die R\u00e4ume der Propstei in einen belebten Basar verwandeln. Waffeln, Gl\u00fchwein, Kuchen und viele Verkaufsst\u00e4nde mit Weihnachtsartikeln werden Sie auf Weihnachten einstimmen. Die Kinder k\u00f6nnen sich am Bastelprogramm und Singen erfreuen. In der Kirche wird das Musikprogramm von unserem KMD Peter-Michael &hellip; <\/p>\n<p class=\"link-more\"><a href=\"https:\/\/www.evangelisch-in-jerusalem.org\/en\/events\/adventsbasar-der-evangelischen-gemeinde-jerusalem\/\" class=\"more-link\">Continue reading<span class=\"screen-reader-text\"> &#8220;Adventsbasar im Kreuzgang der Erl\u00f6serkirche&#8221;<\/span><\/a><\/p>","protected":false},"author":8,"featured_media":0,"comment_status":"closed","ping_status":"closed","template":"","tags":[117,256,124,125],"mec_category":[392,116,237,192,11],"class_list":["post-12477","mec-events","type-mec-events","status-publish","hentry","tag-adventsbasar","tag-altstadt","tag-erloeserkirche","tag-jerusalem","mec_category-top-veranstaltung","mec_category-adventsbasar","mec_category-familien","mec_category-gemeindeveranst","mec_category-konzert","entry"],"yoast_head":"<!-- This site is optimized with the Yoast SEO plugin v27.4 - https:\/\/yoast.com\/product\/yoast-seo-wordpress\/ -->\n<title>Adventsbasar im Kreuzgang der Erl\u00f6serkirche - Evangelisch in Jerusalem<\/title>\n<meta name=\"robots\" content=\"index, follow, max-snippet:-1, max-image-preview:large, max-video-preview:-1\" \/>\n<link rel=\"canonical\" href=\"https:\/\/www.evangelisch-in-jerusalem.org\/en\/events\/adventsbasar-der-evangelischen-gemeinde-jerusalem\/\" \/>\n<meta property=\"og:locale\" content=\"en_GB\" \/>\n<meta property=\"og:type\" content=\"article\" \/>\n<meta property=\"og:title\" content=\"Adventsbasar im Kreuzgang der Erl\u00f6serkirche - Evangelisch in Jerusalem\" \/>\n<meta property=\"og:description\" content=\"Herzliche Einladung zu unserem Adventsbasar. Wieder einmal wird sich der Kreuzgang der Erl\u00f6serkirche und die R\u00e4ume der Propstei in einen belebten Basar verwandeln. Waffeln, Gl\u00fchwein, Kuchen und viele Verkaufsst\u00e4nde mit Weihnachtsartikeln werden Sie auf Weihnachten einstimmen. Die Kinder k\u00f6nnen sich am Bastelprogramm und Singen erfreuen. In der Kirche wird das Musikprogramm von unserem KMD Peter-Michael &hellip; Continue reading &quot;Adventsbasar im Kreuzgang der Erl\u00f6serkirche&quot;\" \/>\n<meta property=\"og:url\" content=\"https:\/\/www.evangelisch-in-jerusalem.org\/en\/events\/adventsbasar-der-evangelischen-gemeinde-jerusalem\/\" \/>\n<meta property=\"og:site_name\" content=\"Evangelisch in Jerusalem\" \/>\n<meta property=\"article:publisher\" content=\"https:\/\/www.facebook.com\/erloeserkirche.jerusalem\" \/>\n<meta property=\"article:modified_time\" content=\"2022-11-22T06:51:53+00:00\" \/>\n<meta property=\"og:image\" content=\"https:\/\/www.evangelisch-in-jerusalem.org\/wp-content\/uploads\/2022\/11\/Plakat_20221121-724x1024.jpg\" \/>\n<meta name=\"twitter:card\" content=\"summary_large_image\" \/>\n<meta name=\"twitter:label1\" content=\"Estimated reading time\" \/>\n\t<meta name=\"twitter:data1\" content=\"1 minute\" \/>\n<script type=\"application\/ld+json\" class=\"yoast-schema-graph\">{\"@context\":\"https:\\\/\\\/schema.org\",\"@graph\":[{\"@type\":\"WebPage\",\"@id\":\"https:\\\/\\\/www.evangelisch-in-jerusalem.org\\\/events\\\/adventsbasar-der-evangelischen-gemeinde-jerusalem\\\/\",\"url\":\"https:\\\/\\\/www.evangelisch-in-jerusalem.org\\\/events\\\/adventsbasar-der-evangelischen-gemeinde-jerusalem\\\/\",\"name\":\"Adventsbasar im Kreuzgang der Erl\u00f6serkirche - Evangelisch in Jerusalem\",\"isPartOf\":{\"@id\":\"https:\\\/\\\/www.evangelisch-in-jerusalem.org\\\/#website\"},\"primaryImageOfPage\":{\"@id\":\"https:\\\/\\\/www.evangelisch-in-jerusalem.org\\\/events\\\/adventsbasar-der-evangelischen-gemeinde-jerusalem\\\/#primaryimage\"},\"image\":{\"@id\":\"https:\\\/\\\/www.evangelisch-in-jerusalem.org\\\/events\\\/adventsbasar-der-evangelischen-gemeinde-jerusalem\\\/#primaryimage\"},\"thumbnailUrl\":\"https:\\\/\\\/www.evangelisch-in-jerusalem.org\\\/wp-content\\\/uploads\\\/2022\\\/11\\\/Plakat_20221121-724x1024.jpg\",\"datePublished\":\"2022-10-26T08:58:26+00:00\",\"dateModified\":\"2022-11-22T06:51:53+00:00\",\"breadcrumb\":{\"@id\":\"https:\\\/\\\/www.evangelisch-in-jerusalem.org\\\/events\\\/adventsbasar-der-evangelischen-gemeinde-jerusalem\\\/#breadcrumb\"},\"inLanguage\":\"en-GB\",\"potentialAction\":[{\"@type\":\"ReadAction\",\"target\":[\"https:\\\/\\\/www.evangelisch-in-jerusalem.org\\\/events\\\/adventsbasar-der-evangelischen-gemeinde-jerusalem\\\/\"]}]},{\"@type\":\"ImageObject\",\"inLanguage\":\"en-GB\",\"@id\":\"https:\\\/\\\/www.evangelisch-in-jerusalem.org\\\/events\\\/adventsbasar-der-evangelischen-gemeinde-jerusalem\\\/#primaryimage\",\"url\":\"https:\\\/\\\/www.evangelisch-in-jerusalem.org\\\/wp-content\\\/uploads\\\/2022\\\/11\\\/Plakat_20221121-724x1024.jpg\",\"contentUrl\":\"https:\\\/\\\/www.evangelisch-in-jerusalem.org\\\/wp-content\\\/uploads\\\/2022\\\/11\\\/Plakat_20221121-724x1024.jpg\"},{\"@type\":\"BreadcrumbList\",\"@id\":\"https:\\\/\\\/www.evangelisch-in-jerusalem.org\\\/events\\\/adventsbasar-der-evangelischen-gemeinde-jerusalem\\\/#breadcrumb\",\"itemListElement\":[{\"@type\":\"ListItem\",\"position\":1,\"name\":\"Startseite\",\"item\":\"https:\\\/\\\/www.evangelisch-in-jerusalem.org\\\/\"},{\"@type\":\"ListItem\",\"position\":2,\"name\":\"Veranstaltungen\",\"item\":\"https:\\\/\\\/www.evangelisch-in-jerusalem.org\\\/events\\\/\"},{\"@type\":\"ListItem\",\"position\":3,\"name\":\"Adventsbasar im Kreuzgang der Erl\u00f6serkirche\"}]},{\"@type\":\"WebSite\",\"@id\":\"https:\\\/\\\/www.evangelisch-in-jerusalem.org\\\/#website\",\"url\":\"https:\\\/\\\/www.evangelisch-in-jerusalem.org\\\/\",\"name\":\"Evangelisch in Jerusalem\",\"description\":\"Stiftungen der EKD im Heiligen Land\",\"publisher\":{\"@id\":\"https:\\\/\\\/www.evangelisch-in-jerusalem.org\\\/#organization\"},\"potentialAction\":[{\"@type\":\"SearchAction\",\"target\":{\"@type\":\"EntryPoint\",\"urlTemplate\":\"https:\\\/\\\/www.evangelisch-in-jerusalem.org\\\/?s={search_term_string}\"},\"query-input\":{\"@type\":\"PropertyValueSpecification\",\"valueRequired\":true,\"valueName\":\"search_term_string\"}}],\"inLanguage\":\"en-GB\"},{\"@type\":\"Organization\",\"@id\":\"https:\\\/\\\/www.evangelisch-in-jerusalem.org\\\/#organization\",\"name\":\"German Protestant Institutions in the Holy Land\",\"url\":\"https:\\\/\\\/www.evangelisch-in-jerusalem.org\\\/\",\"logo\":{\"@type\":\"ImageObject\",\"inLanguage\":\"en-GB\",\"@id\":\"https:\\\/\\\/www.evangelisch-in-jerusalem.org\\\/#\\\/schema\\\/logo\\\/image\\\/\",\"url\":\"https:\\\/\\\/www.evangelisch-in-jerusalem.org\\\/wp-content\\\/uploads\\\/2019\\\/03\\\/EIJ_Logo_500-px.png\",\"contentUrl\":\"https:\\\/\\\/www.evangelisch-in-jerusalem.org\\\/wp-content\\\/uploads\\\/2019\\\/03\\\/EIJ_Logo_500-px.png\",\"width\":500,\"height\":82,\"caption\":\"German Protestant Institutions in the Holy Land\"},\"image\":{\"@id\":\"https:\\\/\\\/www.evangelisch-in-jerusalem.org\\\/#\\\/schema\\\/logo\\\/image\\\/\"},\"sameAs\":[\"https:\\\/\\\/www.facebook.com\\\/erloeserkirche.jerusalem\"]}]}<\/script>\n<!-- \/ Yoast SEO plugin. -->","yoast_head_json":{"title":"Adventsbasar im Kreuzgang der Erl\u00f6serkirche - Evangelisch in Jerusalem","robots":{"index":"index","follow":"follow","max-snippet":"max-snippet:-1","max-image-preview":"max-image-preview:large","max-video-preview":"max-video-preview:-1"},"canonical":"https:\/\/www.evangelisch-in-jerusalem.org\/en\/events\/adventsbasar-der-evangelischen-gemeinde-jerusalem\/","og_locale":"en_GB","og_type":"article","og_title":"Adventsbasar im Kreuzgang der Erl\u00f6serkirche - Evangelisch in Jerusalem","og_description":"Herzliche Einladung zu unserem Adventsbasar. Wieder einmal wird sich der Kreuzgang der Erl\u00f6serkirche und die R\u00e4ume der Propstei in einen belebten Basar verwandeln. Waffeln, Gl\u00fchwein, Kuchen und viele Verkaufsst\u00e4nde mit Weihnachtsartikeln werden Sie auf Weihnachten einstimmen. Die Kinder k\u00f6nnen sich am Bastelprogramm und Singen erfreuen. In der Kirche wird das Musikprogramm von unserem KMD Peter-Michael &hellip; Continue reading \"Adventsbasar im Kreuzgang der Erl\u00f6serkirche\"","og_url":"https:\/\/www.evangelisch-in-jerusalem.org\/en\/events\/adventsbasar-der-evangelischen-gemeinde-jerusalem\/","og_site_name":"Evangelisch in Jerusalem","article_publisher":"https:\/\/www.facebook.com\/erloeserkirche.jerusalem","article_modified_time":"2022-11-22T06:51:53+00:00","og_image":[{"url":"https:\/\/www.evangelisch-in-jerusalem.org\/wp-content\/uploads\/2022\/11\/Plakat_20221121-724x1024.jpg","type":"","width":"","height":""}],"twitter_card":"summary_large_image","twitter_misc":{"Estimated reading time":"1 minute"},"schema":{"@context":"https:\/\/schema.org","@graph":[{"@type":"WebPage","@id":"https:\/\/www.evangelisch-in-jerusalem.org\/events\/adventsbasar-der-evangelischen-gemeinde-jerusalem\/","url":"https:\/\/www.evangelisch-in-jerusalem.org\/events\/adventsbasar-der-evangelischen-gemeinde-jerusalem\/","name":"Adventsbasar im Kreuzgang der Erl\u00f6serkirche - Evangelisch in Jerusalem","isPartOf":{"@id":"https:\/\/www.evangelisch-in-jerusalem.org\/#website"},"primaryImageOfPage":{"@id":"https:\/\/www.evangelisch-in-jerusalem.org\/events\/adventsbasar-der-evangelischen-gemeinde-jerusalem\/#primaryimage"},"image":{"@id":"https:\/\/www.evangelisch-in-jerusalem.org\/events\/adventsbasar-der-evangelischen-gemeinde-jerusalem\/#primaryimage"},"thumbnailUrl":"https:\/\/www.evangelisch-in-jerusalem.org\/wp-content\/uploads\/2022\/11\/Plakat_20221121-724x1024.jpg","datePublished":"2022-10-26T08:58:26+00:00","dateModified":"2022-11-22T06:51:53+00:00","breadcrumb":{"@id":"https:\/\/www.evangelisch-in-jerusalem.org\/events\/adventsbasar-der-evangelischen-gemeinde-jerusalem\/#breadcrumb"},"inLanguage":"en-GB","potentialAction":[{"@type":"ReadAction","target":["https:\/\/www.evangelisch-in-jerusalem.org\/events\/adventsbasar-der-evangelischen-gemeinde-jerusalem\/"]}]},{"@type":"ImageObject","inLanguage":"en-GB","@id":"https:\/\/www.evangelisch-in-jerusalem.org\/events\/adventsbasar-der-evangelischen-gemeinde-jerusalem\/#primaryimage","url":"https:\/\/www.evangelisch-in-jerusalem.org\/wp-content\/uploads\/2022\/11\/Plakat_20221121-724x1024.jpg","contentUrl":"https:\/\/www.evangelisch-in-jerusalem.org\/wp-content\/uploads\/2022\/11\/Plakat_20221121-724x1024.jpg"},{"@type":"BreadcrumbList","@id":"https:\/\/www.evangelisch-in-jerusalem.org\/events\/adventsbasar-der-evangelischen-gemeinde-jerusalem\/#breadcrumb","itemListElement":[{"@type":"ListItem","position":1,"name":"Startseite","item":"https:\/\/www.evangelisch-in-jerusalem.org\/"},{"@type":"ListItem","position":2,"name":"Veranstaltungen","item":"https:\/\/www.evangelisch-in-jerusalem.org\/events\/"},{"@type":"ListItem","position":3,"name":"Adventsbasar im Kreuzgang der Erl\u00f6serkirche"}]},{"@type":"WebSite","@id":"https:\/\/www.evangelisch-in-jerusalem.org\/#website","url":"https:\/\/www.evangelisch-in-jerusalem.org\/","name":"Evangelisch in Jerusalem","description":"German Protestant Institutions in the Holy Land","publisher":{"@id":"https:\/\/www.evangelisch-in-jerusalem.org\/#organization"},"potentialAction":[{"@type":"SearchAction","target":{"@type":"EntryPoint","urlTemplate":"https:\/\/www.evangelisch-in-jerusalem.org\/?s={search_term_string}"},"query-input":{"@type":"PropertyValueSpecification","valueRequired":true,"valueName":"search_term_string"}}],"inLanguage":"en-GB"},{"@type":"Organization","@id":"https:\/\/www.evangelisch-in-jerusalem.org\/#organization","name":"German Protestant Institutions in the Holy Land","url":"https:\/\/www.evangelisch-in-jerusalem.org\/","logo":{"@type":"ImageObject","inLanguage":"en-GB","@id":"https:\/\/www.evangelisch-in-jerusalem.org\/#\/schema\/logo\/image\/","url":"https:\/\/www.evangelisch-in-jerusalem.org\/wp-content\/uploads\/2019\/03\/EIJ_Logo_500-px.png","contentUrl":"https:\/\/www.evangelisch-in-jerusalem.org\/wp-content\/uploads\/2019\/03\/EIJ_Logo_500-px.png","width":500,"height":82,"caption":"German Protestant Institutions in the Holy Land"},"image":{"@id":"https:\/\/www.evangelisch-in-jerusalem.org\/#\/schema\/logo\/image\/"},"sameAs":["https:\/\/www.facebook.com\/erloeserkirche.jerusalem"]}]}},"_links":{"self":[{"href":"https:\/\/www.evangelisch-in-jerusalem.org\/en\/wp-json\/wp\/v2\/mec-events\/12477","targetHints":{"allow":["GET"]}}],"collection":[{"href":"https:\/\/www.evangelisch-in-jerusalem.org\/en\/wp-json\/wp\/v2\/mec-events"}],"about":[{"href":"https:\/\/www.evangelisch-in-jerusalem.org\/en\/wp-json\/wp\/v2\/types\/mec-events"}],"author":[{"embeddable":true,"href":"https:\/\/www.evangelisch-in-jerusalem.org\/en\/wp-json\/wp\/v2\/users\/8"}],"replies":[{"embeddable":true,"href":"https:\/\/www.evangelisch-in-jerusalem.org\/en\/wp-json\/wp\/v2\/comments?post=12477"}],"version-history":[{"count":2,"href":"https:\/\/www.evangelisch-in-jerusalem.org\/en\/wp-json\/wp\/v2\/mec-events\/12477\/revisions"}],"predecessor-version":[{"id":12716,"href":"https:\/\/www.evangelisch-in-jerusalem.org\/en\/wp-json\/wp\/v2\/mec-events\/12477\/revisions\/12716"}],"wp:attachment":[{"href":"https:\/\/www.evangelisch-in-jerusalem.org\/en\/wp-json\/wp\/v2\/media?parent=12477"}],"wp:term":[{"taxonomy":"post_tag","embeddable":true,"href":"https:\/\/www.evangelisch-in-jerusalem.org\/en\/wp-json\/wp\/v2\/tags?post=12477"},{"taxonomy":"mec_category","embeddable":true,"href":"https:\/\/www.evangelisch-in-jerusalem.org\/en\/wp-json\/wp\/v2\/mec_category?post=12477"}],"curies":[{"name":"wp","href":"https:\/\/api.w.org\/{rel}","templated":true}]}}