{"id":11292,"date":"2022-08-22T13:18:56","date_gmt":"2022-08-22T10:18:56","guid":{"rendered":"https:\/\/www.evangelisch-in-jerusalem.org\/events\/gottesdienst-in-der-wuesteaufzeichung-des-zdf-fernsehgottesdienstes-aus-timna\/"},"modified":"2022-09-01T09:55:02","modified_gmt":"2022-09-01T06:55:02","slug":"gottesdienst-in-der-wueste-aufzeichung","status":"publish","type":"mec-events","link":"https:\/\/www.evangelisch-in-jerusalem.org\/en\/events\/gottesdienst-in-der-wueste-aufzeichung\/","title":{"rendered":"Gottesdienst in der W\u00fcste: Aufzeichnung des ZDF-Fernsehgottesdienstes aus Timna"},"content":{"rendered":"<p>Die Erl\u00f6serkirchengemeinde und das DEI feiern Gottesdienst in der W\u00fcste. Das ZDF ist dabei und wird den Gottesdienst am folgenden Sonntag senden (18.9., 9:30 Uhr dt. Zeit). Von Jerusalem aus gibt es eine Gemeindefreizeit nach Timna vom 9.-11. September, die Gemeinde ist so in der W\u00fcste aktiv.<\/p>\n<p>Die Gestaltung \u00fcbernehmen:<\/p>\n<ul>\n<li>Provost <em>Joachim Lenz,<\/em> Liturgie und Predigt<\/li>\n<li>Sondervikarin <em>Svenja Prust,<\/em> Liturgie<\/li>\n<li>Kirchenmusikdirektor <em>Peter-Michael Seifried,<\/em> musikalische Leitung<\/li>\n<li>Jun.Prof. Dr. <em>Katja Soennecken,<\/em> Liturgie<\/li>\n<li>Prof. Dr. Dr. Dr. <em>Dieter Vieweger,<\/em> Predigt<\/li>\n<li>Auswahlchor der Erl\u00f6serkirche<\/li>\n<li>Instrumentalistinnen und Instrumentalisten<\/li>\n<li>Brass for Peace, Talitha Kumi<\/li>\n<\/ul>\n\n\n<p>N\u00e4here Informationen und Anmeldem\u00f6glichkeit:<br><a href=\"https:\/\/www.evangelisch-in-jerusalem.org\/en\/gemeindefreizeit-in-timnadrei-tage-in-der-wueste\/\">Gemeindefreizeit in Timna: Drei Tage in der W\u00fcste, 9.-11.9. \u2013 Jetzt anmelden! (evangelisch-in-jerusalem.org)<\/a><\/p>","protected":false},"excerpt":{"rendered":"<p>Die Erl\u00f6serkirchengemeinde und das DEI feiern Gottesdienst in der W\u00fcste. Das ZDF ist dabei und wird den Gottesdienst am folgenden Sonntag senden (18.9., 9:30 Uhr dt. Zeit). Von Jerusalem aus gibt es eine Gemeindefreizeit nach Timna vom 9.-11. September, die Gemeinde ist so in der W\u00fcste aktiv. Die Gestaltung \u00fcbernehmen: Propst Joachim Lenz, Liturgie und &hellip; <\/p>\n<p class=\"link-more\"><a href=\"https:\/\/www.evangelisch-in-jerusalem.org\/en\/events\/gottesdienst-in-der-wueste-aufzeichung\/\" class=\"more-link\">Continue reading<span class=\"screen-reader-text\"> &#8220;Gottesdienst in der W\u00fcste: Aufzeichnung des ZDF-Fernsehgottesdienstes aus Timna&#8221;<\/span><\/a><\/p>","protected":false},"author":6,"featured_media":11291,"comment_status":"closed","ping_status":"closed","template":"","tags":[],"mec_category":[236,12],"class_list":["post-11292","mec-events","type-mec-events","status-publish","has-post-thumbnail","hentry","mec_category-ausflug","mec_category-gottesdienst","entry"],"yoast_head":"<!-- This site is optimized with the Yoast SEO plugin v27.4 - https:\/\/yoast.com\/product\/yoast-seo-wordpress\/ -->\n<title>Gottesdienst in der W\u00fcste: Aufzeichnung des ZDF-Fernsehgottesdienstes aus Timna - Evangelisch in Jerusalem<\/title>\n<meta name=\"description\" content=\"Fernsehgottesdienst w\u00fcste television desert worship service gottesdienst ZDF Moses israelites Park Timna eilat\" \/>\n<meta name=\"robots\" content=\"index, follow, max-snippet:-1, max-image-preview:large, max-video-preview:-1\" \/>\n<link rel=\"canonical\" href=\"https:\/\/www.evangelisch-in-jerusalem.org\/en\/events\/gottesdienst-in-der-wueste-aufzeichung\/\" \/>\n<meta property=\"og:locale\" content=\"en_GB\" \/>\n<meta property=\"og:type\" content=\"article\" \/>\n<meta property=\"og:title\" content=\"Gottesdienst in der W\u00fcste: Aufzeichnung des ZDF-Fernsehgottesdienstes aus Timna - Evangelisch in Jerusalem\" \/>\n<meta property=\"og:description\" content=\"Fernsehgottesdienst w\u00fcste television desert worship service gottesdienst ZDF Moses israelites Park Timna eilat\" \/>\n<meta property=\"og:url\" content=\"https:\/\/www.evangelisch-in-jerusalem.org\/en\/events\/gottesdienst-in-der-wueste-aufzeichung\/\" \/>\n<meta property=\"og:site_name\" content=\"Evangelisch in Jerusalem\" \/>\n<meta property=\"article:publisher\" content=\"https:\/\/www.facebook.com\/erloeserkirche.jerusalem\" \/>\n<meta property=\"article:modified_time\" content=\"2022-09-01T06:55:02+00:00\" \/>\n<meta property=\"og:image\" content=\"https:\/\/www.evangelisch-in-jerusalem.org\/wp-content\/uploads\/2022\/08\/Timna_02_Kachel-scaled-e1661163475567.jpg\" \/>\n\t<meta property=\"og:image:width\" content=\"900\" \/>\n\t<meta property=\"og:image:height\" content=\"675\" \/>\n\t<meta property=\"og:image:type\" content=\"image\/jpeg\" \/>\n<meta name=\"twitter:card\" content=\"summary_large_image\" \/>\n<meta name=\"twitter:label1\" content=\"Estimated reading time\" \/>\n\t<meta name=\"twitter:data1\" content=\"1 minute\" \/>\n<script type=\"application\/ld+json\" class=\"yoast-schema-graph\">{\"@context\":\"https:\\\/\\\/schema.org\",\"@graph\":[{\"@type\":\"WebPage\",\"@id\":\"https:\\\/\\\/www.evangelisch-in-jerusalem.org\\\/events\\\/gottesdienst-in-der-wueste-aufzeichung\\\/\",\"url\":\"https:\\\/\\\/www.evangelisch-in-jerusalem.org\\\/events\\\/gottesdienst-in-der-wueste-aufzeichung\\\/\",\"name\":\"Gottesdienst in der W\u00fcste: Aufzeichnung des ZDF-Fernsehgottesdienstes aus Timna - Evangelisch in Jerusalem\",\"isPartOf\":{\"@id\":\"https:\\\/\\\/www.evangelisch-in-jerusalem.org\\\/#website\"},\"primaryImageOfPage\":{\"@id\":\"https:\\\/\\\/www.evangelisch-in-jerusalem.org\\\/events\\\/gottesdienst-in-der-wueste-aufzeichung\\\/#primaryimage\"},\"image\":{\"@id\":\"https:\\\/\\\/www.evangelisch-in-jerusalem.org\\\/events\\\/gottesdienst-in-der-wueste-aufzeichung\\\/#primaryimage\"},\"thumbnailUrl\":\"https:\\\/\\\/www.evangelisch-in-jerusalem.org\\\/wp-content\\\/uploads\\\/2022\\\/08\\\/Timna_02_Kachel-scaled-e1661163475567.jpg\",\"datePublished\":\"2022-08-22T10:18:56+00:00\",\"dateModified\":\"2022-09-01T06:55:02+00:00\",\"description\":\"Fernsehgottesdienst w\u00fcste television desert worship service gottesdienst ZDF Moses israelites Park Timna eilat\",\"breadcrumb\":{\"@id\":\"https:\\\/\\\/www.evangelisch-in-jerusalem.org\\\/events\\\/gottesdienst-in-der-wueste-aufzeichung\\\/#breadcrumb\"},\"inLanguage\":\"en-GB\",\"potentialAction\":[{\"@type\":\"ReadAction\",\"target\":[\"https:\\\/\\\/www.evangelisch-in-jerusalem.org\\\/events\\\/gottesdienst-in-der-wueste-aufzeichung\\\/\"]}]},{\"@type\":\"ImageObject\",\"inLanguage\":\"en-GB\",\"@id\":\"https:\\\/\\\/www.evangelisch-in-jerusalem.org\\\/events\\\/gottesdienst-in-der-wueste-aufzeichung\\\/#primaryimage\",\"url\":\"https:\\\/\\\/www.evangelisch-in-jerusalem.org\\\/wp-content\\\/uploads\\\/2022\\\/08\\\/Timna_02_Kachel-scaled-e1661163475567.jpg\",\"contentUrl\":\"https:\\\/\\\/www.evangelisch-in-jerusalem.org\\\/wp-content\\\/uploads\\\/2022\\\/08\\\/Timna_02_Kachel-scaled-e1661163475567.jpg\",\"width\":900,\"height\":675},{\"@type\":\"BreadcrumbList\",\"@id\":\"https:\\\/\\\/www.evangelisch-in-jerusalem.org\\\/events\\\/gottesdienst-in-der-wueste-aufzeichung\\\/#breadcrumb\",\"itemListElement\":[{\"@type\":\"ListItem\",\"position\":1,\"name\":\"Startseite\",\"item\":\"https:\\\/\\\/www.evangelisch-in-jerusalem.org\\\/\"},{\"@type\":\"ListItem\",\"position\":2,\"name\":\"Veranstaltungen\",\"item\":\"https:\\\/\\\/www.evangelisch-in-jerusalem.org\\\/events\\\/\"},{\"@type\":\"ListItem\",\"position\":3,\"name\":\"Gottesdienst in der W\u00fcste: Aufzeichnung des ZDF-Fernsehgottesdienstes aus Timna\"}]},{\"@type\":\"WebSite\",\"@id\":\"https:\\\/\\\/www.evangelisch-in-jerusalem.org\\\/#website\",\"url\":\"https:\\\/\\\/www.evangelisch-in-jerusalem.org\\\/\",\"name\":\"Evangelisch in Jerusalem\",\"description\":\"Stiftungen der EKD im Heiligen Land\",\"publisher\":{\"@id\":\"https:\\\/\\\/www.evangelisch-in-jerusalem.org\\\/#organization\"},\"potentialAction\":[{\"@type\":\"SearchAction\",\"target\":{\"@type\":\"EntryPoint\",\"urlTemplate\":\"https:\\\/\\\/www.evangelisch-in-jerusalem.org\\\/?s={search_term_string}\"},\"query-input\":{\"@type\":\"PropertyValueSpecification\",\"valueRequired\":true,\"valueName\":\"search_term_string\"}}],\"inLanguage\":\"en-GB\"},{\"@type\":\"Organization\",\"@id\":\"https:\\\/\\\/www.evangelisch-in-jerusalem.org\\\/#organization\",\"name\":\"German Protestant Institutions in the Holy Land\",\"url\":\"https:\\\/\\\/www.evangelisch-in-jerusalem.org\\\/\",\"logo\":{\"@type\":\"ImageObject\",\"inLanguage\":\"en-GB\",\"@id\":\"https:\\\/\\\/www.evangelisch-in-jerusalem.org\\\/#\\\/schema\\\/logo\\\/image\\\/\",\"url\":\"https:\\\/\\\/www.evangelisch-in-jerusalem.org\\\/wp-content\\\/uploads\\\/2019\\\/03\\\/EIJ_Logo_500-px.png\",\"contentUrl\":\"https:\\\/\\\/www.evangelisch-in-jerusalem.org\\\/wp-content\\\/uploads\\\/2019\\\/03\\\/EIJ_Logo_500-px.png\",\"width\":500,\"height\":82,\"caption\":\"German Protestant Institutions in the Holy Land\"},\"image\":{\"@id\":\"https:\\\/\\\/www.evangelisch-in-jerusalem.org\\\/#\\\/schema\\\/logo\\\/image\\\/\"},\"sameAs\":[\"https:\\\/\\\/www.facebook.com\\\/erloeserkirche.jerusalem\"]}]}<\/script>\n<!-- \/ Yoast SEO plugin. -->","yoast_head_json":{"title":"Gottesdienst in der W\u00fcste: Aufzeichnung des ZDF-Fernsehgottesdienstes aus Timna - Evangelisch in Jerusalem","description":"Fernsehgottesdienst w\u00fcste television desert worship service gottesdienst ZDF Moses israelites Park Timna eilat","robots":{"index":"index","follow":"follow","max-snippet":"max-snippet:-1","max-image-preview":"max-image-preview:large","max-video-preview":"max-video-preview:-1"},"canonical":"https:\/\/www.evangelisch-in-jerusalem.org\/en\/events\/gottesdienst-in-der-wueste-aufzeichung\/","og_locale":"en_GB","og_type":"article","og_title":"Gottesdienst in der W\u00fcste: Aufzeichnung des ZDF-Fernsehgottesdienstes aus Timna - Evangelisch in Jerusalem","og_description":"Fernsehgottesdienst w\u00fcste television desert worship service gottesdienst ZDF Moses israelites Park Timna eilat","og_url":"https:\/\/www.evangelisch-in-jerusalem.org\/en\/events\/gottesdienst-in-der-wueste-aufzeichung\/","og_site_name":"Evangelisch in Jerusalem","article_publisher":"https:\/\/www.facebook.com\/erloeserkirche.jerusalem","article_modified_time":"2022-09-01T06:55:02+00:00","og_image":[{"width":900,"height":675,"url":"https:\/\/www.evangelisch-in-jerusalem.org\/wp-content\/uploads\/2022\/08\/Timna_02_Kachel-scaled-e1661163475567.jpg","type":"image\/jpeg"}],"twitter_card":"summary_large_image","twitter_misc":{"Estimated reading time":"1 minute"},"schema":{"@context":"https:\/\/schema.org","@graph":[{"@type":"WebPage","@id":"https:\/\/www.evangelisch-in-jerusalem.org\/events\/gottesdienst-in-der-wueste-aufzeichung\/","url":"https:\/\/www.evangelisch-in-jerusalem.org\/events\/gottesdienst-in-der-wueste-aufzeichung\/","name":"Gottesdienst in der W\u00fcste: Aufzeichnung des ZDF-Fernsehgottesdienstes aus Timna - Evangelisch in Jerusalem","isPartOf":{"@id":"https:\/\/www.evangelisch-in-jerusalem.org\/#website"},"primaryImageOfPage":{"@id":"https:\/\/www.evangelisch-in-jerusalem.org\/events\/gottesdienst-in-der-wueste-aufzeichung\/#primaryimage"},"image":{"@id":"https:\/\/www.evangelisch-in-jerusalem.org\/events\/gottesdienst-in-der-wueste-aufzeichung\/#primaryimage"},"thumbnailUrl":"https:\/\/www.evangelisch-in-jerusalem.org\/wp-content\/uploads\/2022\/08\/Timna_02_Kachel-scaled-e1661163475567.jpg","datePublished":"2022-08-22T10:18:56+00:00","dateModified":"2022-09-01T06:55:02+00:00","description":"Fernsehgottesdienst w\u00fcste television desert worship service gottesdienst ZDF Moses israelites Park Timna eilat","breadcrumb":{"@id":"https:\/\/www.evangelisch-in-jerusalem.org\/events\/gottesdienst-in-der-wueste-aufzeichung\/#breadcrumb"},"inLanguage":"en-GB","potentialAction":[{"@type":"ReadAction","target":["https:\/\/www.evangelisch-in-jerusalem.org\/events\/gottesdienst-in-der-wueste-aufzeichung\/"]}]},{"@type":"ImageObject","inLanguage":"en-GB","@id":"https:\/\/www.evangelisch-in-jerusalem.org\/events\/gottesdienst-in-der-wueste-aufzeichung\/#primaryimage","url":"https:\/\/www.evangelisch-in-jerusalem.org\/wp-content\/uploads\/2022\/08\/Timna_02_Kachel-scaled-e1661163475567.jpg","contentUrl":"https:\/\/www.evangelisch-in-jerusalem.org\/wp-content\/uploads\/2022\/08\/Timna_02_Kachel-scaled-e1661163475567.jpg","width":900,"height":675},{"@type":"BreadcrumbList","@id":"https:\/\/www.evangelisch-in-jerusalem.org\/events\/gottesdienst-in-der-wueste-aufzeichung\/#breadcrumb","itemListElement":[{"@type":"ListItem","position":1,"name":"Startseite","item":"https:\/\/www.evangelisch-in-jerusalem.org\/"},{"@type":"ListItem","position":2,"name":"Veranstaltungen","item":"https:\/\/www.evangelisch-in-jerusalem.org\/events\/"},{"@type":"ListItem","position":3,"name":"Gottesdienst in der W\u00fcste: Aufzeichnung des ZDF-Fernsehgottesdienstes aus Timna"}]},{"@type":"WebSite","@id":"https:\/\/www.evangelisch-in-jerusalem.org\/#website","url":"https:\/\/www.evangelisch-in-jerusalem.org\/","name":"Evangelisch in Jerusalem","description":"German Protestant Institutions in the Holy Land","publisher":{"@id":"https:\/\/www.evangelisch-in-jerusalem.org\/#organization"},"potentialAction":[{"@type":"SearchAction","target":{"@type":"EntryPoint","urlTemplate":"https:\/\/www.evangelisch-in-jerusalem.org\/?s={search_term_string}"},"query-input":{"@type":"PropertyValueSpecification","valueRequired":true,"valueName":"search_term_string"}}],"inLanguage":"en-GB"},{"@type":"Organization","@id":"https:\/\/www.evangelisch-in-jerusalem.org\/#organization","name":"German Protestant Institutions in the Holy Land","url":"https:\/\/www.evangelisch-in-jerusalem.org\/","logo":{"@type":"ImageObject","inLanguage":"en-GB","@id":"https:\/\/www.evangelisch-in-jerusalem.org\/#\/schema\/logo\/image\/","url":"https:\/\/www.evangelisch-in-jerusalem.org\/wp-content\/uploads\/2019\/03\/EIJ_Logo_500-px.png","contentUrl":"https:\/\/www.evangelisch-in-jerusalem.org\/wp-content\/uploads\/2019\/03\/EIJ_Logo_500-px.png","width":500,"height":82,"caption":"German Protestant Institutions in the Holy Land"},"image":{"@id":"https:\/\/www.evangelisch-in-jerusalem.org\/#\/schema\/logo\/image\/"},"sameAs":["https:\/\/www.facebook.com\/erloeserkirche.jerusalem"]}]}},"_links":{"self":[{"href":"https:\/\/www.evangelisch-in-jerusalem.org\/en\/wp-json\/wp\/v2\/mec-events\/11292","targetHints":{"allow":["GET"]}}],"collection":[{"href":"https:\/\/www.evangelisch-in-jerusalem.org\/en\/wp-json\/wp\/v2\/mec-events"}],"about":[{"href":"https:\/\/www.evangelisch-in-jerusalem.org\/en\/wp-json\/wp\/v2\/types\/mec-events"}],"author":[{"embeddable":true,"href":"https:\/\/www.evangelisch-in-jerusalem.org\/en\/wp-json\/wp\/v2\/users\/6"}],"replies":[{"embeddable":true,"href":"https:\/\/www.evangelisch-in-jerusalem.org\/en\/wp-json\/wp\/v2\/comments?post=11292"}],"version-history":[{"count":2,"href":"https:\/\/www.evangelisch-in-jerusalem.org\/en\/wp-json\/wp\/v2\/mec-events\/11292\/revisions"}],"predecessor-version":[{"id":11488,"href":"https:\/\/www.evangelisch-in-jerusalem.org\/en\/wp-json\/wp\/v2\/mec-events\/11292\/revisions\/11488"}],"wp:featuredmedia":[{"embeddable":true,"href":"https:\/\/www.evangelisch-in-jerusalem.org\/en\/wp-json\/wp\/v2\/media\/11291"}],"wp:attachment":[{"href":"https:\/\/www.evangelisch-in-jerusalem.org\/en\/wp-json\/wp\/v2\/media?parent=11292"}],"wp:term":[{"taxonomy":"post_tag","embeddable":true,"href":"https:\/\/www.evangelisch-in-jerusalem.org\/en\/wp-json\/wp\/v2\/tags?post=11292"},{"taxonomy":"mec_category","embeddable":true,"href":"https:\/\/www.evangelisch-in-jerusalem.org\/en\/wp-json\/wp\/v2\/mec_category?post=11292"}],"curies":[{"name":"wp","href":"https:\/\/api.w.org\/{rel}","templated":true}]}}